{"id":1848,"date":"2025-04-15T12:19:48","date_gmt":"2025-04-15T10:19:48","guid":{"rendered":"https:\/\/www.kontentiert-legal.de\/marta-fandrey\/"},"modified":"2025-10-28T13:39:14","modified_gmt":"2025-10-28T12:39:14","slug":"marta-fandrey","status":"publish","type":"page","link":"https:\/\/www.kontentiert-legal.de\/en\/team\/marta-fandrey\/","title":{"rendered":"Marta Fandrey"},"content":{"rendered":"<!--themify_builder_content-->\n<div id=\"themify_builder_content-1848\" data-postid=\"1848\" class=\"themify_builder_content themify_builder_content-1848 themify_builder tf_clear\">\n                    <div  data-css_id=\"bxzl903\" data-lazy=\"1\" class=\"module_row themify_builder_row fullwidth_row_container tb_bxzl903 tb_first tf_w wow\" data-tf-animation=\"fadeIn\">\n                        <div class=\"row_inner col_align_top tb_col_count_1 tf_box tf_rel\">\n                        <div  data-lazy=\"1\" class=\"module_column tb-column col-full tb_fr39903 first\">\n                            <div  data-lazy=\"1\" class=\"module_subrow themify_builder_sub_row tf_w col_align_top tb_col_count_2 tb_4wuz310\">\n                <div  data-lazy=\"1\" class=\"module_column sub_column tb_41ro311 first\">\n                    <!-- module text -->\n<div  class=\"module module-text tb_86j4136   \" data-lazy=\"1\">\n        <div  class=\"tb_text_wrap\">\n        <p>The KONTENTIERT LEGAL Team<\/p>    <\/div>\n<\/div>\n<!-- \/module text --><!-- module text -->\n<div  class=\"module module-text tb_c784904   \" data-lazy=\"1\">\n        <div  class=\"tb_text_wrap\">\n        <h1>Attorney<br>Marta Fandrey<\/h1>\n<p>Attorney Marta Fandrey specializes in international trade and business law, advising companies from various industries operating globally. She specializes in litigation in sales law and contract for work and services law with cross-border implications. She also represents her clients before arbitration tribunals. She advises merchants on all aspects of purchasing processes and contract management, with a special focus on private international law.<\/p>    <\/div>\n<\/div>\n<!-- \/module text --><!-- module buttons -->\n<div  class=\"module module-buttons tb_5kp1904 buttons-horizontal solid  large circle\" data-lazy=\"1\">\n        <div class=\"module-buttons-item tf_in_flx\">\n                        <a href=\"\/en\/contact\/\" class=\"ui builder_button tf_in_flx tb_default_color\" >\n                                                Contact us                                        <\/a>\n                <\/div>\n            <\/div>\n<!-- \/module buttons -->\n        <\/div>\n                    <div  data-lazy=\"1\" class=\"module_column sub_column tb_cijf311 last\">\n                    <!-- module image -->\n<div  class=\"module module-image tb_92h9905 image-center drop-shadow  tf_mw\" data-lazy=\"1\">\n        <div class=\"image-wrap tf_rel tf_mw\">\n            <img decoding=\"async\" src=\"https:\/\/www.kontentiert-legal.de\/wp-content\/uploads\/2025\/04\/Rechtsanwaeltin-Fandrey-Marta.jpg\" class=\"wp-post-image wp-image-1830\" title=\"solicitor Marta Fandrey\" alt=\"Attorney Marta Fandrey\">    \n        <\/div>\n    <!-- \/image-wrap -->\n    \n        <\/div>\n<!-- \/module image -->        <\/div>\n                    <\/div>\n                <div  data-lazy=\"1\" class=\"module_subrow themify_builder_sub_row tf_w col_align_top tb_col_count_1 tb_6b6392\">\n                <div  data-lazy=\"1\" class=\"module_column sub_column col-full tb_ht9w92 first\">\n                    <!-- module text -->\n<div  class=\"module module-text tb_5f5o945   \" data-lazy=\"1\">\n        <div  class=\"tb_text_wrap\">\n        <p>Her qualification as a Polish attorney enables her to provide bespoke solutions for companies operating in the Polish market, carefully considering both German and Polish legal systems.<\/p>\n<p>Another focus of her work is providing legal advice to foreign companies entering the German market, covering company formation, the hiring of managing directors and employees, and contract drafting, as well as ongoing guidance for business operations in Germany, whether industry-specific or cross-sector, for example regarding the Packaging Act. She works closely with specialists from other fields, such as tax advisors and attorneys specializing in social and labor law.<\/p>    <\/div>\n<\/div>\n<!-- \/module text -->        <\/div>\n                    <\/div>\n                <\/div>\n                        <\/div>\n        <\/div>\n                        <div  data-lazy=\"1\" class=\"module_row themify_builder_row tb_j0dq834 tf_w\">\n                        <div class=\"row_inner col_align_top tb_col_count_1 tf_box tf_rel\">\n                        <div  data-lazy=\"1\" class=\"module_column tb-column col-full tb_n1h8834 first\">\n                            <div  data-lazy=\"1\" class=\"module_subrow themify_builder_sub_row tf_w col_align_middle tb_col_count_2 tb_q6gv756\">\n                <div  data-lazy=\"1\" class=\"module_column sub_column col4-2 tb_gbba756 first\">\n                    <!-- module image -->\n<div  class=\"module module-image tb_2ehz756 image-center   tf_mw\" data-lazy=\"1\">\n        <div class=\"image-wrap tf_rel tf_mw\">\n            <img loading=\"lazy\" decoding=\"async\" src=\"https:\/\/www.kontentiert-legal.de\/wp-content\/uploads\/2025\/04\/rechtsanwaeltin.svg\" width=\"450\" height=\"450\" class=\"wp-post-image wp-image-1421\" title=\"rechtsanwaeltin\" alt=\"rechtsanwaeltin\">    \n        <\/div>\n    <!-- \/image-wrap -->\n    \n        <\/div>\n<!-- \/module image -->        <\/div>\n                    <div  data-lazy=\"1\" class=\"module_column sub_column col4-2 tb_guwx756 last\">\n                    <!-- module text -->\n<div  class=\"module module-text tb_2nn8756   \" data-lazy=\"1\">\n        <div  class=\"tb_text_wrap\">\n        <p>Curriculum Vitae (CV)<\/p>\n<ul>\n<li>Attorney Marta Fandrey completed her law degree in 2003 in Gda\u0144sk and pursued two postgraduate programs (LL.M.) at the University of D\u00fcsseldorf (2005) and the University of Cologne (2018).<\/li>\n<li>Since 2008, she has been admitted as a radca prawna (attorney) in Poland and, since 2009, a member of the D\u00fcsseldorf Bar Association. In 2024, she was admitted as a German attorney.<\/li>\n<li>As an attorney, she has worked for law firms in Gda\u0144sk and D\u00fcsseldorf, and since 2019, she has been running her own practice in D\u00fcsseldorf.<\/li>\n<li>She provides legal advice in German, Polish, and English.<\/li>\n<\/ul>    <\/div>\n<\/div>\n<!-- \/module text -->        <\/div>\n                    <\/div>\n                <\/div>\n                        <\/div>\n        <\/div>\n                        <div  data-css_id=\"24l3517\" data-lazy=\"1\" class=\"module_row themify_builder_row fullwidth tb_24l3517 tf_w\">\n                        <div class=\"row_inner col_align_top tb_col_count_1 tf_box tf_rel\">\n                        <div  data-lazy=\"1\" class=\"module_column tb-column col-full tb_szxh518 first\">\n                    <!-- module template_part -->\n<div  class=\"module module-layout-part tb_38q3182 \">\n    <div class=\"tb_layout_part_wrap tf_w\"><!--themify_builder_content-->\n    <div  class=\"themify_builder_content themify_builder_content-1938 themify_builder not_editable_builder in_the_loop\" data-postid=\"1938\">\n                        <div  data-lazy=\"1\" class=\"module_row themify_builder_row tb_6rd7799 tf_w\">\n                        <div class=\"row_inner col_align_top tb_col_count_1 tf_box tf_rel\">\n                        <div  data-lazy=\"1\" class=\"module_column tb-column col-full tb_4fb0500 first\">\n                            <div  data-lazy=\"1\" class=\"module_subrow themify_builder_sub_row tf_w col_align_top tb_col_count_1 tb_i7so906\">\n                <div  data-lazy=\"1\" class=\"module_column sub_column col-full tb_foh3166 first\">\n                            <div  data-lazy=\"1\" class=\"module_subrow themify_builder_sub_row tf_w col_align_middle tb_col_count_2 tb_x4ll064\">\n                <div  data-lazy=\"1\" class=\"module_column sub_column col4-2 tb_nwof635 first\">\n                    <!-- module image -->\n<div  class=\"module module-image tb_5vog100 image-center drop-shadow circle  tf_mw\" data-lazy=\"1\">\n        <div class=\"image-wrap tf_rel tf_mw\">\n            <img decoding=\"async\" src=\"https:\/\/www.kontentiert-legal.de\/wp-content\/uploads\/2025\/04\/2.svg\" class=\"wp-post-image wp-image-1835\" title=\"Marta Fandrey\" alt=\"ALICJA WILCZEK\">    \n        <\/div>\n    <!-- \/image-wrap -->\n    \n        <\/div>\n<!-- \/module image -->        <\/div>\n                    <div  data-lazy=\"1\" class=\"module_column sub_column col4-2 tb_6nzm636 last\">\n                    <!-- module text -->\n<div  class=\"module module-text tb_9yau407   \" data-lazy=\"1\">\n        <div  class=\"tb_text_wrap\">\n        <h3>Do You Need Support in International Trade and Commercial Law?<\/h3>    <\/div>\n<\/div>\n<!-- \/module text --><!-- module buttons -->\n<div  class=\"module module-buttons tb_l59k407 buttons-horizontal solid  large circle\" data-lazy=\"1\">\n        <div class=\"module-buttons-item tf_in_flx\">\n                        <a href=\"\/en\/contact\/\" class=\"ui builder_button tf_in_flx green\" >\n                                                Contact us                                        <\/a>\n                <\/div>\n            <\/div>\n<!-- \/module buttons -->\n        <\/div>\n                    <\/div>\n                <\/div>\n                    <\/div>\n                <\/div>\n                        <\/div>\n        <\/div>\n            <\/div>\n<!--\/themify_builder_content--><\/div>\n<\/div>\n<!-- \/module template_part -->        <\/div>\n                        <\/div>\n        <\/div>\n        <\/div>\n<!--\/themify_builder_content-->","protected":false},"excerpt":{"rendered":"<p>The KONTENTIERT LEGAL Team<\/p>\n","protected":false},"author":1,"featured_media":0,"parent":1843,"menu_order":0,"comment_status":"closed","ping_status":"closed","template":"","meta":{"footnotes":""},"class_list":["post-1848","page","type-page","status-publish","hentry","has-post-title","has-post-date","has-post-category","has-post-tag","has-post-comment","has-post-author",""],"yoast_head":"<!-- This site is optimized with the Yoast SEO plugin v27.0 - https:\/\/yoast.com\/product\/yoast-seo-wordpress\/ -->\n<title>Marta Fandrey - KONTENTIERT LEGAL<\/title>\n<meta name=\"description\" content=\"Marta Fandrey specializes in international trade and business law, advising companies from various industries.\" \/>\n<meta name=\"robots\" content=\"index, follow, max-snippet:-1, max-image-preview:large, max-video-preview:-1\" \/>\n<link rel=\"canonical\" href=\"https:\/\/www.kontentiert-legal.de\/en\/team\/marta-fandrey\/\" \/>\n<meta property=\"og:locale\" content=\"en_US\" \/>\n<meta property=\"og:type\" content=\"article\" \/>\n<meta property=\"og:title\" content=\"Marta Fandrey - KONTENTIERT LEGAL\" \/>\n<meta property=\"og:description\" content=\"Marta Fandrey specializes in international trade and business law, advising companies from various industries.\" \/>\n<meta property=\"og:url\" content=\"https:\/\/www.kontentiert-legal.de\/en\/team\/marta-fandrey\/\" \/>\n<meta property=\"og:site_name\" content=\"Kontentiert-legal\" \/>\n<meta property=\"article:modified_time\" content=\"2025-10-28T12:39:14+00:00\" \/>\n<meta property=\"og:image\" content=\"https:\/\/www.kontentiert-legal.de\/wp-content\/uploads\/2025\/10\/solicitor-Fandrey-Marta.webp\" \/>\n<meta name=\"twitter:card\" content=\"summary_large_image\" \/>\n<meta name=\"twitter:label1\" content=\"Est. reading time\" \/>\n\t<meta name=\"twitter:data1\" content=\"4 minutes\" \/>\n<script type=\"application\/ld+json\" class=\"yoast-schema-graph\">{\"@context\":\"https:\/\/schema.org\",\"@graph\":[{\"@type\":\"WebPage\",\"@id\":\"https:\/\/www.kontentiert-legal.de\/en\/team\/marta-fandrey\/\",\"url\":\"https:\/\/www.kontentiert-legal.de\/en\/team\/marta-fandrey\/\",\"name\":\"Marta Fandrey - KONTENTIERT LEGAL\",\"isPartOf\":{\"@id\":\"https:\/\/www.kontentiert-legal.de\/en\/#website\"},\"primaryImageOfPage\":{\"@id\":\"https:\/\/www.kontentiert-legal.de\/en\/team\/marta-fandrey\/#primaryimage\"},\"image\":{\"@id\":\"https:\/\/www.kontentiert-legal.de\/en\/team\/marta-fandrey\/#primaryimage\"},\"thumbnailUrl\":\"https:\/\/www.kontentiert-legal.de\/wp-content\/uploads\/2025\/10\/solicitor-Fandrey-Marta.webp\",\"datePublished\":\"2025-04-15T10:19:48+00:00\",\"dateModified\":\"2025-10-28T12:39:14+00:00\",\"description\":\"Marta Fandrey specializes in international trade and business law, advising companies from various industries.\",\"breadcrumb\":{\"@id\":\"https:\/\/www.kontentiert-legal.de\/en\/team\/marta-fandrey\/#breadcrumb\"},\"inLanguage\":\"en-US\",\"potentialAction\":[{\"@type\":\"ReadAction\",\"target\":[\"https:\/\/www.kontentiert-legal.de\/en\/team\/marta-fandrey\/\"]}]},{\"@type\":\"ImageObject\",\"inLanguage\":\"en-US\",\"@id\":\"https:\/\/www.kontentiert-legal.de\/en\/team\/marta-fandrey\/#primaryimage\",\"url\":\"https:\/\/www.kontentiert-legal.de\/wp-content\/uploads\/2025\/10\/solicitor-Fandrey-Marta.webp\",\"contentUrl\":\"https:\/\/www.kontentiert-legal.de\/wp-content\/uploads\/2025\/10\/solicitor-Fandrey-Marta.webp\"},{\"@type\":\"BreadcrumbList\",\"@id\":\"https:\/\/www.kontentiert-legal.de\/en\/team\/marta-fandrey\/#breadcrumb\",\"itemListElement\":[{\"@type\":\"ListItem\",\"position\":1,\"name\":\"Strona g\u0142\u00f3wna\",\"item\":\"https:\/\/www.kontentiert-legal.de\/en\/\"},{\"@type\":\"ListItem\",\"position\":2,\"name\":\"Team\",\"item\":\"https:\/\/www.kontentiert-legal.de\/en\/team\/\"},{\"@type\":\"ListItem\",\"position\":3,\"name\":\"Marta Fandrey\"}]},{\"@type\":\"WebSite\",\"@id\":\"https:\/\/www.kontentiert-legal.de\/en\/#website\",\"url\":\"https:\/\/www.kontentiert-legal.de\/en\/\",\"name\":\"KONTENTIERT LEGAL\",\"description\":\"KON LEGAL\",\"publisher\":{\"@id\":\"https:\/\/www.kontentiert-legal.de\/en\/#organization\"},\"alternateName\":\"KON LEGAL\",\"potentialAction\":[{\"@type\":\"SearchAction\",\"target\":{\"@type\":\"EntryPoint\",\"urlTemplate\":\"https:\/\/www.kontentiert-legal.de\/en\/?s={search_term_string}\"},\"query-input\":{\"@type\":\"PropertyValueSpecification\",\"valueRequired\":true,\"valueName\":\"search_term_string\"}}],\"inLanguage\":\"en-US\"},{\"@type\":\"Organization\",\"@id\":\"https:\/\/www.kontentiert-legal.de\/en\/#organization\",\"name\":\"KONTENTIERT LEGAL\",\"alternateName\":\"KON LEGAL\",\"url\":\"https:\/\/www.kontentiert-legal.de\/en\/\",\"logo\":{\"@type\":\"ImageObject\",\"inLanguage\":\"en-US\",\"@id\":\"https:\/\/www.kontentiert-legal.de\/en\/#\/schema\/logo\/image\/\",\"url\":\"https:\/\/www.kontentiert-legal.de\/wp-content\/uploads\/2025\/03\/logo-kontentiert-legal.svg\",\"contentUrl\":\"https:\/\/www.kontentiert-legal.de\/wp-content\/uploads\/2025\/03\/logo-kontentiert-legal.svg\",\"width\":1,\"height\":1,\"caption\":\"KONTENTIERT LEGAL\"},\"image\":{\"@id\":\"https:\/\/www.kontentiert-legal.de\/en\/#\/schema\/logo\/image\/\"}}]}<\/script>\n<!-- \/ Yoast SEO plugin. -->","yoast_head_json":{"title":"Marta Fandrey - KONTENTIERT LEGAL","description":"Marta Fandrey specializes in international trade and business law, advising companies from various industries.","robots":{"index":"index","follow":"follow","max-snippet":"max-snippet:-1","max-image-preview":"max-image-preview:large","max-video-preview":"max-video-preview:-1"},"canonical":"https:\/\/www.kontentiert-legal.de\/en\/team\/marta-fandrey\/","og_locale":"en_US","og_type":"article","og_title":"Marta Fandrey - KONTENTIERT LEGAL","og_description":"Marta Fandrey specializes in international trade and business law, advising companies from various industries.","og_url":"https:\/\/www.kontentiert-legal.de\/en\/team\/marta-fandrey\/","og_site_name":"Kontentiert-legal","article_modified_time":"2025-10-28T12:39:14+00:00","og_image":[{"url":"https:\/\/www.kontentiert-legal.de\/wp-content\/uploads\/2025\/10\/solicitor-Fandrey-Marta.webp","type":"","width":"","height":""}],"twitter_card":"summary_large_image","twitter_misc":{"Est. reading time":"4 minutes"},"schema":{"@context":"https:\/\/schema.org","@graph":[{"@type":"WebPage","@id":"https:\/\/www.kontentiert-legal.de\/en\/team\/marta-fandrey\/","url":"https:\/\/www.kontentiert-legal.de\/en\/team\/marta-fandrey\/","name":"Marta Fandrey - KONTENTIERT LEGAL","isPartOf":{"@id":"https:\/\/www.kontentiert-legal.de\/en\/#website"},"primaryImageOfPage":{"@id":"https:\/\/www.kontentiert-legal.de\/en\/team\/marta-fandrey\/#primaryimage"},"image":{"@id":"https:\/\/www.kontentiert-legal.de\/en\/team\/marta-fandrey\/#primaryimage"},"thumbnailUrl":"https:\/\/www.kontentiert-legal.de\/wp-content\/uploads\/2025\/10\/solicitor-Fandrey-Marta.webp","datePublished":"2025-04-15T10:19:48+00:00","dateModified":"2025-10-28T12:39:14+00:00","description":"Marta Fandrey specializes in international trade and business law, advising companies from various industries.","breadcrumb":{"@id":"https:\/\/www.kontentiert-legal.de\/en\/team\/marta-fandrey\/#breadcrumb"},"inLanguage":"en-US","potentialAction":[{"@type":"ReadAction","target":["https:\/\/www.kontentiert-legal.de\/en\/team\/marta-fandrey\/"]}]},{"@type":"ImageObject","inLanguage":"en-US","@id":"https:\/\/www.kontentiert-legal.de\/en\/team\/marta-fandrey\/#primaryimage","url":"https:\/\/www.kontentiert-legal.de\/wp-content\/uploads\/2025\/10\/solicitor-Fandrey-Marta.webp","contentUrl":"https:\/\/www.kontentiert-legal.de\/wp-content\/uploads\/2025\/10\/solicitor-Fandrey-Marta.webp"},{"@type":"BreadcrumbList","@id":"https:\/\/www.kontentiert-legal.de\/en\/team\/marta-fandrey\/#breadcrumb","itemListElement":[{"@type":"ListItem","position":1,"name":"Strona g\u0142\u00f3wna","item":"https:\/\/www.kontentiert-legal.de\/en\/"},{"@type":"ListItem","position":2,"name":"Team","item":"https:\/\/www.kontentiert-legal.de\/en\/team\/"},{"@type":"ListItem","position":3,"name":"Marta Fandrey"}]},{"@type":"WebSite","@id":"https:\/\/www.kontentiert-legal.de\/en\/#website","url":"https:\/\/www.kontentiert-legal.de\/en\/","name":"KONTENTIERT LEGAL","description":"KON LEGAL","publisher":{"@id":"https:\/\/www.kontentiert-legal.de\/en\/#organization"},"alternateName":"KON LEGAL","potentialAction":[{"@type":"SearchAction","target":{"@type":"EntryPoint","urlTemplate":"https:\/\/www.kontentiert-legal.de\/en\/?s={search_term_string}"},"query-input":{"@type":"PropertyValueSpecification","valueRequired":true,"valueName":"search_term_string"}}],"inLanguage":"en-US"},{"@type":"Organization","@id":"https:\/\/www.kontentiert-legal.de\/en\/#organization","name":"KONTENTIERT LEGAL","alternateName":"KON LEGAL","url":"https:\/\/www.kontentiert-legal.de\/en\/","logo":{"@type":"ImageObject","inLanguage":"en-US","@id":"https:\/\/www.kontentiert-legal.de\/en\/#\/schema\/logo\/image\/","url":"https:\/\/www.kontentiert-legal.de\/wp-content\/uploads\/2025\/03\/logo-kontentiert-legal.svg","contentUrl":"https:\/\/www.kontentiert-legal.de\/wp-content\/uploads\/2025\/03\/logo-kontentiert-legal.svg","width":1,"height":1,"caption":"KONTENTIERT LEGAL"},"image":{"@id":"https:\/\/www.kontentiert-legal.de\/en\/#\/schema\/logo\/image\/"}}]}},"builder_content":"<p>The KONTENTIERT LEGAL Team<\/p>\n<h1>Attorney<br>Marta Fandrey<\/h1> <p>Attorney Marta Fandrey specializes in international trade and business law, advising companies from various industries operating globally. She specializes in litigation in sales law and contract for work and services law with cross-border implications. She also represents her clients before arbitration tribunals. She advises merchants on all aspects of purchasing processes and contract management, with a special focus on private international law.<\/p>\n<a href=\"\/en\/contact\/\" > Contact us <\/a>\n<img src=\"https:\/\/www.kontentiert-legal.de\/wp-content\/uploads\/2025\/04\/Rechtsanwaeltin-Fandrey-Marta.jpg\" title=\"solicitor Marta Fandrey\" alt=\"Attorney Marta Fandrey\">\n<p>Her qualification as a Polish attorney enables her to provide bespoke solutions for companies operating in the Polish market, carefully considering both German and Polish legal systems.<\/p> <p>Another focus of her work is providing legal advice to foreign companies entering the German market, covering company formation, the hiring of managing directors and employees, and contract drafting, as well as ongoing guidance for business operations in Germany, whether industry-specific or cross-sector, for example regarding the Packaging Act. She works closely with specialists from other fields, such as tax advisors and attorneys specializing in social and labor law.<\/p>\n<img src=\"https:\/\/www.kontentiert-legal.de\/wp-content\/uploads\/2025\/04\/rechtsanwaeltin.svg\" width=\"450\" height=\"450\" title=\"rechtsanwaeltin\" alt=\"rechtsanwaeltin\">\n<p>Curriculum Vitae (CV)<\/p> <ul> <li>Attorney Marta Fandrey completed her law degree in 2003 in Gda\u0144sk and pursued two postgraduate programs (LL.M.) at the University of D\u00fcsseldorf (2005) and the University of Cologne (2018).<\/li> <li>Since 2008, she has been admitted as a radca prawna (attorney) in Poland and, since 2009, a member of the D\u00fcsseldorf Bar Association. In 2024, she was admitted as a German attorney.<\/li> <li>As an attorney, she has worked for law firms in Gda\u0144sk and D\u00fcsseldorf, and since 2019, she has been running her own practice in D\u00fcsseldorf.<\/li> <li>She provides legal advice in German, Polish, and English.<\/li> <\/ul>","_links":{"self":[{"href":"https:\/\/www.kontentiert-legal.de\/en\/wp-json\/wp\/v2\/pages\/1848","targetHints":{"allow":["GET"]}}],"collection":[{"href":"https:\/\/www.kontentiert-legal.de\/en\/wp-json\/wp\/v2\/pages"}],"about":[{"href":"https:\/\/www.kontentiert-legal.de\/en\/wp-json\/wp\/v2\/types\/page"}],"author":[{"embeddable":true,"href":"https:\/\/www.kontentiert-legal.de\/en\/wp-json\/wp\/v2\/users\/1"}],"replies":[{"embeddable":true,"href":"https:\/\/www.kontentiert-legal.de\/en\/wp-json\/wp\/v2\/comments?post=1848"}],"version-history":[{"count":6,"href":"https:\/\/www.kontentiert-legal.de\/en\/wp-json\/wp\/v2\/pages\/1848\/revisions"}],"predecessor-version":[{"id":1949,"href":"https:\/\/www.kontentiert-legal.de\/en\/wp-json\/wp\/v2\/pages\/1848\/revisions\/1949"}],"up":[{"embeddable":true,"href":"https:\/\/www.kontentiert-legal.de\/en\/wp-json\/wp\/v2\/pages\/1843"}],"wp:attachment":[{"href":"https:\/\/www.kontentiert-legal.de\/en\/wp-json\/wp\/v2\/media?parent=1848"}],"curies":[{"name":"wp","href":"https:\/\/api.w.org\/{rel}","templated":true}]}}