{"id":2130,"date":"2025-04-15T12:20:36","date_gmt":"2025-04-15T10:20:36","guid":{"rendered":"https:\/\/www.kontentiert-legal.de\/zespol\/alicja-wilczek\/"},"modified":"2025-11-25T09:43:41","modified_gmt":"2025-11-25T08:43:41","slug":"alicja-wilczek","status":"publish","type":"page","link":"https:\/\/www.kontentiert-legal.de\/pl\/zespol\/alicja-wilczek\/","title":{"rendered":"Alicja Wilczek"},"content":{"rendered":"<!--themify_builder_content-->\n<div id=\"themify_builder_content-2130\" data-postid=\"2130\" class=\"themify_builder_content themify_builder_content-2130 themify_builder tf_clear\">\n                    <div  data-css_id=\"bxzl903\" data-lazy=\"1\" class=\"module_row themify_builder_row fullwidth_row_container tb_bxzl903 tb_first tf_w wow\" data-tf-animation=\"fadeIn\">\n                        <div class=\"row_inner col_align_top tb_col_count_1 tf_box tf_rel\">\n                        <div  data-lazy=\"1\" class=\"module_column tb-column col-full tb_fr39903 first\">\n                            <div  data-lazy=\"1\" class=\"module_subrow themify_builder_sub_row tf_w col_align_top tb_col_count_2 tb_4wuz310\">\n                <div  data-lazy=\"1\" class=\"module_column sub_column tb_41ro311 first\">\n                    <!-- module text -->\n<div  class=\"module module-text tb_86j4136   \" data-lazy=\"1\">\n        <div  class=\"tb_text_wrap\">\n        <p>Zesp\u00f3\u0142 KONTENTIERT LEGAL<\/p>    <\/div>\n<\/div>\n<!-- \/module text --><!-- module text -->\n<div  class=\"module module-text tb_c784904   \" data-lazy=\"1\">\n        <div  class=\"tb_text_wrap\">\n        <h1>Prawnik<br>Alicja Wilczek<\/h1>\n<p class=\"\" data-start=\"122\" data-end=\"409\">Alicja jest prawniczk\u0105 specjalizuj\u0105c\u0105 si\u0119 w prawie online, prawie um\u00f3w oraz prawie ochrony danych. Swoj\u0105 karier\u0119 prawnicz\u0105 rozpocz\u0119\u0142a w 2018 roku, specjalizuj\u0105c si\u0119 w prawie w\u0142asno\u015bci intelektualnej \u2013 dziedzinie, kt\u00f3ra rozbudzi\u0142a w niej wczesne zainteresowanie zagadnieniami prawnymi w obszarze cyfrowym i transgranicznym. <\/p>\n<p class=\"\" data-start=\"411\" data-end=\"742\">Szczeg\u00f3lnie fascynuje j\u0105 dynamika internetu: nowe technologie, stale zmieniaj\u0105ce si\u0119 ramy prawne oraz wyzwanie, jakim jest budowanie pewno\u015bci prawnej w przestrzeni cyfrowej. To w\u0142a\u015bnie na tym koncentruje swoj\u0105 prac\u0119 \u2013 praktyczn\u0105, zorientowan\u0105 na rozwi\u0105zania i z jasnym zrozumieniem indywidualnych potrzeb swoich klient\u00f3w. <\/p>    <\/div>\n<\/div>\n<!-- \/module text --><!-- module buttons -->\n<div  class=\"module module-buttons tb_5kp1904 buttons-horizontal solid  large circle\" data-lazy=\"1\">\n        <div class=\"module-buttons-item tf_in_flx\">\n                        <a href=\"\/pl\/kontakt\/\" class=\"ui builder_button tf_in_flx tb_default_color\" >\n                                                Skontaktuj si\u0119 z nami                                        <\/a>\n                <\/div>\n            <\/div>\n<!-- \/module buttons -->\n        <\/div>\n                    <div  data-lazy=\"1\" class=\"module_column sub_column tb_cijf311 last\">\n                    <!-- module image -->\n<div  class=\"module module-image tb_92h9905 image-center drop-shadow  tf_mw\" data-lazy=\"1\">\n        <div class=\"image-wrap tf_rel tf_mw\">\n            <img loading=\"lazy\" decoding=\"async\" src=\"https:\/\/www.kontentiert-legal.de\/wp-content\/uploads\/2025\/04\/20240701-0P1A9337-2-683x1024-387x581.jpg\" width=\"387\" height=\"581\" class=\"wp-post-image wp-image-1656\" title=\"20240701-0P1A9337-2\" alt=\"Prawnik Alicja Wilczek\" srcset=\"https:\/\/www.kontentiert-legal.de\/wp-content\/uploads\/2025\/04\/20240701-0P1A9337-2-683x1024-387x581.jpg 387w, https:\/\/www.kontentiert-legal.de\/wp-content\/uploads\/2025\/04\/20240701-0P1A9337-2-scaled-600x900.jpg 600w, https:\/\/www.kontentiert-legal.de\/wp-content\/uploads\/2025\/04\/20240701-0P1A9337-2-200x300.jpg 200w, https:\/\/www.kontentiert-legal.de\/wp-content\/uploads\/2025\/04\/20240701-0P1A9337-2-683x1024.jpg 683w, https:\/\/www.kontentiert-legal.de\/wp-content\/uploads\/2025\/04\/20240701-0P1A9337-2-768x1152.jpg 768w, https:\/\/www.kontentiert-legal.de\/wp-content\/uploads\/2025\/04\/20240701-0P1A9337-2-1024x1536.jpg 1024w, https:\/\/www.kontentiert-legal.de\/wp-content\/uploads\/2025\/04\/20240701-0P1A9337-2-1365x2048.jpg 1365w, https:\/\/www.kontentiert-legal.de\/wp-content\/uploads\/2025\/04\/20240701-0P1A9337-2-scaled.jpg 1707w\" sizes=\"auto, (max-width: 387px) 100vw, 387px\" \/>    \n        <\/div>\n    <!-- \/image-wrap -->\n    \n        <\/div>\n<!-- \/module image -->        <\/div>\n                    <\/div>\n                <div  data-lazy=\"1\" class=\"module_subrow themify_builder_sub_row tf_w col_align_top tb_col_count_1 tb_6b6392\">\n                <div  data-lazy=\"1\" class=\"module_column sub_column col-full tb_ht9w92 first\">\n                    <!-- module text -->\n<div  class=\"module module-text tb_5f5o945   \" data-lazy=\"1\">\n        <div  class=\"tb_text_wrap\">\n        <p class=\"\" data-start=\"1027\" data-end=\"1324\"><em>&#8222;Prawo powinno by\u0107 zrozumia\u0142e, namacalne i sprawiedliwe \u2013 zw\u0142aszcza w \u015bwiecie cyfrowym. Jako m\u0142ody prawnik specjalizowa\u0142am si\u0119 w prawie internetowym i prawie ochrony danych, poniewa\u017c jestem przekonana, \u017ce potrzebujemy wi\u0119kszego wsparcia i ochrony w tych obszarach. <\/em><\/p>\n<p class=\"\" data-start=\"1326\" data-end=\"1566\"><em>Moja kariera prawnicza rozpocz\u0119\u0142a si\u0119 w obszarze prawa w\u0142asno\u015bci intelektualnej, kt\u00f3rym intensywnie si\u0119 zajmuj\u0119 od 2018 roku. Powi\u0105zania prawa, technologii i dzia\u0142alno\u015bci gospodarczej fascynowa\u0142y mnie od samego pocz\u0105tku. <\/em><\/p>\n<p class=\"\" data-start=\"1568\" data-end=\"1780\"><em>Pochodz\u0119 z Polski i nigdy nie postrzega\u0142am swojego dziedzictwa jako bariery, lecz raczej jako si\u0142\u0119. U\u015bwiadomi\u0142o mi ono, jak cenne s\u0105 perspektywy kulturowe \u2013 zw\u0142aszcza w \u015bwiecie sieciowym i globalnym. <\/em><\/p>    <\/div>\n<\/div>\n<!-- \/module text -->        <\/div>\n                    <\/div>\n                <\/div>\n                        <\/div>\n        <\/div>\n                        <div  data-lazy=\"1\" class=\"module_row themify_builder_row tb_j0dq834 tf_w\">\n                        <div class=\"row_inner col_align_top tb_col_count_1 tf_box tf_rel\">\n                        <div  data-lazy=\"1\" class=\"module_column tb-column col-full tb_n1h8834 first\">\n                            <div  data-lazy=\"1\" class=\"module_subrow themify_builder_sub_row tf_w col_align_middle tb_col_count_2 tb_q6gv756\">\n                <div  data-lazy=\"1\" class=\"module_column sub_column col4-2 tb_gbba756 first\">\n                    <!-- module image -->\n<div  class=\"module module-image tb_2ehz756 image-center   tf_mw\" data-lazy=\"1\">\n        <div class=\"image-wrap tf_rel tf_mw\">\n            <img loading=\"lazy\" decoding=\"async\" src=\"https:\/\/www.kontentiert-legal.de\/wp-content\/uploads\/2025\/04\/unsere-mission.svg\" width=\"450\" height=\"450\" class=\"wp-post-image wp-image-1060\" title=\"unsere mission\" alt=\"unsere mission\">    \n        <\/div>\n    <!-- \/image-wrap -->\n    \n        <\/div>\n<!-- \/module image -->        <\/div>\n                    <div  data-lazy=\"1\" class=\"module_column sub_column col4-2 tb_guwx756 last\">\n                    <!-- module text -->\n<div  class=\"module module-text tb_2nn8756   \" data-lazy=\"1\">\n        <div  class=\"tb_text_wrap\">\n        <ul class=\"is-style-fotawp-list-style-check wp-block-list\">\n<li>Alicja uko\u0144czy\u0142a studia prawnicze na Uniwersytecie Heinricha Heinego w D\u00fcsseldorfie, ze specjalizacj\u0105 w prawie handlowym, prawie konkurencji, prawie autorskim i prawie znak\u00f3w towarowych.<\/li>\n<\/ul>\n<ul class=\"is-style-fotawp-list-style-check wp-block-list\">\n<li>Uko\u0144czy\u0142a aplikacj\u0119 adwokack\u0105 w S\u0105dzie Krajowym w Wuppertalu, sk\u0142adaj\u0105c drugi egzamin pa\u0144stwowy w Wy\u017cszym S\u0105dzie Krajowym w D\u00fcsseldorfie.<\/li>\n<\/ul>\n<ul>\n<li>Od 2018 roku pracowa\u0142a w kancelarii prawnej w D\u00fcsseldorfie, a w 2022 roku rozpocz\u0119\u0142a dzia\u0142alno\u015b\u0107 na w\u0142asny rachunek i od 2024 roku prowadzi w\u0142asn\u0105 kancelari\u0119 prawn\u0105.<\/li>\n<\/ul>\n<ul class=\"is-style-fotawp-list-style-check wp-block-list\">\n<li>Od 2023 roku pracuje w swojej w\u0142asnej firmie \u201eEasy Datenschutz\u201d jako inspektor ochrony danych, audytor ochrony danych, inspektor bezpiecze\u0144stwa IT i koordynator ochrony danych.<\/li>\n<\/ul>\n<ul>\n<li>Oferuje konsultacje w j\u0119zyku niemieckim, angielskim i polskim<\/li>\n<\/ul>    <\/div>\n<\/div>\n<!-- \/module text -->        <\/div>\n                    <\/div>\n                <\/div>\n                        <\/div>\n        <\/div>\n                        <div  data-css_id=\"24l3517\" data-lazy=\"1\" class=\"module_row themify_builder_row fullwidth tb_24l3517 tf_w\">\n                        <div class=\"row_inner col_align_top tb_col_count_1 tf_box tf_rel\">\n                        <div  data-lazy=\"1\" class=\"module_column tb-column col-full tb_szxh518 first\">\n                    <!-- module template_part -->\n<div  class=\"module module-layout-part tb_38q3182 \">\n    <div class=\"tb_layout_part_wrap tf_w\"><!--themify_builder_content-->\n    <div  class=\"themify_builder_content themify_builder_content-2065 themify_builder not_editable_builder in_the_loop\" data-postid=\"2065\">\n                        <div  data-lazy=\"1\" class=\"module_row themify_builder_row tb_0xel407 tf_w\">\n                        <div class=\"row_inner col_align_top tb_col_count_1 tf_box tf_rel\">\n                        <div  data-lazy=\"1\" class=\"module_column tb-column col-full tb_lt1r407 first\">\n                            <div  data-lazy=\"1\" class=\"module_subrow themify_builder_sub_row tf_w col_align_top tb_col_count_1 tb_ir2n407\">\n                <div  data-lazy=\"1\" class=\"module_column sub_column col-full tb_vg6o407 first\">\n                            <div  data-lazy=\"1\" class=\"module_subrow themify_builder_sub_row tf_w col_align_middle tb_col_count_2 tb_652w635\">\n                <div  data-lazy=\"1\" class=\"module_column sub_column col4-2 tb_nwof635 first\">\n                    <!-- module image -->\n<div  class=\"module module-image tb_5vog100 image-center   tf_mw\" data-lazy=\"1\">\n        <div class=\"image-wrap tf_rel tf_mw\">\n            <img decoding=\"async\" src=\"https:\/\/www.kontentiert-legal.de\/wp-content\/uploads\/2025\/04\/marta-fandrey-alicja-wilczek.svg\" class=\"wp-post-image wp-image-1413\" title=\"marta-fandrey-alicja-wilczek\" alt=\"ALICJA WILCZEK\">    \n        <\/div>\n    <!-- \/image-wrap -->\n    \n        <\/div>\n<!-- \/module image -->        <\/div>\n                    <div  data-lazy=\"1\" class=\"module_column sub_column col4-2 tb_6nzm636 last\">\n                    <!-- module text -->\n<div  class=\"module module-text tb_9yau407   \" data-lazy=\"1\">\n        <div  class=\"tb_text_wrap\">\n        <h3>Potrzebujesz wsparcia prawnego?<\/h3>\n<p><span style=\"font-size: 1.1em;\">Skontaktuj si\u0119 z nami \u2013 prosto, szybko i niezawodnie.<\/span><\/p>    <\/div>\n<\/div>\n<!-- \/module text --><!-- module buttons -->\n<div  class=\"module module-buttons tb_l59k407 buttons-horizontal solid  large circle\" data-lazy=\"1\">\n        <div class=\"module-buttons-item tf_in_flx\">\n                        <a href=\"\/pl\/kontakt\/\" class=\"ui builder_button tf_in_flx green\" >\n                                                Skontaktuj si\u0119 z nami                                        <\/a>\n                <\/div>\n            <\/div>\n<!-- \/module buttons -->\n        <\/div>\n                    <\/div>\n                <\/div>\n                    <\/div>\n                <\/div>\n                        <\/div>\n        <\/div>\n            <\/div>\n<!--\/themify_builder_content--><\/div>\n<\/div>\n<!-- \/module template_part -->        <\/div>\n                        <\/div>\n        <\/div>\n        <\/div>\n<!--\/themify_builder_content-->","protected":false},"excerpt":{"rendered":"<p>Zesp\u00f3\u0142 KONTENTIERT LEGAL PrawnikAlicja Wilczek Alicja jest prawniczk\u0105 specjalizuj\u0105c\u0105 si\u0119 w prawie online, prawie um\u00f3w oraz prawie ochrony danych. Swoj\u0105 karier\u0119 prawnicz\u0105 rozpocz\u0119\u0142a w 2018 roku, specjalizuj\u0105c si\u0119 w prawie w\u0142asno\u015bci intelektualnej \u2013 dziedzinie, kt\u00f3ra rozbudzi\u0142a w niej wczesne zainteresowanie zagadnieniami prawnymi w obszarze cyfrowym i transgranicznym. Szczeg\u00f3lnie fascynuje j\u0105 dynamika internetu: nowe technologie, stale [&hellip;]<\/p>\n","protected":false},"author":1,"featured_media":0,"parent":2110,"menu_order":0,"comment_status":"closed","ping_status":"closed","template":"","meta":{"footnotes":""},"class_list":["post-2130","page","type-page","status-publish","hentry","has-post-title","has-post-date","has-post-category","has-post-tag","has-post-comment","has-post-author",""],"yoast_head":"<!-- This site is optimized with the Yoast SEO plugin v27.0 - https:\/\/yoast.com\/product\/yoast-seo-wordpress\/ -->\n<title>Alicja Wilczek - KONTENTIERT LEGAL<\/title>\n<meta name=\"description\" content=\"Alicja Wilczek - Alicja Wilczek jest prawniczk\u0105 specjalizuj\u0105c\u0105 si\u0119 w prawie internetowym, prawie um\u00f3w i prawie ochrony danych.\" \/>\n<meta name=\"robots\" content=\"index, follow, max-snippet:-1, max-image-preview:large, max-video-preview:-1\" \/>\n<link rel=\"canonical\" href=\"https:\/\/www.kontentiert-legal.de\/pl\/zespol\/alicja-wilczek\/\" \/>\n<meta property=\"og:locale\" content=\"pl_PL\" \/>\n<meta property=\"og:type\" content=\"article\" \/>\n<meta property=\"og:title\" content=\"Alicja Wilczek - KONTENTIERT LEGAL\" \/>\n<meta property=\"og:description\" content=\"Alicja Wilczek - Alicja Wilczek jest prawniczk\u0105 specjalizuj\u0105c\u0105 si\u0119 w prawie internetowym, prawie um\u00f3w i prawie ochrony danych.\" \/>\n<meta property=\"og:url\" content=\"https:\/\/www.kontentiert-legal.de\/pl\/zespol\/alicja-wilczek\/\" \/>\n<meta property=\"og:site_name\" content=\"Kontentiert-legal\" \/>\n<meta property=\"article:modified_time\" content=\"2025-11-25T08:43:41+00:00\" \/>\n<meta property=\"og:image\" content=\"https:\/\/www.kontentiert-legal.de\/wp-content\/uploads\/2025\/04\/20240701-0P1A9337-2-scaled.jpg\" \/>\n\t<meta property=\"og:image:width\" content=\"1707\" \/>\n\t<meta property=\"og:image:height\" content=\"2560\" \/>\n\t<meta property=\"og:image:type\" content=\"image\/jpeg\" \/>\n<meta name=\"twitter:card\" content=\"summary_large_image\" \/>\n<meta name=\"twitter:label1\" content=\"Szacowany czas czytania\" \/>\n\t<meta name=\"twitter:data1\" content=\"2 minuty\" \/>\n<script type=\"application\/ld+json\" class=\"yoast-schema-graph\">{\"@context\":\"https:\/\/schema.org\",\"@graph\":[{\"@type\":\"WebPage\",\"@id\":\"https:\/\/www.kontentiert-legal.de\/pl\/zespol\/alicja-wilczek\/\",\"url\":\"https:\/\/www.kontentiert-legal.de\/pl\/zespol\/alicja-wilczek\/\",\"name\":\"Alicja Wilczek - KONTENTIERT LEGAL\",\"isPartOf\":{\"@id\":\"https:\/\/www.kontentiert-legal.de\/pl\/#website\"},\"primaryImageOfPage\":{\"@id\":\"https:\/\/www.kontentiert-legal.de\/pl\/zespol\/alicja-wilczek\/#primaryimage\"},\"image\":{\"@id\":\"https:\/\/www.kontentiert-legal.de\/pl\/zespol\/alicja-wilczek\/#primaryimage\"},\"thumbnailUrl\":\"https:\/\/www.kontentiert-legal.de\/wp-content\/uploads\/2025\/04\/20240701-0P1A9337-2-683x1024-387x581.jpg\",\"datePublished\":\"2025-04-15T10:20:36+00:00\",\"dateModified\":\"2025-11-25T08:43:41+00:00\",\"description\":\"Alicja Wilczek - Alicja Wilczek jest prawniczk\u0105 specjalizuj\u0105c\u0105 si\u0119 w prawie internetowym, prawie um\u00f3w i prawie ochrony danych.\",\"breadcrumb\":{\"@id\":\"https:\/\/www.kontentiert-legal.de\/pl\/zespol\/alicja-wilczek\/#breadcrumb\"},\"inLanguage\":\"pl-PL\",\"potentialAction\":[{\"@type\":\"ReadAction\",\"target\":[\"https:\/\/www.kontentiert-legal.de\/pl\/zespol\/alicja-wilczek\/\"]}]},{\"@type\":\"ImageObject\",\"inLanguage\":\"pl-PL\",\"@id\":\"https:\/\/www.kontentiert-legal.de\/pl\/zespol\/alicja-wilczek\/#primaryimage\",\"url\":\"https:\/\/www.kontentiert-legal.de\/wp-content\/uploads\/2025\/04\/20240701-0P1A9337-2-683x1024-387x581.jpg\",\"contentUrl\":\"https:\/\/www.kontentiert-legal.de\/wp-content\/uploads\/2025\/04\/20240701-0P1A9337-2-683x1024-387x581.jpg\"},{\"@type\":\"BreadcrumbList\",\"@id\":\"https:\/\/www.kontentiert-legal.de\/pl\/zespol\/alicja-wilczek\/#breadcrumb\",\"itemListElement\":[{\"@type\":\"ListItem\",\"position\":1,\"name\":\"Strona g\u0142\u00f3wna\",\"item\":\"https:\/\/www.kontentiert-legal.de\/pl\/\"},{\"@type\":\"ListItem\",\"position\":2,\"name\":\"Zesp\u00f3\u0142\",\"item\":\"https:\/\/www.kontentiert-legal.de\/pl\/zespol\/\"},{\"@type\":\"ListItem\",\"position\":3,\"name\":\"Alicja Wilczek\"}]},{\"@type\":\"WebSite\",\"@id\":\"https:\/\/www.kontentiert-legal.de\/pl\/#website\",\"url\":\"https:\/\/www.kontentiert-legal.de\/pl\/\",\"name\":\"KONTENTIERT LEGAL\",\"description\":\"KON LEGAL\",\"publisher\":{\"@id\":\"https:\/\/www.kontentiert-legal.de\/pl\/#organization\"},\"alternateName\":\"KON LEGAL\",\"potentialAction\":[{\"@type\":\"SearchAction\",\"target\":{\"@type\":\"EntryPoint\",\"urlTemplate\":\"https:\/\/www.kontentiert-legal.de\/pl\/?s={search_term_string}\"},\"query-input\":{\"@type\":\"PropertyValueSpecification\",\"valueRequired\":true,\"valueName\":\"search_term_string\"}}],\"inLanguage\":\"pl-PL\"},{\"@type\":\"Organization\",\"@id\":\"https:\/\/www.kontentiert-legal.de\/pl\/#organization\",\"name\":\"KONTENTIERT LEGAL\",\"alternateName\":\"KON LEGAL\",\"url\":\"https:\/\/www.kontentiert-legal.de\/pl\/\",\"logo\":{\"@type\":\"ImageObject\",\"inLanguage\":\"pl-PL\",\"@id\":\"https:\/\/www.kontentiert-legal.de\/pl\/#\/schema\/logo\/image\/\",\"url\":\"https:\/\/www.kontentiert-legal.de\/wp-content\/uploads\/2025\/03\/logo-kontentiert-legal.svg\",\"contentUrl\":\"https:\/\/www.kontentiert-legal.de\/wp-content\/uploads\/2025\/03\/logo-kontentiert-legal.svg\",\"width\":1,\"height\":1,\"caption\":\"KONTENTIERT LEGAL\"},\"image\":{\"@id\":\"https:\/\/www.kontentiert-legal.de\/pl\/#\/schema\/logo\/image\/\"}}]}<\/script>\n<!-- \/ Yoast SEO plugin. -->","yoast_head_json":{"title":"Alicja Wilczek - KONTENTIERT LEGAL","description":"Alicja Wilczek - Alicja Wilczek jest prawniczk\u0105 specjalizuj\u0105c\u0105 si\u0119 w prawie internetowym, prawie um\u00f3w i prawie ochrony danych.","robots":{"index":"index","follow":"follow","max-snippet":"max-snippet:-1","max-image-preview":"max-image-preview:large","max-video-preview":"max-video-preview:-1"},"canonical":"https:\/\/www.kontentiert-legal.de\/pl\/zespol\/alicja-wilczek\/","og_locale":"pl_PL","og_type":"article","og_title":"Alicja Wilczek - KONTENTIERT LEGAL","og_description":"Alicja Wilczek - Alicja Wilczek jest prawniczk\u0105 specjalizuj\u0105c\u0105 si\u0119 w prawie internetowym, prawie um\u00f3w i prawie ochrony danych.","og_url":"https:\/\/www.kontentiert-legal.de\/pl\/zespol\/alicja-wilczek\/","og_site_name":"Kontentiert-legal","article_modified_time":"2025-11-25T08:43:41+00:00","og_image":[{"width":1707,"height":2560,"url":"https:\/\/www.kontentiert-legal.de\/wp-content\/uploads\/2025\/04\/20240701-0P1A9337-2-scaled.jpg","type":"image\/jpeg"}],"twitter_card":"summary_large_image","twitter_misc":{"Szacowany czas czytania":"2 minuty"},"schema":{"@context":"https:\/\/schema.org","@graph":[{"@type":"WebPage","@id":"https:\/\/www.kontentiert-legal.de\/pl\/zespol\/alicja-wilczek\/","url":"https:\/\/www.kontentiert-legal.de\/pl\/zespol\/alicja-wilczek\/","name":"Alicja Wilczek - KONTENTIERT LEGAL","isPartOf":{"@id":"https:\/\/www.kontentiert-legal.de\/pl\/#website"},"primaryImageOfPage":{"@id":"https:\/\/www.kontentiert-legal.de\/pl\/zespol\/alicja-wilczek\/#primaryimage"},"image":{"@id":"https:\/\/www.kontentiert-legal.de\/pl\/zespol\/alicja-wilczek\/#primaryimage"},"thumbnailUrl":"https:\/\/www.kontentiert-legal.de\/wp-content\/uploads\/2025\/04\/20240701-0P1A9337-2-683x1024-387x581.jpg","datePublished":"2025-04-15T10:20:36+00:00","dateModified":"2025-11-25T08:43:41+00:00","description":"Alicja Wilczek - Alicja Wilczek jest prawniczk\u0105 specjalizuj\u0105c\u0105 si\u0119 w prawie internetowym, prawie um\u00f3w i prawie ochrony danych.","breadcrumb":{"@id":"https:\/\/www.kontentiert-legal.de\/pl\/zespol\/alicja-wilczek\/#breadcrumb"},"inLanguage":"pl-PL","potentialAction":[{"@type":"ReadAction","target":["https:\/\/www.kontentiert-legal.de\/pl\/zespol\/alicja-wilczek\/"]}]},{"@type":"ImageObject","inLanguage":"pl-PL","@id":"https:\/\/www.kontentiert-legal.de\/pl\/zespol\/alicja-wilczek\/#primaryimage","url":"https:\/\/www.kontentiert-legal.de\/wp-content\/uploads\/2025\/04\/20240701-0P1A9337-2-683x1024-387x581.jpg","contentUrl":"https:\/\/www.kontentiert-legal.de\/wp-content\/uploads\/2025\/04\/20240701-0P1A9337-2-683x1024-387x581.jpg"},{"@type":"BreadcrumbList","@id":"https:\/\/www.kontentiert-legal.de\/pl\/zespol\/alicja-wilczek\/#breadcrumb","itemListElement":[{"@type":"ListItem","position":1,"name":"Strona g\u0142\u00f3wna","item":"https:\/\/www.kontentiert-legal.de\/pl\/"},{"@type":"ListItem","position":2,"name":"Zesp\u00f3\u0142","item":"https:\/\/www.kontentiert-legal.de\/pl\/zespol\/"},{"@type":"ListItem","position":3,"name":"Alicja Wilczek"}]},{"@type":"WebSite","@id":"https:\/\/www.kontentiert-legal.de\/pl\/#website","url":"https:\/\/www.kontentiert-legal.de\/pl\/","name":"KONTENTIERT LEGAL","description":"KON LEGAL","publisher":{"@id":"https:\/\/www.kontentiert-legal.de\/pl\/#organization"},"alternateName":"KON LEGAL","potentialAction":[{"@type":"SearchAction","target":{"@type":"EntryPoint","urlTemplate":"https:\/\/www.kontentiert-legal.de\/pl\/?s={search_term_string}"},"query-input":{"@type":"PropertyValueSpecification","valueRequired":true,"valueName":"search_term_string"}}],"inLanguage":"pl-PL"},{"@type":"Organization","@id":"https:\/\/www.kontentiert-legal.de\/pl\/#organization","name":"KONTENTIERT LEGAL","alternateName":"KON LEGAL","url":"https:\/\/www.kontentiert-legal.de\/pl\/","logo":{"@type":"ImageObject","inLanguage":"pl-PL","@id":"https:\/\/www.kontentiert-legal.de\/pl\/#\/schema\/logo\/image\/","url":"https:\/\/www.kontentiert-legal.de\/wp-content\/uploads\/2025\/03\/logo-kontentiert-legal.svg","contentUrl":"https:\/\/www.kontentiert-legal.de\/wp-content\/uploads\/2025\/03\/logo-kontentiert-legal.svg","width":1,"height":1,"caption":"KONTENTIERT LEGAL"},"image":{"@id":"https:\/\/www.kontentiert-legal.de\/pl\/#\/schema\/logo\/image\/"}}]}},"builder_content":"<p>Zesp\u00f3\u0142 KONTENTIERT LEGAL<\/p>\n<h1>Prawnik<br>Alicja Wilczek<\/h1> <p data-start=\"122\" data-end=\"409\">Alicja jest prawniczk\u0105 specjalizuj\u0105c\u0105 si\u0119 w prawie online, prawie um\u00f3w oraz prawie ochrony danych. Swoj\u0105 karier\u0119 prawnicz\u0105 rozpocz\u0119\u0142a w 2018 roku, specjalizuj\u0105c si\u0119 w prawie w\u0142asno\u015bci intelektualnej \u2013 dziedzinie, kt\u00f3ra rozbudzi\u0142a w niej wczesne zainteresowanie zagadnieniami prawnymi w obszarze cyfrowym i transgranicznym. <\/p> <p data-start=\"411\" data-end=\"742\">Szczeg\u00f3lnie fascynuje j\u0105 dynamika internetu: nowe technologie, stale zmieniaj\u0105ce si\u0119 ramy prawne oraz wyzwanie, jakim jest budowanie pewno\u015bci prawnej w przestrzeni cyfrowej. To w\u0142a\u015bnie na tym koncentruje swoj\u0105 prac\u0119 \u2013 praktyczn\u0105, zorientowan\u0105 na rozwi\u0105zania i z jasnym zrozumieniem indywidualnych potrzeb swoich klient\u00f3w. <\/p>\n<a href=\"\/pl\/kontakt\/\" > Skontaktuj si\u0119 z nami <\/a>\n<img src=\"https:\/\/www.kontentiert-legal.de\/wp-content\/uploads\/2025\/04\/20240701-0P1A9337-2-683x1024-387x581.jpg\" width=\"387\" height=\"581\" title=\"20240701-0P1A9337-2\" alt=\"Prawnik Alicja Wilczek\" srcset=\"https:\/\/www.kontentiert-legal.de\/wp-content\/uploads\/2025\/04\/20240701-0P1A9337-2-683x1024-387x581.jpg 387w, https:\/\/www.kontentiert-legal.de\/wp-content\/uploads\/2025\/04\/20240701-0P1A9337-2-scaled-600x900.jpg 600w, https:\/\/www.kontentiert-legal.de\/wp-content\/uploads\/2025\/04\/20240701-0P1A9337-2-200x300.jpg 200w, https:\/\/www.kontentiert-legal.de\/wp-content\/uploads\/2025\/04\/20240701-0P1A9337-2-683x1024.jpg 683w, https:\/\/www.kontentiert-legal.de\/wp-content\/uploads\/2025\/04\/20240701-0P1A9337-2-768x1152.jpg 768w, https:\/\/www.kontentiert-legal.de\/wp-content\/uploads\/2025\/04\/20240701-0P1A9337-2-1024x1536.jpg 1024w, https:\/\/www.kontentiert-legal.de\/wp-content\/uploads\/2025\/04\/20240701-0P1A9337-2-1365x2048.jpg 1365w, https:\/\/www.kontentiert-legal.de\/wp-content\/uploads\/2025\/04\/20240701-0P1A9337-2-scaled.jpg 1707w\" sizes=\"(max-width: 387px) 100vw, 387px\" \/>\n<p data-start=\"1027\" data-end=\"1324\"><em>\"Prawo powinno by\u0107 zrozumia\u0142e, namacalne i sprawiedliwe \u2013 zw\u0142aszcza w \u015bwiecie cyfrowym. Jako m\u0142ody prawnik specjalizowa\u0142am si\u0119 w prawie internetowym i prawie ochrony danych, poniewa\u017c jestem przekonana, \u017ce potrzebujemy wi\u0119kszego wsparcia i ochrony w tych obszarach. <\/em><\/p> <p data-start=\"1326\" data-end=\"1566\"><em>Moja kariera prawnicza rozpocz\u0119\u0142a si\u0119 w obszarze prawa w\u0142asno\u015bci intelektualnej, kt\u00f3rym intensywnie si\u0119 zajmuj\u0119 od 2018 roku. Powi\u0105zania prawa, technologii i dzia\u0142alno\u015bci gospodarczej fascynowa\u0142y mnie od samego pocz\u0105tku. <\/em><\/p> <p data-start=\"1568\" data-end=\"1780\"><em>Pochodz\u0119 z Polski i nigdy nie postrzega\u0142am swojego dziedzictwa jako bariery, lecz raczej jako si\u0142\u0119. U\u015bwiadomi\u0142o mi ono, jak cenne s\u0105 perspektywy kulturowe \u2013 zw\u0142aszcza w \u015bwiecie sieciowym i globalnym. <\/em><\/p>\n<img src=\"https:\/\/www.kontentiert-legal.de\/wp-content\/uploads\/2025\/04\/unsere-mission.svg\" width=\"450\" height=\"450\" title=\"unsere mission\" alt=\"unsere mission\">\n<ul> <li>Alicja uko\u0144czy\u0142a studia prawnicze na Uniwersytecie Heinricha Heinego w D\u00fcsseldorfie, ze specjalizacj\u0105 w prawie handlowym, prawie konkurencji, prawie autorskim i prawie znak\u00f3w towarowych.<\/li> <\/ul> <ul> <li>Uko\u0144czy\u0142a aplikacj\u0119 adwokack\u0105 w S\u0105dzie Krajowym w Wuppertalu, sk\u0142adaj\u0105c drugi egzamin pa\u0144stwowy w Wy\u017cszym S\u0105dzie Krajowym w D\u00fcsseldorfie.<\/li> <\/ul> <ul> <li>Od 2018 roku pracowa\u0142a w kancelarii prawnej w D\u00fcsseldorfie, a w 2022 roku rozpocz\u0119\u0142a dzia\u0142alno\u015b\u0107 na w\u0142asny rachunek i od 2024 roku prowadzi w\u0142asn\u0105 kancelari\u0119 prawn\u0105.<\/li> <\/ul> <ul> <li>Od 2023 roku pracuje w swojej w\u0142asnej firmie \u201eEasy Datenschutz\u201d jako inspektor ochrony danych, audytor ochrony danych, inspektor bezpiecze\u0144stwa IT i koordynator ochrony danych.<\/li> <\/ul> <ul> <li>Oferuje konsultacje w j\u0119zyku niemieckim, angielskim i polskim<\/li> <\/ul>","_links":{"self":[{"href":"https:\/\/www.kontentiert-legal.de\/pl\/wp-json\/wp\/v2\/pages\/2130","targetHints":{"allow":["GET"]}}],"collection":[{"href":"https:\/\/www.kontentiert-legal.de\/pl\/wp-json\/wp\/v2\/pages"}],"about":[{"href":"https:\/\/www.kontentiert-legal.de\/pl\/wp-json\/wp\/v2\/types\/page"}],"author":[{"embeddable":true,"href":"https:\/\/www.kontentiert-legal.de\/pl\/wp-json\/wp\/v2\/users\/1"}],"replies":[{"embeddable":true,"href":"https:\/\/www.kontentiert-legal.de\/pl\/wp-json\/wp\/v2\/comments?post=2130"}],"version-history":[{"count":9,"href":"https:\/\/www.kontentiert-legal.de\/pl\/wp-json\/wp\/v2\/pages\/2130\/revisions"}],"predecessor-version":[{"id":2144,"href":"https:\/\/www.kontentiert-legal.de\/pl\/wp-json\/wp\/v2\/pages\/2130\/revisions\/2144"}],"up":[{"embeddable":true,"href":"https:\/\/www.kontentiert-legal.de\/pl\/wp-json\/wp\/v2\/pages\/2110"}],"wp:attachment":[{"href":"https:\/\/www.kontentiert-legal.de\/pl\/wp-json\/wp\/v2\/media?parent=2130"}],"curies":[{"name":"wp","href":"https:\/\/api.w.org\/{rel}","templated":true}]}}