{"id":2147,"date":"2025-04-15T12:19:48","date_gmt":"2025-04-15T10:19:48","guid":{"rendered":"https:\/\/www.kontentiert-legal.de\/zespol\/marta-fandrey\/"},"modified":"2025-11-25T10:00:33","modified_gmt":"2025-11-25T09:00:33","slug":"marta-fandrey","status":"publish","type":"page","link":"https:\/\/www.kontentiert-legal.de\/pl\/zespol\/marta-fandrey\/","title":{"rendered":"Marta Fandrey"},"content":{"rendered":"<!--themify_builder_content-->\n<div id=\"themify_builder_content-2147\" data-postid=\"2147\" class=\"themify_builder_content themify_builder_content-2147 themify_builder tf_clear\">\n                    <div  data-css_id=\"bxzl903\" data-lazy=\"1\" class=\"module_row themify_builder_row fullwidth_row_container tb_bxzl903 tb_first tf_w wow\" data-tf-animation=\"fadeIn\">\n                        <div class=\"row_inner col_align_top tb_col_count_1 tf_box tf_rel\">\n                        <div  data-lazy=\"1\" class=\"module_column tb-column col-full tb_fr39903 first\">\n                            <div  data-lazy=\"1\" class=\"module_subrow themify_builder_sub_row tf_w col_align_top tb_col_count_2 tb_4wuz310\">\n                <div  data-lazy=\"1\" class=\"module_column sub_column tb_41ro311 first\">\n                    <!-- module text -->\n<div  class=\"module module-text tb_86j4136   \" data-lazy=\"1\">\n        <div  class=\"tb_text_wrap\">\n        <p>Zesp\u00f3\u0142 KONTENTIERT LEGAL<\/p>    <\/div>\n<\/div>\n<!-- \/module text --><!-- module text -->\n<div  class=\"module module-text tb_c784904   \" data-lazy=\"1\">\n        <div  class=\"tb_text_wrap\">\n        <h1>Prawnik<br>Marta Fandrey<\/h1>\n<p>Adwokat Marta Fandrey specjalizuje si\u0119 w mi\u0119dzynarodowym prawie handlowym i prawie gospodarczym, doradzaj\u0105c mi\u0119dzynarodowym firmom z r\u00f3\u017cnych sektor\u00f3w. Jest ekspertem w zakresie spor\u00f3w s\u0105dowych z zakresu prawa sprzeda\u017cy oraz um\u00f3w o charakterze transgranicznym. Reprezentuje r\u00f3wnie\u017c klient\u00f3w przed trybuna\u0142ami arbitra\u017cowymi. Doradza przedsi\u0119biorcom we wszystkich aspektach strukturyzowania proces\u00f3w sprzeda\u017cy i zarz\u0105dzania umowami, ze szczeg\u00f3lnym uwzgl\u0119dnieniem prawa prywatnego mi\u0119dzynarodowego.   <\/p>    <\/div>\n<\/div>\n<!-- \/module text --><!-- module buttons -->\n<div  class=\"module module-buttons tb_5kp1904 buttons-horizontal solid  large circle\" data-lazy=\"1\">\n        <div class=\"module-buttons-item tf_in_flx\">\n                        <a href=\"\/pl\/kontakt\/\" class=\"ui builder_button tf_in_flx tb_default_color\" >\n                                                Skontaktuj si\u0119 z nami                                        <\/a>\n                <\/div>\n            <\/div>\n<!-- \/module buttons -->\n        <\/div>\n                    <div  data-lazy=\"1\" class=\"module_column sub_column tb_cijf311 last\">\n                    <!-- module image -->\n<div  class=\"module module-image tb_92h9905 image-center drop-shadow  tf_mw\" data-lazy=\"1\">\n        <div class=\"image-wrap tf_rel tf_mw\">\n            <img loading=\"lazy\" decoding=\"async\" width=\"350\" height=\"525\" src=\"https:\/\/www.kontentiert-legal.de\/wp-content\/uploads\/2025\/04\/Rechtsanwaeltin-Fandrey-Marta.jpg\" class=\"wp-post-image wp-image-1288\" title=\"Rechtsanw\u00e4ltin Marta Fandrey\" alt=\"Prawnik Marta Fandrey\" srcset=\"https:\/\/www.kontentiert-legal.de\/wp-content\/uploads\/2025\/04\/Rechtsanwaeltin-Fandrey-Marta.jpg 350w, https:\/\/www.kontentiert-legal.de\/wp-content\/uploads\/2025\/04\/Rechtsanwaeltin-Fandrey-Marta-200x300.jpg 200w\" sizes=\"auto, (max-width: 350px) 100vw, 350px\" \/>    \n        <\/div>\n    <!-- \/image-wrap -->\n    \n        <\/div>\n<!-- \/module image -->        <\/div>\n                    <\/div>\n                <div  data-lazy=\"1\" class=\"module_subrow themify_builder_sub_row tf_w col_align_top tb_col_count_1 tb_6b6392\">\n                <div  data-lazy=\"1\" class=\"module_column sub_column col-full tb_ht9w92 first\">\n                    <!-- module text -->\n<div  class=\"module module-text tb_5f5o945   \" data-lazy=\"1\">\n        <div  class=\"tb_text_wrap\">\n        <p>Posiadaj\u0105c kwalifikacje polskiego prawnika, jest w stanie oferowa\u0107 rozwi\u0105zania dostosowane specjalnie do potrzeb firm dzia\u0142aj\u0105cych na polskim rynku, bior\u0105c pod uwag\u0119 zar\u00f3wno niemiecki, jak i polski system prawny.<\/p>\n<p>Kolejnym obszarem jej dzia\u0142alno\u015bci jest doradztwo prawne dla firm zagranicznych wchodz\u0105cych na rynek niemiecki (zak\u0142adanie sp\u00f3\u0142ek, zatrudnianie dyrektor\u00f3w zarz\u0105dzaj\u0105cych i pracownik\u00f3w, sporz\u0105dzanie um\u00f3w), a tak\u017ce bie\u017c\u0105ce doradztwo w zakresie dzia\u0142alno\u015bci gospodarczej w Niemczech, zar\u00f3wno bran\u017cowej, jak i mi\u0119dzybran\u017cowej, np. w zakresie Ustawy o opakowaniach. \u015aci\u015ble wsp\u00f3\u0142pracuje ze specjalistami z innych dziedzin, takimi jak doradcy podatkowi oraz prawnicy specjalizuj\u0105cy si\u0119 w prawie ubezpiecze\u0144 spo\u0142ecznych i prawie pracy. <\/p>    <\/div>\n<\/div>\n<!-- \/module text -->        <\/div>\n                    <\/div>\n                <\/div>\n                        <\/div>\n        <\/div>\n                        <div  data-lazy=\"1\" class=\"module_row themify_builder_row tb_j0dq834 tf_w\">\n                        <div class=\"row_inner col_align_top tb_col_count_1 tf_box tf_rel\">\n                        <div  data-lazy=\"1\" class=\"module_column tb-column col-full tb_n1h8834 first\">\n                            <div  data-lazy=\"1\" class=\"module_subrow themify_builder_sub_row tf_w col_align_middle tb_col_count_2 tb_q6gv756\">\n                <div  data-lazy=\"1\" class=\"module_column sub_column col4-2 tb_gbba756 first\">\n                    <!-- module image -->\n<div  class=\"module module-image tb_2ehz756 image-center   tf_mw\" data-lazy=\"1\">\n        <div class=\"image-wrap tf_rel tf_mw\">\n            <img loading=\"lazy\" decoding=\"async\" src=\"https:\/\/www.kontentiert-legal.de\/wp-content\/uploads\/2025\/04\/rechtsanwaeltin.svg\" width=\"450\" height=\"450\" class=\"wp-post-image wp-image-1421\" title=\"rechtsanwaeltin\" alt=\"rechtsanwaeltin\">    \n        <\/div>\n    <!-- \/image-wrap -->\n    \n        <\/div>\n<!-- \/module image -->        <\/div>\n                    <div  data-lazy=\"1\" class=\"module_column sub_column col4-2 tb_guwx756 last\">\n                    <!-- module text -->\n<div  class=\"module module-text tb_2nn8756   \" data-lazy=\"1\">\n        <div  class=\"tb_text_wrap\">\n        <p>Vita<\/p>\n<ul>\n<li>Adwokat Marta Fandrey uko\u0144czy\u0142a studia prawnicze w Gda\u0144sku w 2003 r., a nast\u0119pnie dwa programy studi\u00f3w podyplomowych (LL.M.) na uniwersytetach w D\u00fcsseldorfie (2005) i Kolonii (2018).<\/li>\n<li>Od 2008 roku jest wpisana na list\u0119 radc\u00f3w prawnych w Polsce, a od 2009 roku jest wpisana na list\u0119 Izby Adwokackiej w D\u00fcsseldorfie. W 2024 roku uzyska\u0142a wpis na list\u0119 adwokat\u00f3w niemieckich.<\/li>\n<li>Jako prawnik pracowa\u0142a w kancelariach prawnych w Gda\u0144sku i D\u00fcsseldorfie, a od 2019 roku prowadzi w\u0142asn\u0105 kancelari\u0119 prawn\u0105 w D\u00fcsseldorfie.<\/li>\n<li>Konsultuje w j\u0119zyku niemieckim, polskim i angielskim.<\/li>\n<\/ul>    <\/div>\n<\/div>\n<!-- \/module text -->        <\/div>\n                    <\/div>\n                <\/div>\n                        <\/div>\n        <\/div>\n                        <div  data-css_id=\"24l3517\" data-lazy=\"1\" class=\"module_row themify_builder_row fullwidth tb_24l3517 tf_w\">\n                        <div class=\"row_inner col_align_top tb_col_count_1 tf_box tf_rel\">\n                        <div  data-lazy=\"1\" class=\"module_column tb-column col-full tb_szxh518 first\">\n                    <!-- module template_part -->\n<div  class=\"module module-layout-part tb_38q3182 \">\n    <div class=\"tb_layout_part_wrap tf_w\"><!--themify_builder_content-->\n    <div  class=\"themify_builder_content themify_builder_content-2181 themify_builder not_editable_builder in_the_loop\" data-postid=\"2181\">\n                        <div  data-lazy=\"1\" class=\"module_row themify_builder_row tb_6rd7799 tf_w\">\n                        <div class=\"row_inner col_align_top tb_col_count_1 tf_box tf_rel\">\n                        <div  data-lazy=\"1\" class=\"module_column tb-column col-full tb_4fb0500 first\">\n                            <div  data-lazy=\"1\" class=\"module_subrow themify_builder_sub_row tf_w col_align_top tb_col_count_1 tb_i7so906\">\n                <div  data-lazy=\"1\" class=\"module_column sub_column col-full tb_foh3166 first\">\n                            <div  data-lazy=\"1\" class=\"module_subrow themify_builder_sub_row tf_w col_align_middle tb_col_count_2 tb_x4ll064\">\n                <div  data-lazy=\"1\" class=\"module_column sub_column col4-2 tb_nwof635 first\">\n                    <!-- module image -->\n<div  class=\"module module-image tb_5vog100 image-center drop-shadow circle  tf_mw\" data-lazy=\"1\">\n        <div class=\"image-wrap tf_rel tf_mw\">\n            <img decoding=\"async\" src=\"https:\/\/www.kontentiert-legal.de\/wp-content\/uploads\/2025\/04\/2.svg\" class=\"wp-post-image wp-image-1563\" title=\"2\" alt=\"Marta Fandrey\">    \n        <\/div>\n    <!-- \/image-wrap -->\n    \n        <\/div>\n<!-- \/module image -->        <\/div>\n                    <div  data-lazy=\"1\" class=\"module_column sub_column col4-2 tb_6nzm636 last\">\n                    <!-- module text -->\n<div  class=\"module module-text tb_9yau407   \" data-lazy=\"1\">\n        <div  class=\"tb_text_wrap\">\n        <h3>Potrzebujesz wsparcia w zakresie prawa mi\u0119dzynarodowego handlowego i gospodarczego?<\/h3>    <\/div>\n<\/div>\n<!-- \/module text --><!-- module buttons -->\n<div  class=\"module module-buttons tb_l59k407 buttons-horizontal solid  large circle\" data-lazy=\"1\">\n        <div class=\"module-buttons-item tf_in_flx\">\n                        <a href=\"\/pl\/kontakt\/\" class=\"ui builder_button tf_in_flx green\" >\n                                                Skontaktuj si\u0119 z nami                                        <\/a>\n                <\/div>\n            <\/div>\n<!-- \/module buttons -->\n        <\/div>\n                    <\/div>\n                <\/div>\n                    <\/div>\n                <\/div>\n                        <\/div>\n        <\/div>\n            <\/div>\n<!--\/themify_builder_content--><\/div>\n<\/div>\n<!-- \/module template_part -->        <\/div>\n                        <\/div>\n        <\/div>\n        <\/div>\n<!--\/themify_builder_content-->","protected":false},"excerpt":{"rendered":"<p>Zesp\u00f3\u0142 KONTENTIERT LEGAL PrawnikMarta Fandrey Adwokat Marta Fandrey specjalizuje si\u0119 w mi\u0119dzynarodowym prawie handlowym i prawie gospodarczym, doradzaj\u0105c mi\u0119dzynarodowym firmom z r\u00f3\u017cnych sektor\u00f3w. Jest ekspertem w zakresie spor\u00f3w s\u0105dowych z zakresu prawa sprzeda\u017cy oraz um\u00f3w o charakterze transgranicznym. Reprezentuje r\u00f3wnie\u017c klient\u00f3w przed trybuna\u0142ami arbitra\u017cowymi. Doradza przedsi\u0119biorcom we wszystkich aspektach strukturyzowania proces\u00f3w sprzeda\u017cy i zarz\u0105dzania umowami, [&hellip;]<\/p>\n","protected":false},"author":1,"featured_media":0,"parent":2110,"menu_order":0,"comment_status":"closed","ping_status":"closed","template":"","meta":{"footnotes":""},"class_list":["post-2147","page","type-page","status-publish","hentry","has-post-title","has-post-date","has-post-category","has-post-tag","has-post-comment","has-post-author",""],"yoast_head":"<!-- This site is optimized with the Yoast SEO plugin v27.0 - https:\/\/yoast.com\/product\/yoast-seo-wordpress\/ -->\n<title>Marta Fandrey - KONTENTIERT LEGAL<\/title>\n<meta name=\"description\" content=\"Marta Fandrey zajmuje si\u0119 prawem handlowym i prawem gospodarczym w mi\u0119dzynarodowych firmach z r\u00f3\u017cnych bran\u017c.\" \/>\n<meta name=\"robots\" content=\"index, follow, max-snippet:-1, max-image-preview:large, max-video-preview:-1\" \/>\n<link rel=\"canonical\" href=\"https:\/\/www.kontentiert-legal.de\/pl\/zespol\/marta-fandrey\/\" \/>\n<meta property=\"og:locale\" content=\"pl_PL\" \/>\n<meta property=\"og:type\" content=\"article\" \/>\n<meta property=\"og:title\" content=\"Marta Fandrey - KONTENTIERT LEGAL\" \/>\n<meta property=\"og:description\" content=\"Marta Fandrey zajmuje si\u0119 prawem handlowym i prawem gospodarczym w mi\u0119dzynarodowych firmach z r\u00f3\u017cnych bran\u017c.\" \/>\n<meta property=\"og:url\" content=\"https:\/\/www.kontentiert-legal.de\/pl\/zespol\/marta-fandrey\/\" \/>\n<meta property=\"og:site_name\" content=\"Kontentiert-legal\" \/>\n<meta property=\"article:modified_time\" content=\"2025-11-25T09:00:33+00:00\" \/>\n<meta name=\"twitter:card\" content=\"summary_large_image\" \/>\n<meta name=\"twitter:label1\" content=\"Szacowany czas czytania\" \/>\n\t<meta name=\"twitter:data1\" content=\"2 minuty\" \/>\n<script type=\"application\/ld+json\" class=\"yoast-schema-graph\">{\"@context\":\"https:\/\/schema.org\",\"@graph\":[{\"@type\":\"WebPage\",\"@id\":\"https:\/\/www.kontentiert-legal.de\/pl\/zespol\/marta-fandrey\/\",\"url\":\"https:\/\/www.kontentiert-legal.de\/pl\/zespol\/marta-fandrey\/\",\"name\":\"Marta Fandrey - KONTENTIERT LEGAL\",\"isPartOf\":{\"@id\":\"https:\/\/www.kontentiert-legal.de\/pl\/#website\"},\"primaryImageOfPage\":{\"@id\":\"https:\/\/www.kontentiert-legal.de\/pl\/zespol\/marta-fandrey\/#primaryimage\"},\"image\":{\"@id\":\"https:\/\/www.kontentiert-legal.de\/pl\/zespol\/marta-fandrey\/#primaryimage\"},\"thumbnailUrl\":\"https:\/\/www.kontentiert-legal.de\/wp-content\/uploads\/2025\/04\/Rechtsanwaeltin-Fandrey-Marta.jpg\",\"datePublished\":\"2025-04-15T10:19:48+00:00\",\"dateModified\":\"2025-11-25T09:00:33+00:00\",\"description\":\"Marta Fandrey zajmuje si\u0119 prawem handlowym i prawem gospodarczym w mi\u0119dzynarodowych firmach z r\u00f3\u017cnych bran\u017c.\",\"breadcrumb\":{\"@id\":\"https:\/\/www.kontentiert-legal.de\/pl\/zespol\/marta-fandrey\/#breadcrumb\"},\"inLanguage\":\"pl-PL\",\"potentialAction\":[{\"@type\":\"ReadAction\",\"target\":[\"https:\/\/www.kontentiert-legal.de\/pl\/zespol\/marta-fandrey\/\"]}]},{\"@type\":\"ImageObject\",\"inLanguage\":\"pl-PL\",\"@id\":\"https:\/\/www.kontentiert-legal.de\/pl\/zespol\/marta-fandrey\/#primaryimage\",\"url\":\"https:\/\/www.kontentiert-legal.de\/wp-content\/uploads\/2025\/04\/Rechtsanwaeltin-Fandrey-Marta.jpg\",\"contentUrl\":\"https:\/\/www.kontentiert-legal.de\/wp-content\/uploads\/2025\/04\/Rechtsanwaeltin-Fandrey-Marta.jpg\"},{\"@type\":\"BreadcrumbList\",\"@id\":\"https:\/\/www.kontentiert-legal.de\/pl\/zespol\/marta-fandrey\/#breadcrumb\",\"itemListElement\":[{\"@type\":\"ListItem\",\"position\":1,\"name\":\"Strona g\u0142\u00f3wna\",\"item\":\"https:\/\/www.kontentiert-legal.de\/pl\/\"},{\"@type\":\"ListItem\",\"position\":2,\"name\":\"Zesp\u00f3\u0142\",\"item\":\"https:\/\/www.kontentiert-legal.de\/pl\/zespol\/\"},{\"@type\":\"ListItem\",\"position\":3,\"name\":\"Marta Fandrey\"}]},{\"@type\":\"WebSite\",\"@id\":\"https:\/\/www.kontentiert-legal.de\/pl\/#website\",\"url\":\"https:\/\/www.kontentiert-legal.de\/pl\/\",\"name\":\"KONTENTIERT LEGAL\",\"description\":\"KON LEGAL\",\"publisher\":{\"@id\":\"https:\/\/www.kontentiert-legal.de\/pl\/#organization\"},\"alternateName\":\"KON LEGAL\",\"potentialAction\":[{\"@type\":\"SearchAction\",\"target\":{\"@type\":\"EntryPoint\",\"urlTemplate\":\"https:\/\/www.kontentiert-legal.de\/pl\/?s={search_term_string}\"},\"query-input\":{\"@type\":\"PropertyValueSpecification\",\"valueRequired\":true,\"valueName\":\"search_term_string\"}}],\"inLanguage\":\"pl-PL\"},{\"@type\":\"Organization\",\"@id\":\"https:\/\/www.kontentiert-legal.de\/pl\/#organization\",\"name\":\"KONTENTIERT LEGAL\",\"alternateName\":\"KON LEGAL\",\"url\":\"https:\/\/www.kontentiert-legal.de\/pl\/\",\"logo\":{\"@type\":\"ImageObject\",\"inLanguage\":\"pl-PL\",\"@id\":\"https:\/\/www.kontentiert-legal.de\/pl\/#\/schema\/logo\/image\/\",\"url\":\"https:\/\/www.kontentiert-legal.de\/wp-content\/uploads\/2025\/03\/logo-kontentiert-legal.svg\",\"contentUrl\":\"https:\/\/www.kontentiert-legal.de\/wp-content\/uploads\/2025\/03\/logo-kontentiert-legal.svg\",\"width\":1,\"height\":1,\"caption\":\"KONTENTIERT LEGAL\"},\"image\":{\"@id\":\"https:\/\/www.kontentiert-legal.de\/pl\/#\/schema\/logo\/image\/\"}}]}<\/script>\n<!-- \/ Yoast SEO plugin. -->","yoast_head_json":{"title":"Marta Fandrey - KONTENTIERT LEGAL","description":"Marta Fandrey zajmuje si\u0119 prawem handlowym i prawem gospodarczym w mi\u0119dzynarodowych firmach z r\u00f3\u017cnych bran\u017c.","robots":{"index":"index","follow":"follow","max-snippet":"max-snippet:-1","max-image-preview":"max-image-preview:large","max-video-preview":"max-video-preview:-1"},"canonical":"https:\/\/www.kontentiert-legal.de\/pl\/zespol\/marta-fandrey\/","og_locale":"pl_PL","og_type":"article","og_title":"Marta Fandrey - KONTENTIERT LEGAL","og_description":"Marta Fandrey zajmuje si\u0119 prawem handlowym i prawem gospodarczym w mi\u0119dzynarodowych firmach z r\u00f3\u017cnych bran\u017c.","og_url":"https:\/\/www.kontentiert-legal.de\/pl\/zespol\/marta-fandrey\/","og_site_name":"Kontentiert-legal","article_modified_time":"2025-11-25T09:00:33+00:00","twitter_card":"summary_large_image","twitter_misc":{"Szacowany czas czytania":"2 minuty"},"schema":{"@context":"https:\/\/schema.org","@graph":[{"@type":"WebPage","@id":"https:\/\/www.kontentiert-legal.de\/pl\/zespol\/marta-fandrey\/","url":"https:\/\/www.kontentiert-legal.de\/pl\/zespol\/marta-fandrey\/","name":"Marta Fandrey - KONTENTIERT LEGAL","isPartOf":{"@id":"https:\/\/www.kontentiert-legal.de\/pl\/#website"},"primaryImageOfPage":{"@id":"https:\/\/www.kontentiert-legal.de\/pl\/zespol\/marta-fandrey\/#primaryimage"},"image":{"@id":"https:\/\/www.kontentiert-legal.de\/pl\/zespol\/marta-fandrey\/#primaryimage"},"thumbnailUrl":"https:\/\/www.kontentiert-legal.de\/wp-content\/uploads\/2025\/04\/Rechtsanwaeltin-Fandrey-Marta.jpg","datePublished":"2025-04-15T10:19:48+00:00","dateModified":"2025-11-25T09:00:33+00:00","description":"Marta Fandrey zajmuje si\u0119 prawem handlowym i prawem gospodarczym w mi\u0119dzynarodowych firmach z r\u00f3\u017cnych bran\u017c.","breadcrumb":{"@id":"https:\/\/www.kontentiert-legal.de\/pl\/zespol\/marta-fandrey\/#breadcrumb"},"inLanguage":"pl-PL","potentialAction":[{"@type":"ReadAction","target":["https:\/\/www.kontentiert-legal.de\/pl\/zespol\/marta-fandrey\/"]}]},{"@type":"ImageObject","inLanguage":"pl-PL","@id":"https:\/\/www.kontentiert-legal.de\/pl\/zespol\/marta-fandrey\/#primaryimage","url":"https:\/\/www.kontentiert-legal.de\/wp-content\/uploads\/2025\/04\/Rechtsanwaeltin-Fandrey-Marta.jpg","contentUrl":"https:\/\/www.kontentiert-legal.de\/wp-content\/uploads\/2025\/04\/Rechtsanwaeltin-Fandrey-Marta.jpg"},{"@type":"BreadcrumbList","@id":"https:\/\/www.kontentiert-legal.de\/pl\/zespol\/marta-fandrey\/#breadcrumb","itemListElement":[{"@type":"ListItem","position":1,"name":"Strona g\u0142\u00f3wna","item":"https:\/\/www.kontentiert-legal.de\/pl\/"},{"@type":"ListItem","position":2,"name":"Zesp\u00f3\u0142","item":"https:\/\/www.kontentiert-legal.de\/pl\/zespol\/"},{"@type":"ListItem","position":3,"name":"Marta Fandrey"}]},{"@type":"WebSite","@id":"https:\/\/www.kontentiert-legal.de\/pl\/#website","url":"https:\/\/www.kontentiert-legal.de\/pl\/","name":"KONTENTIERT LEGAL","description":"KON LEGAL","publisher":{"@id":"https:\/\/www.kontentiert-legal.de\/pl\/#organization"},"alternateName":"KON LEGAL","potentialAction":[{"@type":"SearchAction","target":{"@type":"EntryPoint","urlTemplate":"https:\/\/www.kontentiert-legal.de\/pl\/?s={search_term_string}"},"query-input":{"@type":"PropertyValueSpecification","valueRequired":true,"valueName":"search_term_string"}}],"inLanguage":"pl-PL"},{"@type":"Organization","@id":"https:\/\/www.kontentiert-legal.de\/pl\/#organization","name":"KONTENTIERT LEGAL","alternateName":"KON LEGAL","url":"https:\/\/www.kontentiert-legal.de\/pl\/","logo":{"@type":"ImageObject","inLanguage":"pl-PL","@id":"https:\/\/www.kontentiert-legal.de\/pl\/#\/schema\/logo\/image\/","url":"https:\/\/www.kontentiert-legal.de\/wp-content\/uploads\/2025\/03\/logo-kontentiert-legal.svg","contentUrl":"https:\/\/www.kontentiert-legal.de\/wp-content\/uploads\/2025\/03\/logo-kontentiert-legal.svg","width":1,"height":1,"caption":"KONTENTIERT LEGAL"},"image":{"@id":"https:\/\/www.kontentiert-legal.de\/pl\/#\/schema\/logo\/image\/"}}]}},"builder_content":"<p>Zesp\u00f3\u0142 KONTENTIERT LEGAL<\/p>\n<h1>Prawnik<br>Marta Fandrey<\/h1> <p>Adwokat Marta Fandrey specjalizuje si\u0119 w mi\u0119dzynarodowym prawie handlowym i prawie gospodarczym, doradzaj\u0105c mi\u0119dzynarodowym firmom z r\u00f3\u017cnych sektor\u00f3w. Jest ekspertem w zakresie spor\u00f3w s\u0105dowych z zakresu prawa sprzeda\u017cy oraz um\u00f3w o charakterze transgranicznym. Reprezentuje r\u00f3wnie\u017c klient\u00f3w przed trybuna\u0142ami arbitra\u017cowymi. Doradza przedsi\u0119biorcom we wszystkich aspektach strukturyzowania proces\u00f3w sprzeda\u017cy i zarz\u0105dzania umowami, ze szczeg\u00f3lnym uwzgl\u0119dnieniem prawa prywatnego mi\u0119dzynarodowego. <\/p>\n<a href=\"\/pl\/kontakt\/\" > Skontaktuj si\u0119 z nami <\/a>\n<img src=\"https:\/\/www.kontentiert-legal.de\/wp-content\/uploads\/2025\/04\/Rechtsanwaeltin-Fandrey-Marta.jpg\" title=\"Rechtsanw\u00e4ltin Marta Fandrey\" alt=\"Prawnik Marta Fandrey\" srcset=\"https:\/\/www.kontentiert-legal.de\/wp-content\/uploads\/2025\/04\/Rechtsanwaeltin-Fandrey-Marta.jpg 350w, https:\/\/www.kontentiert-legal.de\/wp-content\/uploads\/2025\/04\/Rechtsanwaeltin-Fandrey-Marta-200x300.jpg 200w\" sizes=\"(max-width: 350px) 100vw, 350px\" \/>\n<p>Posiadaj\u0105c kwalifikacje polskiego prawnika, jest w stanie oferowa\u0107 rozwi\u0105zania dostosowane specjalnie do potrzeb firm dzia\u0142aj\u0105cych na polskim rynku, bior\u0105c pod uwag\u0119 zar\u00f3wno niemiecki, jak i polski system prawny.<\/p> <p>Kolejnym obszarem jej dzia\u0142alno\u015bci jest doradztwo prawne dla firm zagranicznych wchodz\u0105cych na rynek niemiecki (zak\u0142adanie sp\u00f3\u0142ek, zatrudnianie dyrektor\u00f3w zarz\u0105dzaj\u0105cych i pracownik\u00f3w, sporz\u0105dzanie um\u00f3w), a tak\u017ce bie\u017c\u0105ce doradztwo w zakresie dzia\u0142alno\u015bci gospodarczej w Niemczech, zar\u00f3wno bran\u017cowej, jak i mi\u0119dzybran\u017cowej, np. w zakresie Ustawy o opakowaniach. \u015aci\u015ble wsp\u00f3\u0142pracuje ze specjalistami z innych dziedzin, takimi jak doradcy podatkowi oraz prawnicy specjalizuj\u0105cy si\u0119 w prawie ubezpiecze\u0144 spo\u0142ecznych i prawie pracy. <\/p>\n<img src=\"https:\/\/www.kontentiert-legal.de\/wp-content\/uploads\/2025\/04\/rechtsanwaeltin.svg\" width=\"450\" height=\"450\" title=\"rechtsanwaeltin\" alt=\"rechtsanwaeltin\">\n<p>Vita<\/p> <ul> <li>Adwokat Marta Fandrey uko\u0144czy\u0142a studia prawnicze w Gda\u0144sku w 2003 r., a nast\u0119pnie dwa programy studi\u00f3w podyplomowych (LL.M.) na uniwersytetach w D\u00fcsseldorfie (2005) i Kolonii (2018).<\/li> <li>Od 2008 roku jest wpisana na list\u0119 radc\u00f3w prawnych w Polsce, a od 2009 roku jest wpisana na list\u0119 Izby Adwokackiej w D\u00fcsseldorfie. W 2024 roku uzyska\u0142a wpis na list\u0119 adwokat\u00f3w niemieckich.<\/li> <li>Jako prawnik pracowa\u0142a w kancelariach prawnych w Gda\u0144sku i D\u00fcsseldorfie, a od 2019 roku prowadzi w\u0142asn\u0105 kancelari\u0119 prawn\u0105 w D\u00fcsseldorfie.<\/li> <li>Konsultuje w j\u0119zyku niemieckim, polskim i angielskim.<\/li> <\/ul>","_links":{"self":[{"href":"https:\/\/www.kontentiert-legal.de\/pl\/wp-json\/wp\/v2\/pages\/2147","targetHints":{"allow":["GET"]}}],"collection":[{"href":"https:\/\/www.kontentiert-legal.de\/pl\/wp-json\/wp\/v2\/pages"}],"about":[{"href":"https:\/\/www.kontentiert-legal.de\/pl\/wp-json\/wp\/v2\/types\/page"}],"author":[{"embeddable":true,"href":"https:\/\/www.kontentiert-legal.de\/pl\/wp-json\/wp\/v2\/users\/1"}],"replies":[{"embeddable":true,"href":"https:\/\/www.kontentiert-legal.de\/pl\/wp-json\/wp\/v2\/comments?post=2147"}],"version-history":[{"count":9,"href":"https:\/\/www.kontentiert-legal.de\/pl\/wp-json\/wp\/v2\/pages\/2147\/revisions"}],"predecessor-version":[{"id":2158,"href":"https:\/\/www.kontentiert-legal.de\/pl\/wp-json\/wp\/v2\/pages\/2147\/revisions\/2158"}],"up":[{"embeddable":true,"href":"https:\/\/www.kontentiert-legal.de\/pl\/wp-json\/wp\/v2\/pages\/2110"}],"wp:attachment":[{"href":"https:\/\/www.kontentiert-legal.de\/pl\/wp-json\/wp\/v2\/media?parent=2147"}],"curies":[{"name":"wp","href":"https:\/\/api.w.org\/{rel}","templated":true}]}}