{"id":2160,"date":"2025-04-15T13:19:34","date_gmt":"2025-04-15T11:19:34","guid":{"rendered":"https:\/\/www.kontentiert-legal.de\/wy\/"},"modified":"2025-11-25T12:28:34","modified_gmt":"2025-11-25T11:28:34","slug":"wy","status":"publish","type":"page","link":"https:\/\/www.kontentiert-legal.de\/pl\/wy\/","title":{"rendered":"Wy"},"content":{"rendered":"<!--themify_builder_content-->\n<div id=\"themify_builder_content-2160\" data-postid=\"2160\" class=\"themify_builder_content themify_builder_content-2160 themify_builder tf_clear\">\n                    <div  data-css_id=\"bxzl903\" data-lazy=\"1\" class=\"module_row themify_builder_row fullwidth_row_container tb_bxzl903 tb_first tf_w wow\" data-tf-animation=\"fadeIn\">\n                        <div class=\"row_inner col_align_top tb_col_count_1 tf_box tf_rel\">\n                        <div  data-lazy=\"1\" class=\"module_column tb-column col-full tb_fr39903 first\">\n                            <div  data-lazy=\"1\" class=\"module_subrow themify_builder_sub_row tf_w col_align_middle tb_col_count_2 tb_4wuz310\">\n                <div  data-lazy=\"1\" class=\"module_column sub_column tb_41ro311 first\">\n                    <!-- module text -->\n<div  class=\"module module-text tb_86j4136   \" data-lazy=\"1\">\n        <div  class=\"tb_text_wrap\">\n        <p>Zgodne z prawem \u2013 kompleksowe i dwuj\u0119zyczne<\/p>    <\/div>\n<\/div>\n<!-- \/module text --><!-- module text -->\n<div  class=\"module module-text tb_c784904   \" data-lazy=\"1\">\n        <div  class=\"tb_text_wrap\">\n        <h1>Us\u0142ugi<\/h1>\n<p>Jako niemiecko-polscy prawnicy o zr\u00f3\u017cnicowanych specjalizacjach, wsp\u00f3lnie zajmujemy si\u0119 ca\u0142ym spektrum prawa handlowego. Dzi\u0119ki naszej \u015bcis\u0142ej wsp\u00f3\u0142pracy, korzystaj\u0105 Pa\u0144stwo ze wsp\u00f3lnej wiedzy specjalistycznej \u2013 od prawa korporacyjnego i sporz\u0105dzania um\u00f3w, po ochron\u0119 danych i prawo online. <\/p>    <\/div>\n<\/div>\n<!-- \/module text --><!-- module image -->\n<div  class=\"module module-image tb_qgik550 image-top   tf_mw hide-mobile\" data-lazy=\"1\">\n        <div class=\"image-wrap tf_rel tf_mw\">\n            <img decoding=\"async\" src=\"https:\/\/www.kontentiert-legal.de\/wp-content\/uploads\/2025\/04\/kon-legal.svg\" class=\"wp-post-image wp-image-1118\" title=\"kon-legal\" alt=\"kon-legal\">    \n        <\/div>\n    <!-- \/image-wrap -->\n    \n        <\/div>\n<!-- \/module image -->        <\/div>\n                    <div  data-lazy=\"1\" class=\"module_column sub_column tb_cijf311 last\">\n                    <!-- module image -->\n<div  class=\"module module-image tb_92h9905 image-top   tf_mw\" data-lazy=\"1\">\n        <div class=\"image-wrap tf_rel tf_mw\">\n            <img decoding=\"async\" src=\"https:\/\/www.kontentiert-legal.de\/wp-content\/uploads\/2025\/04\/rechtsanwaltskammer-duesseldorf.svg\" width=\"565\" class=\"wp-post-image wp-image-1434\" title=\"rechtsanwaltskammer-duesseldorf\" alt=\"Rechtsanwaltskammer D\u00fcsseldorf\">    \n        <\/div>\n    <!-- \/image-wrap -->\n    \n        <\/div>\n<!-- \/module image -->        <\/div>\n                    <\/div>\n                <\/div>\n                        <\/div>\n        <\/div>\n                        <div  data-lazy=\"1\" class=\"module_row themify_builder_row tb_p6jn626 tf_w\">\n                        <div class=\"row_inner col_align_top tb_col_count_1 tf_box tf_rel\">\n                        <div  data-lazy=\"1\" class=\"module_column tb-column col-full tb_6v87631 first\">\n                    <!-- module text -->\n<div  class=\"module module-text tb_ho50136   \" data-lazy=\"1\">\n        <div  class=\"tb_text_wrap\">\n        <p style=\"text-align: center\">Prawnik Marta Fandrey<\/p>    <\/div>\n<\/div>\n<!-- \/module text --><!-- module fancy heading -->\n<div  class=\"module module-fancy-heading tb_so1c387  tb_hide_divider\" data-lazy=\"1\">\n        <h2 class=\"fancy-heading tf_textc\">\n    <span class=\"main-head tf_block\">\n                                <\/span>\n\n    \n    <span class=\"sub-head tf_block tf_rel\">\n                    Jakie us\u0142ugi oferuje Marta Fandrey?            <\/span>\n    <\/h2>\n<\/div>\n<!-- \/module fancy heading -->\n        <div  data-lazy=\"1\" class=\"module_subrow themify_builder_sub_row tf_w col_align_top tb_col_count_2 tb_4k9v19\">\n                <div  data-lazy=\"1\" class=\"module_column sub_column col4-2 tb_c3me22 first\">\n                    <!-- module accordion -->\n<div  class=\"module module-accordion tb_ta8u143 \" data-behavior=\"toggle\" data-lazy=\"1\">\n    \n    <ul class=\"ui module-accordion  rounded shadow transparent\" itemscope itemtype=\"https:\/\/schema.org\/FAQPage\">\n            <li itemscope itemprop=\"mainEntity\" itemtype=\"https:\/\/schema.org\/Question\">\n            <h3 class=\"accordion-title tf_rel\" itemprop=\"name\">\n                <a href=\"#acc-ta8u143-0\" class=\"tb_title_accordion\" aria-controls=\"acc-ta8u143-0-content\" aria-expanded=\"false\">\n                    <i class=\"accordion-icon\"><svg  class=\"tf_fa tf-ti-angle-down\" aria-hidden=\"true\"><use href=\"#tf-ti-angle-down\"><\/use><\/svg><\/i>                    <i class=\"accordion-active-icon tf_hide\"><svg  class=\"tf_fa tf-ti-angle-up\" aria-hidden=\"true\"><use href=\"#tf-ti-angle-up\"><\/use><\/svg><\/i>                    <span class=\"accordion-title-wrap\">Mi\u0119dzynarodowe prawo gospodarcze i handlowe<\/span>                <\/a>\n            <\/h3><!-- .accordion-title -->\n            <div id=\"acc-ta8u143-0-content\" data-id=\"acc-ta8u143-0\" aria-hidden=\"true\" class=\"accordion-content tf_hide tf_clearfix\" itemscope itemprop=\"acceptedAnswer\" itemtype=\"https:\/\/schema.org\/Answer\">\n                        <div  data-lazy=\"1\" class=\"module_subrow themify_builder_sub_row tf_w col_align_top tb_col_count_1 tb_bxy4168\" itemprop=\"text\">\n                <div  data-lazy=\"1\" class=\"module_column sub_column tb_8hyr168 first\">\n                    <!-- module text -->\n<div  class=\"module module-text tb_83df168   \" data-lazy=\"1\">\n        <div  class=\"tb_text_wrap\">\n        <ul>\n<li>Sporz\u0105dzanie i opiniowanie mi\u0119dzynarodowych um\u00f3w handlowych<\/li>\n<li>Wsparcie w negocjacjach biznesowych<\/li>\n<li>Roszczenia o zap\u0142at\u0119 \u2013 transgraniczne spory pozas\u0105dowe i s\u0105dowe oraz egzekucja<\/li>\n<\/ul>    <\/div>\n<\/div>\n<!-- \/module text -->        <\/div>\n                    <\/div>\n                    <\/div><!-- .accordion-content -->\n        <\/li>\n            <li itemscope itemprop=\"mainEntity\" itemtype=\"https:\/\/schema.org\/Question\">\n            <h3 class=\"accordion-title tf_rel\" itemprop=\"name\">\n                <a href=\"#acc-ta8u143-1\" class=\"tb_title_accordion\" aria-controls=\"acc-ta8u143-1-content\" aria-expanded=\"false\">\n                    <i class=\"accordion-icon\"><svg  class=\"tf_fa tf-ti-angle-down\" aria-hidden=\"true\"><use href=\"#tf-ti-angle-down\"><\/use><\/svg><\/i>                    <i class=\"accordion-active-icon tf_hide\"><svg  class=\"tf_fa tf-ti-angle-up\" aria-hidden=\"true\"><use href=\"#tf-ti-angle-up\"><\/use><\/svg><\/i>                    <span class=\"accordion-title-wrap\">Prawo korporacyjne<\/span>                <\/a>\n            <\/h3><!-- .accordion-title -->\n            <div id=\"acc-ta8u143-1-content\" data-id=\"acc-ta8u143-1\" aria-hidden=\"true\" class=\"accordion-content tf_hide tf_clearfix\" itemscope itemprop=\"acceptedAnswer\" itemtype=\"https:\/\/schema.org\/Answer\">\n                        <div  data-lazy=\"1\" class=\"module_subrow themify_builder_sub_row tf_w col_align_top tb_col_count_1 tb_9cbp417\" itemprop=\"text\">\n                <div  data-lazy=\"1\" class=\"module_column sub_column tb_xjy7417 first\">\n                    <!-- module text -->\n<div  class=\"module module-text tb_8hck417   \" data-lazy=\"1\">\n        <div  class=\"tb_text_wrap\">\n        <ul>\n<li>Doradztwo w zakresie optymalnej formy dzia\u0142alno\u015bci gospodarczej za granic\u0105, dopasowane do Pa\u0144stwa potrzeb<\/li>\n<li>Za\u0142o\u017cenie firmy<\/li>\n<li>Transformacje, fuzje i przej\u0119cia<\/li>\n<\/ul>    <\/div>\n<\/div>\n<!-- \/module text -->        <\/div>\n                    <\/div>\n                    <\/div><!-- .accordion-content -->\n        <\/li>\n            <li itemscope itemprop=\"mainEntity\" itemtype=\"https:\/\/schema.org\/Question\">\n            <h3 class=\"accordion-title tf_rel\" itemprop=\"name\">\n                <a href=\"#acc-ta8u143-2\" class=\"tb_title_accordion\" aria-controls=\"acc-ta8u143-2-content\" aria-expanded=\"false\">\n                    <i class=\"accordion-icon\"><svg  class=\"tf_fa tf-ti-angle-down\" aria-hidden=\"true\"><use href=\"#tf-ti-angle-down\"><\/use><\/svg><\/i>                    <i class=\"accordion-active-icon tf_hide\"><svg  class=\"tf_fa tf-ti-angle-up\" aria-hidden=\"true\"><use href=\"#tf-ti-angle-up\"><\/use><\/svg><\/i>                    <span class=\"accordion-title-wrap\">Pewno\u015b\u0107 prawna w codziennym biznesie<\/span>                <\/a>\n            <\/h3><!-- .accordion-title -->\n            <div id=\"acc-ta8u143-2-content\" data-id=\"acc-ta8u143-2\" aria-hidden=\"true\" class=\"accordion-content tf_hide tf_clearfix\" itemscope itemprop=\"acceptedAnswer\" itemtype=\"https:\/\/schema.org\/Answer\">\n                        <div  data-lazy=\"1\" class=\"module_subrow themify_builder_sub_row tf_w col_align_top tb_col_count_1 tb_mmbe113\" itemprop=\"text\">\n                <div  data-lazy=\"1\" class=\"module_column sub_column tb_i52c113 first\">\n                    <!-- module text -->\n<div  class=\"module module-text tb_5a58113   \" data-lazy=\"1\">\n        <div  class=\"tb_text_wrap\">\n        <ul>\n<li>\n<p>Sporz\u0105dzanie i weryfikacja um\u00f3w o prac\u0119, um\u00f3w o prac\u0119 dla dyrektor\u00f3w zarz\u0105dzaj\u0105cych i kadry kierowniczej wy\u017cszego szczebla<\/p>\n<\/li>\n<\/ul>    <\/div>\n<\/div>\n<!-- \/module text -->        <\/div>\n                    <\/div>\n                    <\/div><!-- .accordion-content -->\n        <\/li>\n            <li itemscope itemprop=\"mainEntity\" itemtype=\"https:\/\/schema.org\/Question\">\n            <h3 class=\"accordion-title tf_rel\" itemprop=\"name\">\n                <a href=\"#acc-ta8u143-3\" class=\"tb_title_accordion\" aria-controls=\"acc-ta8u143-3-content\" aria-expanded=\"false\">\n                    <i class=\"accordion-icon\"><svg  class=\"tf_fa tf-ti-angle-down\" aria-hidden=\"true\"><use href=\"#tf-ti-angle-down\"><\/use><\/svg><\/i>                    <i class=\"accordion-active-icon tf_hide\"><svg  class=\"tf_fa tf-ti-angle-up\" aria-hidden=\"true\"><use href=\"#tf-ti-angle-up\"><\/use><\/svg><\/i>                    <span class=\"accordion-title-wrap\">Prawo um\u00f3w i prawo cywilne<\/span>                <\/a>\n            <\/h3><!-- .accordion-title -->\n            <div id=\"acc-ta8u143-3-content\" data-id=\"acc-ta8u143-3\" aria-hidden=\"true\" class=\"accordion-content tf_hide tf_clearfix\" itemscope itemprop=\"acceptedAnswer\" itemtype=\"https:\/\/schema.org\/Answer\">\n                        <div  data-lazy=\"1\" class=\"module_subrow themify_builder_sub_row tf_w col_align_top tb_col_count_1 tb_i0si198\" itemprop=\"text\">\n                <div  data-lazy=\"1\" class=\"module_column sub_column tb_r41h198 first\">\n                    <!-- module text -->\n<div  class=\"module module-text tb_lzfo198   \" data-lazy=\"1\">\n        <div  class=\"tb_text_wrap\">\n        <ul>\n<li class=\"\" data-start=\"258\" data-end=\"383\">\n<p class=\"\" data-start=\"260\" data-end=\"383\">Sporz\u0105dzanie i tworzenie indywidualnych um\u00f3w<br data-start=\"309\" data-end=\"312\">(np. umowy kupna, \u015bwiadczenia us\u0142ug, o dzie\u0142o, licencyjne, o wsp\u00f3\u0142pracy)<\/p>\n<\/li>\n<li class=\"\" data-start=\"385\" data-end=\"444\">\n<p class=\"\" data-start=\"387\" data-end=\"444\">Przegl\u0105d i ocena prawna istniej\u0105cych um\u00f3w<\/p>\n<\/li>\n<li class=\"\" data-start=\"446\" data-end=\"510\">\n<p class=\"\" data-start=\"448\" data-end=\"510\">Dostosowywanie um\u00f3w do prawa niemieckiego lub polskiego<\/p>\n<\/li>\n<li class=\"\" data-start=\"512\" data-end=\"640\">\n<p class=\"\" data-start=\"514\" data-end=\"640\">Negocjacje umowne (r\u00f3wnie\u017c dwuj\u0119zyczne) oraz wsparcie prawne w negocjacjach krajowych i transgranicznych<\/p>\n<\/li>\n<li class=\"\" data-start=\"642\" data-end=\"715\">\n<p class=\"\" data-start=\"644\" data-end=\"715\">Sporz\u0105dzanie i opiniowanie og\u00f3lnych warunk\u00f3w handlowych (OWH)<\/p>\n<\/li>\n<li class=\"\" data-start=\"717\" data-end=\"791\">\n<p class=\"\" data-start=\"719\" data-end=\"791\">Sporz\u0105dzanie um\u00f3w ramowych i mi\u0119dzynarodowych stosunk\u00f3w dostaw<\/p>\n<\/li>\n<li class=\"\" data-start=\"793\" data-end=\"867\">\n<p class=\"\" data-start=\"795\" data-end=\"867\">Porady dotycz\u0105ce rozwi\u0105zania, anulowania, odst\u0105pienia od umowy lub wniesienia sprzeciwu<\/p>\n<\/li>\n<li class=\"\" data-start=\"869\" data-end=\"955\">\n<p class=\"\" data-start=\"871\" data-end=\"955\">Egzekwowanie i obrona roszcze\u0144 umownych (pozas\u0105dowo i s\u0105dowo)<\/p>\n<\/li>\n<li class=\"\" data-start=\"957\" data-end=\"1007\">\n<p class=\"\" data-start=\"959\" data-end=\"1007\">Unikanie i rozwi\u0105zywanie spor\u00f3w umownych<\/p>\n<\/li>\n<li class=\"\" data-start=\"1009\" data-end=\"1100\">\n<p class=\"\" data-start=\"1011\" data-end=\"1100\">T\u0142umaczenie i por\u00f3wnywanie um\u00f3w zgodnie z prawem (niemiecki\/polski)<\/p>\n<\/li>\n<li class=\"\" data-start=\"1102\" data-end=\"1214\">\n<p class=\"\" data-start=\"1104\" data-end=\"1214\">Porady dotycz\u0105ce typowych klauzul, takich jak klauzula odpowiedzialno\u015bci, gwarancji, kary pieni\u0119\u017cnej, jurysdykcji, wyboru prawa itp.<\/p>\n<\/li>\n<li class=\"\" data-start=\"1216\" data-end=\"1288\">\n<p class=\"\" data-start=\"1218\" data-end=\"1288\">Zarz\u0105dzanie umowami i ocena ryzyka w bie\u017c\u0105cych operacjach biznesowych<\/p>\n<\/li>\n<\/ul>    <\/div>\n<\/div>\n<!-- \/module text -->        <\/div>\n                    <\/div>\n                    <\/div><!-- .accordion-content -->\n        <\/li>\n        <\/ul>\n\n<\/div><!-- \/module accordion -->        <\/div>\n                    <div  data-lazy=\"1\" class=\"module_column sub_column col4-2 tb_3auc24 last\">\n                    <!-- module image -->\n<div  class=\"module module-image tb_uwpm585 image-center drop-shadow circle  tf_mw\" data-lazy=\"1\">\n        <div class=\"image-wrap tf_rel tf_mw\">\n            <img loading=\"lazy\" decoding=\"async\" src=\"https:\/\/www.kontentiert-legal.de\/wp-content\/uploads\/2025\/04\/2.svg\" width=\"320\" height=\"320\" class=\"wp-post-image wp-image-1563\" title=\"2\" alt=\"Us\u0142ugi z zakresu prawa pracy\">    \n        <\/div>\n    <!-- \/image-wrap -->\n    \n        <\/div>\n<!-- \/module image -->        <\/div>\n                    <\/div>\n                <\/div>\n                        <\/div>\n        <\/div>\n                        <div  data-lazy=\"1\" class=\"module_row themify_builder_row tb_6hpc31 tf_w\">\n                        <div class=\"row_inner col_align_top tb_col_count_1 tf_box tf_rel\">\n                        <div  data-lazy=\"1\" class=\"module_column tb-column col-full tb_j0c331 first\">\n                    <!-- module text -->\n<div  class=\"module module-text tb_gz6131   \" data-lazy=\"1\">\n        <div  class=\"tb_text_wrap\">\n        <p style=\"text-align: center\">Prawnik Alicja Wilczek<\/p>    <\/div>\n<\/div>\n<!-- \/module text --><!-- module fancy heading -->\n<div  class=\"module module-fancy-heading tb_xczh31  tb_hide_divider\" data-lazy=\"1\">\n        <h2 class=\"fancy-heading tf_textc\">\n    <span class=\"main-head tf_block\">\n                                <\/span>\n\n    \n    <span class=\"sub-head tf_block tf_rel\">\n                    Jakie us\u0142ugi oferuje Alicja Wilczek?            <\/span>\n    <\/h2>\n<\/div>\n<!-- \/module fancy heading -->\n        <div  data-lazy=\"1\" class=\"module_subrow themify_builder_sub_row tf_w col_align_top tb_col_count_2 tb_isyf31\">\n                <div  data-lazy=\"1\" class=\"module_column sub_column col4-2 tb_0kck31 first\">\n                    <!-- module accordion -->\n<div  class=\"module module-accordion tb_9g4b31 \" data-behavior=\"toggle\" data-lazy=\"1\">\n    \n    <ul class=\"ui module-accordion  rounded shadow transparent\" itemscope itemtype=\"https:\/\/schema.org\/FAQPage\">\n            <li itemscope itemprop=\"mainEntity\" itemtype=\"https:\/\/schema.org\/Question\">\n            <h3 class=\"accordion-title tf_rel\" itemprop=\"name\">\n                <a href=\"#acc-9g4b31-0\" class=\"tb_title_accordion\" aria-controls=\"acc-9g4b31-0-content\" aria-expanded=\"false\">\n                    <i class=\"accordion-icon\"><svg  class=\"tf_fa tf-ti-angle-down\" aria-hidden=\"true\"><use href=\"#tf-ti-angle-down\"><\/use><\/svg><\/i>                    <i class=\"accordion-active-icon tf_hide\"><svg  class=\"tf_fa tf-ti-angle-up\" aria-hidden=\"true\"><use href=\"#tf-ti-angle-up\"><\/use><\/svg><\/i>                    <span class=\"accordion-title-wrap\">Prawo o ochronie danych<\/span>                <\/a>\n            <\/h3><!-- .accordion-title -->\n            <div id=\"acc-9g4b31-0-content\" data-id=\"acc-9g4b31-0\" aria-hidden=\"true\" class=\"accordion-content tf_hide tf_clearfix\" itemscope itemprop=\"acceptedAnswer\" itemtype=\"https:\/\/schema.org\/Answer\">\n                        <div  data-lazy=\"1\" class=\"module_subrow themify_builder_sub_row tf_w col_align_top tb_col_count_1 tb_u4zx31\" itemprop=\"text\">\n                <div  data-lazy=\"1\" class=\"module_column sub_column tb_s1j731 first\">\n                    <!-- module text -->\n<div  class=\"module module-text tb_ibvy31   \" data-lazy=\"1\">\n        <div  class=\"tb_text_wrap\">\n        <ul>\n<li>Audyty prywatno\u015bci danych dla stron internetowych, sklep\u00f3w i aplikacji<\/li>\n<li>Audyty ochrony danych dla firm<\/li>\n<li>Rola zewn\u0119trznego Inspektora Ochrony Danych (Inspektor Ochrony Danych)<\/li>\n<li>Sporz\u0105dzanie um\u00f3w o zachowaniu poufno\u015bci (umowy o zachowaniu poufno\u015bci, umowy o zachowaniu tajemnicy)<\/li>\n<li>Sporz\u0105dzanie um\u00f3w o przetwarzaniu danych (Umowy o przetwarzaniu danych)<\/li>\n<li>Tworzenie rejestr\u00f3w czynno\u015bci przetwarzania (Rejestr czynno\u015bci przetwarzania \/ Katalog czynno\u015bci przetwarzania)<\/li>\n<li>Reprezentacja przed organami nadzorczymi ds. ochrony danych osobowych<\/li>\n<li>Ostrze\u017cenia dotycz\u0105ce narusze\u0144 ochrony danych \u2013 sporz\u0105dzanie i obrona<\/li>\n<li>Reprezentacja prawna w sporach s\u0105dowych i pozas\u0105dowych dotycz\u0105cych prawa ochrony danych<\/li>\n<\/ul>    <\/div>\n<\/div>\n<!-- \/module text -->        <\/div>\n                    <\/div>\n                    <\/div><!-- .accordion-content -->\n        <\/li>\n            <li itemscope itemprop=\"mainEntity\" itemtype=\"https:\/\/schema.org\/Question\">\n            <h3 class=\"accordion-title tf_rel\" itemprop=\"name\">\n                <a href=\"#acc-9g4b31-1\" class=\"tb_title_accordion\" aria-controls=\"acc-9g4b31-1-content\" aria-expanded=\"false\">\n                    <i class=\"accordion-icon\"><svg  class=\"tf_fa tf-ti-angle-down\" aria-hidden=\"true\"><use href=\"#tf-ti-angle-down\"><\/use><\/svg><\/i>                    <i class=\"accordion-active-icon tf_hide\"><svg  class=\"tf_fa tf-ti-angle-up\" aria-hidden=\"true\"><use href=\"#tf-ti-angle-up\"><\/use><\/svg><\/i>                    <span class=\"accordion-title-wrap\">Prawo internetowe<\/span>                <\/a>\n            <\/h3><!-- .accordion-title -->\n            <div id=\"acc-9g4b31-1-content\" data-id=\"acc-9g4b31-1\" aria-hidden=\"true\" class=\"accordion-content tf_hide tf_clearfix\" itemscope itemprop=\"acceptedAnswer\" itemtype=\"https:\/\/schema.org\/Answer\">\n                        <div  data-lazy=\"1\" class=\"module_subrow themify_builder_sub_row tf_w col_align_top tb_col_count_1 tb_3dqp862\" itemprop=\"text\">\n                <div  data-lazy=\"1\" class=\"module_column sub_column tb_govg862 first\">\n                    <!-- module text -->\n<div  class=\"module module-text tb_jde4862   \" data-lazy=\"1\">\n        <div  class=\"tb_text_wrap\">\n        <ul>\n<li>Audyty prawne i techniczne stron internetowych, sklep\u00f3w internetowych, aplikacji mobilnych, program\u00f3w, platform, blog\u00f3w i medi\u00f3w spo\u0142eczno\u015bciowych.<\/li>\n<li>Indywidualne, \u201eszyte na miar\u0119\u201d sporz\u0105dzanie lub weryfikacja:\n<ul>\n<li>Og\u00f3lne Warunki Handlowe (OWH)<\/li>\n<li>Warunki korzystania<\/li>\n<li>Nota prawna<\/li>\n<li>Odst\u0105pienia od umowy<\/li>\n<li>Umowy licencyjne u\u017cytkownika ko\u0144cowego (EULA)<\/li>\n<li>Warunki licencji<\/li>\n<\/ul>\n<\/li>\n<li>Weryfikacja i w razie potrzeby usuwanie fa\u0142szywych informacji z Internetu (opinie online, blogi, portale spo\u0142eczno\u015bciowe, strony internetowe)<\/li>\n<li>Oceny i opinie prawne<\/li>\n<li>Pisma o zaprzestaniu narusze\u0144 prawa internetowego \u2013 sporz\u0105dzanie i obrona<\/li>\n<li>Reprezentacja prawna w s\u0105dzie i poza nim<\/li>\n<\/ul>    <\/div>\n<\/div>\n<!-- \/module text -->        <\/div>\n                    <\/div>\n                    <\/div><!-- .accordion-content -->\n        <\/li>\n            <li itemscope itemprop=\"mainEntity\" itemtype=\"https:\/\/schema.org\/Question\">\n            <h3 class=\"accordion-title tf_rel\" itemprop=\"name\">\n                <a href=\"#acc-9g4b31-2\" class=\"tb_title_accordion\" aria-controls=\"acc-9g4b31-2-content\" aria-expanded=\"false\">\n                    <i class=\"accordion-icon\"><svg  class=\"tf_fa tf-ti-angle-down\" aria-hidden=\"true\"><use href=\"#tf-ti-angle-down\"><\/use><\/svg><\/i>                    <i class=\"accordion-active-icon tf_hide\"><svg  class=\"tf_fa tf-ti-angle-up\" aria-hidden=\"true\"><use href=\"#tf-ti-angle-up\"><\/use><\/svg><\/i>                    <span class=\"accordion-title-wrap\">Prawo um\u00f3w<\/span>                <\/a>\n            <\/h3><!-- .accordion-title -->\n            <div id=\"acc-9g4b31-2-content\" data-id=\"acc-9g4b31-2\" aria-hidden=\"true\" class=\"accordion-content tf_hide tf_clearfix\" itemscope itemprop=\"acceptedAnswer\" itemtype=\"https:\/\/schema.org\/Answer\">\n                        <div  data-lazy=\"1\" class=\"module_subrow themify_builder_sub_row tf_w col_align_top tb_col_count_1 tb_ptng267\" itemprop=\"text\">\n                <div  data-lazy=\"1\" class=\"module_column sub_column tb_wdyh267 first\">\n                    <!-- module text -->\n<div  class=\"module module-text tb_ax5c267   \" data-lazy=\"1\">\n        <div  class=\"tb_text_wrap\">\n        <ul>\n<li class=\"\" data-start=\"258\" data-end=\"383\">\n<p class=\"\" data-start=\"260\" data-end=\"383\">Sporz\u0105dzanie i tworzenie indywidualnych um\u00f3w<br data-start=\"309\" data-end=\"312\">(np. umowy kupna, \u015bwiadczenia us\u0142ug, o dzie\u0142o, licencyjne, o wsp\u00f3\u0142pracy)<\/p>\n<\/li>\n<li class=\"\" data-start=\"385\" data-end=\"444\">\n<p class=\"\" data-start=\"387\" data-end=\"444\">Przegl\u0105d i ocena prawna istniej\u0105cych um\u00f3w<\/p>\n<\/li>\n<li class=\"\" data-start=\"446\" data-end=\"510\">\n<p class=\"\" data-start=\"448\" data-end=\"510\">Dostosowywanie um\u00f3w do prawa niemieckiego lub polskiego<\/p>\n<\/li>\n<li class=\"\" data-start=\"512\" data-end=\"640\">\n<p class=\"\" data-start=\"514\" data-end=\"640\">Negocjacje umowne (r\u00f3wnie\u017c dwuj\u0119zyczne) oraz wsparcie prawne w negocjacjach krajowych i transgranicznych<\/p>\n<\/li>\n<li class=\"\" data-start=\"642\" data-end=\"715\">\n<p class=\"\" data-start=\"644\" data-end=\"715\">Sporz\u0105dzanie i opiniowanie og\u00f3lnych warunk\u00f3w handlowych (OWH)<\/p>\n<\/li>\n<li class=\"\" data-start=\"717\" data-end=\"791\">\n<p class=\"\" data-start=\"719\" data-end=\"791\">Sporz\u0105dzanie um\u00f3w ramowych i mi\u0119dzynarodowych stosunk\u00f3w dostaw<\/p>\n<\/li>\n<li class=\"\" data-start=\"793\" data-end=\"867\">\n<p class=\"\" data-start=\"795\" data-end=\"867\">Porady dotycz\u0105ce rozwi\u0105zania, anulowania, odst\u0105pienia od umowy lub wniesienia sprzeciwu<\/p>\n<\/li>\n<li class=\"\" data-start=\"869\" data-end=\"955\">\n<p class=\"\" data-start=\"871\" data-end=\"955\">Egzekwowanie i obrona roszcze\u0144 umownych (pozas\u0105dowo i s\u0105dowo)<\/p>\n<\/li>\n<li class=\"\" data-start=\"957\" data-end=\"1007\">\n<p class=\"\" data-start=\"959\" data-end=\"1007\">Unikanie i rozwi\u0105zywanie spor\u00f3w umownych<\/p>\n<\/li>\n<li class=\"\" data-start=\"1009\" data-end=\"1100\">\n<p class=\"\" data-start=\"1011\" data-end=\"1100\">T\u0142umaczenie i por\u00f3wnywanie um\u00f3w zgodnie z prawem (niemiecki\/polski)<\/p>\n<\/li>\n<li class=\"\" data-start=\"1102\" data-end=\"1214\">\n<p class=\"\" data-start=\"1104\" data-end=\"1214\">Porady dotycz\u0105ce typowych klauzul, takich jak klauzula odpowiedzialno\u015bci, gwarancji, kary pieni\u0119\u017cnej, jurysdykcji, wyboru prawa itp.<\/p>\n<\/li>\n<li class=\"\" data-start=\"1216\" data-end=\"1288\">\n<p class=\"\" data-start=\"1218\" data-end=\"1288\">Zarz\u0105dzanie umowami i ocena ryzyka w bie\u017c\u0105cych operacjach biznesowych<\/p>\n<\/li>\n<\/ul>    <\/div>\n<\/div>\n<!-- \/module text -->        <\/div>\n                    <\/div>\n                    <\/div><!-- .accordion-content -->\n        <\/li>\n            <li itemscope itemprop=\"mainEntity\" itemtype=\"https:\/\/schema.org\/Question\">\n            <h3 class=\"accordion-title tf_rel\" itemprop=\"name\">\n                <a href=\"#acc-9g4b31-3\" class=\"tb_title_accordion\" aria-controls=\"acc-9g4b31-3-content\" aria-expanded=\"false\">\n                    <i class=\"accordion-icon\"><svg  class=\"tf_fa tf-ti-angle-down\" aria-hidden=\"true\"><use href=\"#tf-ti-angle-down\"><\/use><\/svg><\/i>                    <i class=\"accordion-active-icon tf_hide\"><svg  class=\"tf_fa tf-ti-angle-up\" aria-hidden=\"true\"><use href=\"#tf-ti-angle-up\"><\/use><\/svg><\/i>                    <span class=\"accordion-title-wrap\">Prawo w\u0142asno\u015bci intelektualnej (IP) i prawo konkurencji<\/span>                <\/a>\n            <\/h3><!-- .accordion-title -->\n            <div id=\"acc-9g4b31-3-content\" data-id=\"acc-9g4b31-3\" aria-hidden=\"true\" class=\"accordion-content tf_hide tf_clearfix\" itemscope itemprop=\"acceptedAnswer\" itemtype=\"https:\/\/schema.org\/Answer\">\n                        <div  data-lazy=\"1\" class=\"module_subrow themify_builder_sub_row tf_w col_align_top tb_col_count_1 tb_dn5w830\" itemprop=\"text\">\n                <div  data-lazy=\"1\" class=\"module_column sub_column tb_xr1j830 first\">\n                    <!-- module text -->\n<div  class=\"module module-text tb_lrzv830   \" data-lazy=\"1\">\n        <div  class=\"tb_text_wrap\">\n        <ul>\n<li>Rejestracja niemieckich i europejskich znak\u00f3w towarowych i symboli<\/li>\n<li>Pisma o zaprzestaniu narusze\u0144 praw autorskich, znak\u00f3w towarowych i przepis\u00f3w o nieuczciwej konkurencji \u2013 sporz\u0105dzanie i obrona<\/li>\n<li>Oceny i opinie prawne<\/li>\n<\/ul>    <\/div>\n<\/div>\n<!-- \/module text -->        <\/div>\n                    <\/div>\n                    <\/div><!-- .accordion-content -->\n        <\/li>\n        <\/ul>\n\n<\/div><!-- \/module accordion -->        <\/div>\n                    <div  data-lazy=\"1\" class=\"module_column sub_column col4-2 tb_rwon31 last\">\n                    <!-- module image -->\n<div  class=\"module module-image tb_l3es31 image-center drop-shadow circle  tf_mw\" data-lazy=\"1\">\n        <div class=\"image-wrap tf_rel tf_mw\">\n            <img loading=\"lazy\" decoding=\"async\" src=\"https:\/\/www.kontentiert-legal.de\/wp-content\/uploads\/2025\/04\/3.svg\" width=\"300\" height=\"300\" class=\"wp-post-image wp-image-1561\" title=\"3\" alt=\"Us\u0142ugi Ochrona danych\">    \n        <\/div>\n    <!-- \/image-wrap -->\n    \n        <\/div>\n<!-- \/module image -->        <\/div>\n                    <\/div>\n                <\/div>\n                        <\/div>\n        <\/div>\n                        <div  data-lazy=\"1\" class=\"module_row themify_builder_row tb_6bl0279 tf_w\">\n                        <div class=\"row_inner col_align_top tb_col_count_1 tf_box tf_rel\">\n                        <div  data-lazy=\"1\" class=\"module_column tb-column col-full tb_aw28279 first\">\n                    <!-- module template_part -->\n<div  class=\"module module-layout-part tb_hb27780 \">\n    <div class=\"tb_layout_part_wrap tf_w\"><!--themify_builder_content-->\n    <div  class=\"themify_builder_content themify_builder_content-2065 themify_builder not_editable_builder in_the_loop\" data-postid=\"2065\">\n                        <div  data-lazy=\"1\" class=\"module_row themify_builder_row tb_0xel407 tf_w\">\n                        <div class=\"row_inner col_align_top tb_col_count_1 tf_box tf_rel\">\n                        <div  data-lazy=\"1\" class=\"module_column tb-column col-full tb_lt1r407 first\">\n                            <div  data-lazy=\"1\" class=\"module_subrow themify_builder_sub_row tf_w col_align_top tb_col_count_1 tb_ir2n407\">\n                <div  data-lazy=\"1\" class=\"module_column sub_column col-full tb_vg6o407 first\">\n                            <div  data-lazy=\"1\" class=\"module_subrow themify_builder_sub_row tf_w col_align_middle tb_col_count_2 tb_652w635\">\n                <div  data-lazy=\"1\" class=\"module_column sub_column col4-2 tb_nwof635 first\">\n                    <!-- module image -->\n<div  class=\"module module-image tb_5vog100 image-center   tf_mw\" data-lazy=\"1\">\n        <div class=\"image-wrap tf_rel tf_mw\">\n            <img decoding=\"async\" src=\"https:\/\/www.kontentiert-legal.de\/wp-content\/uploads\/2025\/04\/marta-fandrey-alicja-wilczek.svg\" class=\"wp-post-image wp-image-1413\" title=\"marta-fandrey-alicja-wilczek\" alt=\"ALICJA WILCZEK\">    \n        <\/div>\n    <!-- \/image-wrap -->\n    \n        <\/div>\n<!-- \/module image -->        <\/div>\n                    <div  data-lazy=\"1\" class=\"module_column sub_column col4-2 tb_6nzm636 last\">\n                    <!-- module text -->\n<div  class=\"module module-text tb_9yau407   \" data-lazy=\"1\">\n        <div  class=\"tb_text_wrap\">\n        <h3>Potrzebujesz wsparcia prawnego?<\/h3>\n<p><span style=\"font-size: 1.1em;\">Skontaktuj si\u0119 z nami \u2013 prosto, szybko i niezawodnie.<\/span><\/p>    <\/div>\n<\/div>\n<!-- \/module text --><!-- module buttons -->\n<div  class=\"module module-buttons tb_l59k407 buttons-horizontal solid  large circle\" data-lazy=\"1\">\n        <div class=\"module-buttons-item tf_in_flx\">\n                        <a href=\"\/pl\/kontakt\/\" class=\"ui builder_button tf_in_flx green\" >\n                                                Skontaktuj si\u0119 z nami                                        <\/a>\n                <\/div>\n            <\/div>\n<!-- \/module buttons -->\n        <\/div>\n                    <\/div>\n                <\/div>\n                    <\/div>\n                <\/div>\n                        <\/div>\n        <\/div>\n            <\/div>\n<!--\/themify_builder_content--><\/div>\n<\/div>\n<!-- \/module template_part -->        <\/div>\n                        <\/div>\n        <\/div>\n                        <div  data-lazy=\"1\" class=\"module_row themify_builder_row tb_6bho918 tf_w\">\n                        <div class=\"row_inner col_align_top tb_col_count_1 tf_box tf_rel\">\n                        <div  data-lazy=\"1\" class=\"module_column tb-column col-full tb_yfj6918 first\">\n                            <\/div>\n                        <\/div>\n        <\/div>\n        <\/div>\n<!--\/themify_builder_content-->","protected":false},"excerpt":{"rendered":"<p>Zgodne z prawem \u2013 kompleksowe i dwuj\u0119zyczne Us\u0142ugi Jako niemiecko-polscy prawnicy o zr\u00f3\u017cnicowanych specjalizacjach, wsp\u00f3lnie zajmujemy si\u0119 ca\u0142ym spektrum prawa handlowego. Dzi\u0119ki naszej \u015bcis\u0142ej wsp\u00f3\u0142pracy, korzystaj\u0105 Pa\u0144stwo ze wsp\u00f3lnej wiedzy specjalistycznej \u2013 od prawa korporacyjnego i sporz\u0105dzania um\u00f3w, po ochron\u0119 danych i prawo online. Prawnik Marta Fandrey Jakie us\u0142ugi oferuje Marta Fandrey? Mi\u0119dzynarodowe prawo gospodarcze [&hellip;]<\/p>\n","protected":false},"author":1,"featured_media":0,"parent":0,"menu_order":0,"comment_status":"closed","ping_status":"closed","template":"","meta":{"footnotes":""},"class_list":["post-2160","page","type-page","status-publish","hentry","has-post-title","has-post-date","has-post-category","has-post-tag","has-post-comment","has-post-author",""],"yoast_head":"<!-- This site is optimized with the Yoast SEO plugin v27.0 - https:\/\/yoast.com\/product\/yoast-seo-wordpress\/ -->\n<title>Wy - KONTENTIERT LEGAL<\/title>\n<meta name=\"description\" content=\"Jako niemiecko-polscy prawnicy specjalizuj\u0105cy si\u0119 w r\u00f3\u017cnych dziedzinach, zajmujemy si\u0119 ca\u0142ym spektrum prawa handlowego.\" \/>\n<meta name=\"robots\" content=\"index, follow, max-snippet:-1, max-image-preview:large, max-video-preview:-1\" \/>\n<link rel=\"canonical\" href=\"https:\/\/www.kontentiert-legal.de\/pl\/wy\/\" \/>\n<meta property=\"og:locale\" content=\"pl_PL\" \/>\n<meta property=\"og:type\" content=\"article\" \/>\n<meta property=\"og:title\" content=\"Wy - KONTENTIERT LEGAL\" \/>\n<meta property=\"og:description\" content=\"Jako niemiecko-polscy prawnicy specjalizuj\u0105cy si\u0119 w r\u00f3\u017cnych dziedzinach, zajmujemy si\u0119 ca\u0142ym spektrum prawa handlowego.\" \/>\n<meta property=\"og:url\" content=\"https:\/\/www.kontentiert-legal.de\/pl\/wy\/\" \/>\n<meta property=\"og:site_name\" content=\"Kontentiert-legal\" \/>\n<meta property=\"article:modified_time\" content=\"2025-11-25T11:28:34+00:00\" \/>\n<meta name=\"twitter:card\" content=\"summary_large_image\" \/>\n<meta name=\"twitter:label1\" content=\"Szacowany czas czytania\" \/>\n\t<meta name=\"twitter:data1\" content=\"6 minut\" \/>\n<script type=\"application\/ld+json\" class=\"yoast-schema-graph\">{\"@context\":\"https:\/\/schema.org\",\"@graph\":[{\"@type\":\"WebPage\",\"@id\":\"https:\/\/www.kontentiert-legal.de\/pl\/wy\/\",\"url\":\"https:\/\/www.kontentiert-legal.de\/pl\/wy\/\",\"name\":\"Wy - KONTENTIERT LEGAL\",\"isPartOf\":{\"@id\":\"https:\/\/www.kontentiert-legal.de\/pl\/#website\"},\"primaryImageOfPage\":{\"@id\":\"https:\/\/www.kontentiert-legal.de\/pl\/wy\/#primaryimage\"},\"image\":{\"@id\":\"https:\/\/www.kontentiert-legal.de\/pl\/wy\/#primaryimage\"},\"thumbnailUrl\":\"https:\/\/www.kontentiert-legal.de\/wp-content\/uploads\/2025\/04\/kon-legal.svg\",\"datePublished\":\"2025-04-15T11:19:34+00:00\",\"dateModified\":\"2025-11-25T11:28:34+00:00\",\"description\":\"Jako niemiecko-polscy prawnicy specjalizuj\u0105cy si\u0119 w r\u00f3\u017cnych dziedzinach, zajmujemy si\u0119 ca\u0142ym spektrum prawa handlowego.\",\"breadcrumb\":{\"@id\":\"https:\/\/www.kontentiert-legal.de\/pl\/wy\/#breadcrumb\"},\"inLanguage\":\"pl-PL\",\"potentialAction\":[{\"@type\":\"ReadAction\",\"target\":[\"https:\/\/www.kontentiert-legal.de\/pl\/wy\/\"]}]},{\"@type\":\"ImageObject\",\"inLanguage\":\"pl-PL\",\"@id\":\"https:\/\/www.kontentiert-legal.de\/pl\/wy\/#primaryimage\",\"url\":\"https:\/\/www.kontentiert-legal.de\/wp-content\/uploads\/2025\/04\/kon-legal.svg\",\"contentUrl\":\"https:\/\/www.kontentiert-legal.de\/wp-content\/uploads\/2025\/04\/kon-legal.svg\"},{\"@type\":\"BreadcrumbList\",\"@id\":\"https:\/\/www.kontentiert-legal.de\/pl\/wy\/#breadcrumb\",\"itemListElement\":[{\"@type\":\"ListItem\",\"position\":1,\"name\":\"Strona g\u0142\u00f3wna\",\"item\":\"https:\/\/www.kontentiert-legal.de\/pl\/\"},{\"@type\":\"ListItem\",\"position\":2,\"name\":\"Wy\"}]},{\"@type\":\"WebSite\",\"@id\":\"https:\/\/www.kontentiert-legal.de\/pl\/#website\",\"url\":\"https:\/\/www.kontentiert-legal.de\/pl\/\",\"name\":\"KONTENTIERT LEGAL\",\"description\":\"KON LEGAL\",\"publisher\":{\"@id\":\"https:\/\/www.kontentiert-legal.de\/pl\/#organization\"},\"alternateName\":\"KON LEGAL\",\"potentialAction\":[{\"@type\":\"SearchAction\",\"target\":{\"@type\":\"EntryPoint\",\"urlTemplate\":\"https:\/\/www.kontentiert-legal.de\/pl\/?s={search_term_string}\"},\"query-input\":{\"@type\":\"PropertyValueSpecification\",\"valueRequired\":true,\"valueName\":\"search_term_string\"}}],\"inLanguage\":\"pl-PL\"},{\"@type\":\"Organization\",\"@id\":\"https:\/\/www.kontentiert-legal.de\/pl\/#organization\",\"name\":\"KONTENTIERT LEGAL\",\"alternateName\":\"KON LEGAL\",\"url\":\"https:\/\/www.kontentiert-legal.de\/pl\/\",\"logo\":{\"@type\":\"ImageObject\",\"inLanguage\":\"pl-PL\",\"@id\":\"https:\/\/www.kontentiert-legal.de\/pl\/#\/schema\/logo\/image\/\",\"url\":\"https:\/\/www.kontentiert-legal.de\/wp-content\/uploads\/2025\/03\/logo-kontentiert-legal.svg\",\"contentUrl\":\"https:\/\/www.kontentiert-legal.de\/wp-content\/uploads\/2025\/03\/logo-kontentiert-legal.svg\",\"width\":1,\"height\":1,\"caption\":\"KONTENTIERT LEGAL\"},\"image\":{\"@id\":\"https:\/\/www.kontentiert-legal.de\/pl\/#\/schema\/logo\/image\/\"}}]}<\/script>\n<!-- \/ Yoast SEO plugin. -->","yoast_head_json":{"title":"Wy - KONTENTIERT LEGAL","description":"Jako niemiecko-polscy prawnicy specjalizuj\u0105cy si\u0119 w r\u00f3\u017cnych dziedzinach, zajmujemy si\u0119 ca\u0142ym spektrum prawa handlowego.","robots":{"index":"index","follow":"follow","max-snippet":"max-snippet:-1","max-image-preview":"max-image-preview:large","max-video-preview":"max-video-preview:-1"},"canonical":"https:\/\/www.kontentiert-legal.de\/pl\/wy\/","og_locale":"pl_PL","og_type":"article","og_title":"Wy - KONTENTIERT LEGAL","og_description":"Jako niemiecko-polscy prawnicy specjalizuj\u0105cy si\u0119 w r\u00f3\u017cnych dziedzinach, zajmujemy si\u0119 ca\u0142ym spektrum prawa handlowego.","og_url":"https:\/\/www.kontentiert-legal.de\/pl\/wy\/","og_site_name":"Kontentiert-legal","article_modified_time":"2025-11-25T11:28:34+00:00","twitter_card":"summary_large_image","twitter_misc":{"Szacowany czas czytania":"6 minut"},"schema":{"@context":"https:\/\/schema.org","@graph":[{"@type":"WebPage","@id":"https:\/\/www.kontentiert-legal.de\/pl\/wy\/","url":"https:\/\/www.kontentiert-legal.de\/pl\/wy\/","name":"Wy - KONTENTIERT LEGAL","isPartOf":{"@id":"https:\/\/www.kontentiert-legal.de\/pl\/#website"},"primaryImageOfPage":{"@id":"https:\/\/www.kontentiert-legal.de\/pl\/wy\/#primaryimage"},"image":{"@id":"https:\/\/www.kontentiert-legal.de\/pl\/wy\/#primaryimage"},"thumbnailUrl":"https:\/\/www.kontentiert-legal.de\/wp-content\/uploads\/2025\/04\/kon-legal.svg","datePublished":"2025-04-15T11:19:34+00:00","dateModified":"2025-11-25T11:28:34+00:00","description":"Jako niemiecko-polscy prawnicy specjalizuj\u0105cy si\u0119 w r\u00f3\u017cnych dziedzinach, zajmujemy si\u0119 ca\u0142ym spektrum prawa handlowego.","breadcrumb":{"@id":"https:\/\/www.kontentiert-legal.de\/pl\/wy\/#breadcrumb"},"inLanguage":"pl-PL","potentialAction":[{"@type":"ReadAction","target":["https:\/\/www.kontentiert-legal.de\/pl\/wy\/"]}]},{"@type":"ImageObject","inLanguage":"pl-PL","@id":"https:\/\/www.kontentiert-legal.de\/pl\/wy\/#primaryimage","url":"https:\/\/www.kontentiert-legal.de\/wp-content\/uploads\/2025\/04\/kon-legal.svg","contentUrl":"https:\/\/www.kontentiert-legal.de\/wp-content\/uploads\/2025\/04\/kon-legal.svg"},{"@type":"BreadcrumbList","@id":"https:\/\/www.kontentiert-legal.de\/pl\/wy\/#breadcrumb","itemListElement":[{"@type":"ListItem","position":1,"name":"Strona g\u0142\u00f3wna","item":"https:\/\/www.kontentiert-legal.de\/pl\/"},{"@type":"ListItem","position":2,"name":"Wy"}]},{"@type":"WebSite","@id":"https:\/\/www.kontentiert-legal.de\/pl\/#website","url":"https:\/\/www.kontentiert-legal.de\/pl\/","name":"KONTENTIERT LEGAL","description":"KON LEGAL","publisher":{"@id":"https:\/\/www.kontentiert-legal.de\/pl\/#organization"},"alternateName":"KON LEGAL","potentialAction":[{"@type":"SearchAction","target":{"@type":"EntryPoint","urlTemplate":"https:\/\/www.kontentiert-legal.de\/pl\/?s={search_term_string}"},"query-input":{"@type":"PropertyValueSpecification","valueRequired":true,"valueName":"search_term_string"}}],"inLanguage":"pl-PL"},{"@type":"Organization","@id":"https:\/\/www.kontentiert-legal.de\/pl\/#organization","name":"KONTENTIERT LEGAL","alternateName":"KON LEGAL","url":"https:\/\/www.kontentiert-legal.de\/pl\/","logo":{"@type":"ImageObject","inLanguage":"pl-PL","@id":"https:\/\/www.kontentiert-legal.de\/pl\/#\/schema\/logo\/image\/","url":"https:\/\/www.kontentiert-legal.de\/wp-content\/uploads\/2025\/03\/logo-kontentiert-legal.svg","contentUrl":"https:\/\/www.kontentiert-legal.de\/wp-content\/uploads\/2025\/03\/logo-kontentiert-legal.svg","width":1,"height":1,"caption":"KONTENTIERT LEGAL"},"image":{"@id":"https:\/\/www.kontentiert-legal.de\/pl\/#\/schema\/logo\/image\/"}}]}},"builder_content":"<p>Zgodne z prawem \u2013 kompleksowe i dwuj\u0119zyczne<\/p>\n<h1>Us\u0142ugi<\/h1> <p>Jako niemiecko-polscy prawnicy o zr\u00f3\u017cnicowanych specjalizacjach, wsp\u00f3lnie zajmujemy si\u0119 ca\u0142ym spektrum prawa handlowego. Dzi\u0119ki naszej \u015bcis\u0142ej wsp\u00f3\u0142pracy, korzystaj\u0105 Pa\u0144stwo ze wsp\u00f3lnej wiedzy specjalistycznej \u2013 od prawa korporacyjnego i sporz\u0105dzania um\u00f3w, po ochron\u0119 danych i prawo online. <\/p>\n<img src=\"https:\/\/www.kontentiert-legal.de\/wp-content\/uploads\/2025\/04\/kon-legal.svg\" title=\"kon-legal\" alt=\"kon-legal\">\n<img src=\"https:\/\/www.kontentiert-legal.de\/wp-content\/uploads\/2025\/04\/rechtsanwaltskammer-duesseldorf.svg\" width=\"565\" title=\"rechtsanwaltskammer-duesseldorf\" alt=\"Rechtsanwaltskammer D\u00fcsseldorf\">\n<p style=\"text-align: center\">Prawnik Marta Fandrey<\/p>\n<h2><br\/>Jakie us\u0142ugi oferuje Marta Fandrey?<\/h2>\n<ul><li><h4>Mi\u0119dzynarodowe prawo gospodarcze i handlowe<\/h4><ul> <li>Sporz\u0105dzanie i opiniowanie mi\u0119dzynarodowych um\u00f3w handlowych<\/li> <li>Wsparcie w negocjacjach biznesowych<\/li> <li>Roszczenia o zap\u0142at\u0119 \u2013 transgraniczne spory pozas\u0105dowe i s\u0105dowe oraz egzekucja<\/li> <\/ul><\/li><li><h4>Prawo korporacyjne<\/h4><ul> <li>Doradztwo w zakresie optymalnej formy dzia\u0142alno\u015bci gospodarczej za granic\u0105, dopasowane do Pa\u0144stwa potrzeb<\/li> <li>Za\u0142o\u017cenie firmy<\/li> <li>Transformacje, fuzje i przej\u0119cia<\/li> <\/ul><\/li><li><h4>Pewno\u015b\u0107 prawna w codziennym biznesie<\/h4><ul> <li> <p>Sporz\u0105dzanie i weryfikacja um\u00f3w o prac\u0119, um\u00f3w o prac\u0119 dla dyrektor\u00f3w zarz\u0105dzaj\u0105cych i kadry kierowniczej wy\u017cszego szczebla<\/p> <\/li> <\/ul><\/li><li><h4>Prawo um\u00f3w i prawo cywilne<\/h4><ul> <li data-start=\"258\" data-end=\"383\"> <p data-start=\"260\" data-end=\"383\">Sporz\u0105dzanie i tworzenie indywidualnych um\u00f3w<br data-start=\"309\" data-end=\"312\">(np. umowy kupna, \u015bwiadczenia us\u0142ug, o dzie\u0142o, licencyjne, o wsp\u00f3\u0142pracy)<\/p> <\/li> <li data-start=\"385\" data-end=\"444\"> <p data-start=\"387\" data-end=\"444\">Przegl\u0105d i ocena prawna istniej\u0105cych um\u00f3w<\/p> <\/li> <li data-start=\"446\" data-end=\"510\"> <p data-start=\"448\" data-end=\"510\">Dostosowywanie um\u00f3w do prawa niemieckiego lub polskiego<\/p> <\/li> <li data-start=\"512\" data-end=\"640\"> <p data-start=\"514\" data-end=\"640\">Negocjacje umowne (r\u00f3wnie\u017c dwuj\u0119zyczne) oraz wsparcie prawne w negocjacjach krajowych i transgranicznych<\/p> <\/li> <li data-start=\"642\" data-end=\"715\"> <p data-start=\"644\" data-end=\"715\">Sporz\u0105dzanie i opiniowanie og\u00f3lnych warunk\u00f3w handlowych (OWH)<\/p> <\/li> <li data-start=\"717\" data-end=\"791\"> <p data-start=\"719\" data-end=\"791\">Sporz\u0105dzanie um\u00f3w ramowych i mi\u0119dzynarodowych stosunk\u00f3w dostaw<\/p> <\/li> <li data-start=\"793\" data-end=\"867\"> <p data-start=\"795\" data-end=\"867\">Porady dotycz\u0105ce rozwi\u0105zania, anulowania, odst\u0105pienia od umowy lub wniesienia sprzeciwu<\/p> <\/li> <li data-start=\"869\" data-end=\"955\"> <p data-start=\"871\" data-end=\"955\">Egzekwowanie i obrona roszcze\u0144 umownych (pozas\u0105dowo i s\u0105dowo)<\/p> <\/li> <li data-start=\"957\" data-end=\"1007\"> <p data-start=\"959\" data-end=\"1007\">Unikanie i rozwi\u0105zywanie spor\u00f3w umownych<\/p> <\/li> <li data-start=\"1009\" data-end=\"1100\"> <p data-start=\"1011\" data-end=\"1100\">T\u0142umaczenie i por\u00f3wnywanie um\u00f3w zgodnie z prawem (niemiecki\/polski)<\/p> <\/li> <li data-start=\"1102\" data-end=\"1214\"> <p data-start=\"1104\" data-end=\"1214\">Porady dotycz\u0105ce typowych klauzul, takich jak klauzula odpowiedzialno\u015bci, gwarancji, kary pieni\u0119\u017cnej, jurysdykcji, wyboru prawa itp.<\/p> <\/li> <li data-start=\"1216\" data-end=\"1288\"> <p data-start=\"1218\" data-end=\"1288\">Zarz\u0105dzanie umowami i ocena ryzyka w bie\u017c\u0105cych operacjach biznesowych<\/p> <\/li> <\/ul><\/li><\/ul>\n<ul> <li>Sporz\u0105dzanie i opiniowanie mi\u0119dzynarodowych um\u00f3w handlowych<\/li> <li>Wsparcie w negocjacjach biznesowych<\/li> <li>Roszczenia o zap\u0142at\u0119 \u2013 transgraniczne spory pozas\u0105dowe i s\u0105dowe oraz egzekucja<\/li> <\/ul>\n<ul> <li>Doradztwo w zakresie optymalnej formy dzia\u0142alno\u015bci gospodarczej za granic\u0105, dopasowane do Pa\u0144stwa potrzeb<\/li> <li>Za\u0142o\u017cenie firmy<\/li> <li>Transformacje, fuzje i przej\u0119cia<\/li> <\/ul>\n<ul> <li> <p>Sporz\u0105dzanie i weryfikacja um\u00f3w o prac\u0119, um\u00f3w o prac\u0119 dla dyrektor\u00f3w zarz\u0105dzaj\u0105cych i kadry kierowniczej wy\u017cszego szczebla<\/p> <\/li> <\/ul>\n<ul> <li data-start=\"258\" data-end=\"383\"> <p data-start=\"260\" data-end=\"383\">Sporz\u0105dzanie i tworzenie indywidualnych um\u00f3w<br data-start=\"309\" data-end=\"312\">(np. umowy kupna, \u015bwiadczenia us\u0142ug, o dzie\u0142o, licencyjne, o wsp\u00f3\u0142pracy)<\/p> <\/li> <li data-start=\"385\" data-end=\"444\"> <p data-start=\"387\" data-end=\"444\">Przegl\u0105d i ocena prawna istniej\u0105cych um\u00f3w<\/p> <\/li> <li data-start=\"446\" data-end=\"510\"> <p data-start=\"448\" data-end=\"510\">Dostosowywanie um\u00f3w do prawa niemieckiego lub polskiego<\/p> <\/li> <li data-start=\"512\" data-end=\"640\"> <p data-start=\"514\" data-end=\"640\">Negocjacje umowne (r\u00f3wnie\u017c dwuj\u0119zyczne) oraz wsparcie prawne w negocjacjach krajowych i transgranicznych<\/p> <\/li> <li data-start=\"642\" data-end=\"715\"> <p data-start=\"644\" data-end=\"715\">Sporz\u0105dzanie i opiniowanie og\u00f3lnych warunk\u00f3w handlowych (OWH)<\/p> <\/li> <li data-start=\"717\" data-end=\"791\"> <p data-start=\"719\" data-end=\"791\">Sporz\u0105dzanie um\u00f3w ramowych i mi\u0119dzynarodowych stosunk\u00f3w dostaw<\/p> <\/li> <li data-start=\"793\" data-end=\"867\"> <p data-start=\"795\" data-end=\"867\">Porady dotycz\u0105ce rozwi\u0105zania, anulowania, odst\u0105pienia od umowy lub wniesienia sprzeciwu<\/p> <\/li> <li data-start=\"869\" data-end=\"955\"> <p data-start=\"871\" data-end=\"955\">Egzekwowanie i obrona roszcze\u0144 umownych (pozas\u0105dowo i s\u0105dowo)<\/p> <\/li> <li data-start=\"957\" data-end=\"1007\"> <p data-start=\"959\" data-end=\"1007\">Unikanie i rozwi\u0105zywanie spor\u00f3w umownych<\/p> <\/li> <li data-start=\"1009\" data-end=\"1100\"> <p data-start=\"1011\" data-end=\"1100\">T\u0142umaczenie i por\u00f3wnywanie um\u00f3w zgodnie z prawem (niemiecki\/polski)<\/p> <\/li> <li data-start=\"1102\" data-end=\"1214\"> <p data-start=\"1104\" data-end=\"1214\">Porady dotycz\u0105ce typowych klauzul, takich jak klauzula odpowiedzialno\u015bci, gwarancji, kary pieni\u0119\u017cnej, jurysdykcji, wyboru prawa itp.<\/p> <\/li> <li data-start=\"1216\" data-end=\"1288\"> <p data-start=\"1218\" data-end=\"1288\">Zarz\u0105dzanie umowami i ocena ryzyka w bie\u017c\u0105cych operacjach biznesowych<\/p> <\/li> <\/ul>\n<img src=\"https:\/\/www.kontentiert-legal.de\/wp-content\/uploads\/2025\/04\/2.svg\" width=\"320\" height=\"320\" title=\"2\" alt=\"Us\u0142ugi z zakresu prawa pracy\">\n<p style=\"text-align: center\">Prawnik Alicja Wilczek<\/p>\n<h2><br\/>Jakie us\u0142ugi oferuje Alicja Wilczek?<\/h2>\n<ul><li><h4>Prawo o ochronie danych<\/h4><ul> <li>Audyty prywatno\u015bci danych dla stron internetowych, sklep\u00f3w i aplikacji<\/li> <li>Audyty ochrony danych dla firm<\/li> <li>Rola zewn\u0119trznego Inspektora Ochrony Danych (Inspektor Ochrony Danych)<\/li> <li>Sporz\u0105dzanie um\u00f3w o zachowaniu poufno\u015bci (umowy o zachowaniu poufno\u015bci, umowy o zachowaniu tajemnicy)<\/li> <li>Sporz\u0105dzanie um\u00f3w o przetwarzaniu danych (Umowy o przetwarzaniu danych)<\/li> <li>Tworzenie rejestr\u00f3w czynno\u015bci przetwarzania (Rejestr czynno\u015bci przetwarzania \/ Katalog czynno\u015bci przetwarzania)<\/li> <li>Reprezentacja przed organami nadzorczymi ds. ochrony danych osobowych<\/li> <li>Ostrze\u017cenia dotycz\u0105ce narusze\u0144 ochrony danych \u2013 sporz\u0105dzanie i obrona<\/li> <li>Reprezentacja prawna w sporach s\u0105dowych i pozas\u0105dowych dotycz\u0105cych prawa ochrony danych<\/li> <\/ul><\/li><li><h4>Prawo internetowe<\/h4><ul> <li>Audyty prawne i techniczne stron internetowych, sklep\u00f3w internetowych, aplikacji mobilnych, program\u00f3w, platform, blog\u00f3w i medi\u00f3w spo\u0142eczno\u015bciowych.<\/li> <li>Indywidualne, \u201eszyte na miar\u0119\u201d sporz\u0105dzanie lub weryfikacja: <ul> <li>Og\u00f3lne Warunki Handlowe (OWH)<\/li> <li>Warunki korzystania<\/li> <li>Nota prawna<\/li> <li>Odst\u0105pienia od umowy<\/li> <li>Umowy licencyjne u\u017cytkownika ko\u0144cowego (EULA)<\/li> <li>Warunki licencji<\/li> <\/ul> <\/li> <li>Weryfikacja i w razie potrzeby usuwanie fa\u0142szywych informacji z Internetu (opinie online, blogi, portale spo\u0142eczno\u015bciowe, strony internetowe)<\/li> <li>Oceny i opinie prawne<\/li> <li>Pisma o zaprzestaniu narusze\u0144 prawa internetowego \u2013 sporz\u0105dzanie i obrona<\/li> <li>Reprezentacja prawna w s\u0105dzie i poza nim<\/li> <\/ul><\/li><li><h4>Prawo um\u00f3w<\/h4><ul> <li data-start=\"258\" data-end=\"383\"> <p data-start=\"260\" data-end=\"383\">Sporz\u0105dzanie i tworzenie indywidualnych um\u00f3w<br data-start=\"309\" data-end=\"312\">(np. umowy kupna, \u015bwiadczenia us\u0142ug, o dzie\u0142o, licencyjne, o wsp\u00f3\u0142pracy)<\/p> <\/li> <li data-start=\"385\" data-end=\"444\"> <p data-start=\"387\" data-end=\"444\">Przegl\u0105d i ocena prawna istniej\u0105cych um\u00f3w<\/p> <\/li> <li data-start=\"446\" data-end=\"510\"> <p data-start=\"448\" data-end=\"510\">Dostosowywanie um\u00f3w do prawa niemieckiego lub polskiego<\/p> <\/li> <li data-start=\"512\" data-end=\"640\"> <p data-start=\"514\" data-end=\"640\">Negocjacje umowne (r\u00f3wnie\u017c dwuj\u0119zyczne) oraz wsparcie prawne w negocjacjach krajowych i transgranicznych<\/p> <\/li> <li data-start=\"642\" data-end=\"715\"> <p data-start=\"644\" data-end=\"715\">Sporz\u0105dzanie i opiniowanie og\u00f3lnych warunk\u00f3w handlowych (OWH)<\/p> <\/li> <li data-start=\"717\" data-end=\"791\"> <p data-start=\"719\" data-end=\"791\">Sporz\u0105dzanie um\u00f3w ramowych i mi\u0119dzynarodowych stosunk\u00f3w dostaw<\/p> <\/li> <li data-start=\"793\" data-end=\"867\"> <p data-start=\"795\" data-end=\"867\">Porady dotycz\u0105ce rozwi\u0105zania, anulowania, odst\u0105pienia od umowy lub wniesienia sprzeciwu<\/p> <\/li> <li data-start=\"869\" data-end=\"955\"> <p data-start=\"871\" data-end=\"955\">Egzekwowanie i obrona roszcze\u0144 umownych (pozas\u0105dowo i s\u0105dowo)<\/p> <\/li> <li data-start=\"957\" data-end=\"1007\"> <p data-start=\"959\" data-end=\"1007\">Unikanie i rozwi\u0105zywanie spor\u00f3w umownych<\/p> <\/li> <li data-start=\"1009\" data-end=\"1100\"> <p data-start=\"1011\" data-end=\"1100\">T\u0142umaczenie i por\u00f3wnywanie um\u00f3w zgodnie z prawem (niemiecki\/polski)<\/p> <\/li> <li data-start=\"1102\" data-end=\"1214\"> <p data-start=\"1104\" data-end=\"1214\">Porady dotycz\u0105ce typowych klauzul, takich jak klauzula odpowiedzialno\u015bci, gwarancji, kary pieni\u0119\u017cnej, jurysdykcji, wyboru prawa itp.<\/p> <\/li> <li data-start=\"1216\" data-end=\"1288\"> <p data-start=\"1218\" data-end=\"1288\">Zarz\u0105dzanie umowami i ocena ryzyka w bie\u017c\u0105cych operacjach biznesowych<\/p> <\/li> <\/ul><\/li><li><h4>Prawo w\u0142asno\u015bci intelektualnej (IP) i prawo konkurencji<\/h4><ul> <li>Rejestracja niemieckich i europejskich znak\u00f3w towarowych i symboli<\/li> <li>Pisma o zaprzestaniu narusze\u0144 praw autorskich, znak\u00f3w towarowych i przepis\u00f3w o nieuczciwej konkurencji \u2013 sporz\u0105dzanie i obrona<\/li> <li>Oceny i opinie prawne<\/li> <\/ul><\/li><\/ul>\n<ul> <li>Audyty prywatno\u015bci danych dla stron internetowych, sklep\u00f3w i aplikacji<\/li> <li>Audyty ochrony danych dla firm<\/li> <li>Rola zewn\u0119trznego Inspektora Ochrony Danych (Inspektor Ochrony Danych)<\/li> <li>Sporz\u0105dzanie um\u00f3w o zachowaniu poufno\u015bci (umowy o zachowaniu poufno\u015bci, umowy o zachowaniu tajemnicy)<\/li> <li>Sporz\u0105dzanie um\u00f3w o przetwarzaniu danych (Umowy o przetwarzaniu danych)<\/li> <li>Tworzenie rejestr\u00f3w czynno\u015bci przetwarzania (Rejestr czynno\u015bci przetwarzania \/ Katalog czynno\u015bci przetwarzania)<\/li> <li>Reprezentacja przed organami nadzorczymi ds. ochrony danych osobowych<\/li> <li>Ostrze\u017cenia dotycz\u0105ce narusze\u0144 ochrony danych \u2013 sporz\u0105dzanie i obrona<\/li> <li>Reprezentacja prawna w sporach s\u0105dowych i pozas\u0105dowych dotycz\u0105cych prawa ochrony danych<\/li> <\/ul>\n<ul> <li>Audyty prawne i techniczne stron internetowych, sklep\u00f3w internetowych, aplikacji mobilnych, program\u00f3w, platform, blog\u00f3w i medi\u00f3w spo\u0142eczno\u015bciowych.<\/li> <li>Indywidualne, \u201eszyte na miar\u0119\u201d sporz\u0105dzanie lub weryfikacja: <ul> <li>Og\u00f3lne Warunki Handlowe (OWH)<\/li> <li>Warunki korzystania<\/li> <li>Nota prawna<\/li> <li>Odst\u0105pienia od umowy<\/li> <li>Umowy licencyjne u\u017cytkownika ko\u0144cowego (EULA)<\/li> <li>Warunki licencji<\/li> <\/ul> <\/li> <li>Weryfikacja i w razie potrzeby usuwanie fa\u0142szywych informacji z Internetu (opinie online, blogi, portale spo\u0142eczno\u015bciowe, strony internetowe)<\/li> <li>Oceny i opinie prawne<\/li> <li>Pisma o zaprzestaniu narusze\u0144 prawa internetowego \u2013 sporz\u0105dzanie i obrona<\/li> <li>Reprezentacja prawna w s\u0105dzie i poza nim<\/li> <\/ul>\n<ul> <li data-start=\"258\" data-end=\"383\"> <p data-start=\"260\" data-end=\"383\">Sporz\u0105dzanie i tworzenie indywidualnych um\u00f3w<br data-start=\"309\" data-end=\"312\">(np. umowy kupna, \u015bwiadczenia us\u0142ug, o dzie\u0142o, licencyjne, o wsp\u00f3\u0142pracy)<\/p> <\/li> <li data-start=\"385\" data-end=\"444\"> <p data-start=\"387\" data-end=\"444\">Przegl\u0105d i ocena prawna istniej\u0105cych um\u00f3w<\/p> <\/li> <li data-start=\"446\" data-end=\"510\"> <p data-start=\"448\" data-end=\"510\">Dostosowywanie um\u00f3w do prawa niemieckiego lub polskiego<\/p> <\/li> <li data-start=\"512\" data-end=\"640\"> <p data-start=\"514\" data-end=\"640\">Negocjacje umowne (r\u00f3wnie\u017c dwuj\u0119zyczne) oraz wsparcie prawne w negocjacjach krajowych i transgranicznych<\/p> <\/li> <li data-start=\"642\" data-end=\"715\"> <p data-start=\"644\" data-end=\"715\">Sporz\u0105dzanie i opiniowanie og\u00f3lnych warunk\u00f3w handlowych (OWH)<\/p> <\/li> <li data-start=\"717\" data-end=\"791\"> <p data-start=\"719\" data-end=\"791\">Sporz\u0105dzanie um\u00f3w ramowych i mi\u0119dzynarodowych stosunk\u00f3w dostaw<\/p> <\/li> <li data-start=\"793\" data-end=\"867\"> <p data-start=\"795\" data-end=\"867\">Porady dotycz\u0105ce rozwi\u0105zania, anulowania, odst\u0105pienia od umowy lub wniesienia sprzeciwu<\/p> <\/li> <li data-start=\"869\" data-end=\"955\"> <p data-start=\"871\" data-end=\"955\">Egzekwowanie i obrona roszcze\u0144 umownych (pozas\u0105dowo i s\u0105dowo)<\/p> <\/li> <li data-start=\"957\" data-end=\"1007\"> <p data-start=\"959\" data-end=\"1007\">Unikanie i rozwi\u0105zywanie spor\u00f3w umownych<\/p> <\/li> <li data-start=\"1009\" data-end=\"1100\"> <p data-start=\"1011\" data-end=\"1100\">T\u0142umaczenie i por\u00f3wnywanie um\u00f3w zgodnie z prawem (niemiecki\/polski)<\/p> <\/li> <li data-start=\"1102\" data-end=\"1214\"> <p data-start=\"1104\" data-end=\"1214\">Porady dotycz\u0105ce typowych klauzul, takich jak klauzula odpowiedzialno\u015bci, gwarancji, kary pieni\u0119\u017cnej, jurysdykcji, wyboru prawa itp.<\/p> <\/li> <li data-start=\"1216\" data-end=\"1288\"> <p data-start=\"1218\" data-end=\"1288\">Zarz\u0105dzanie umowami i ocena ryzyka w bie\u017c\u0105cych operacjach biznesowych<\/p> <\/li> <\/ul>\n<ul> <li>Rejestracja niemieckich i europejskich znak\u00f3w towarowych i symboli<\/li> <li>Pisma o zaprzestaniu narusze\u0144 praw autorskich, znak\u00f3w towarowych i przepis\u00f3w o nieuczciwej konkurencji \u2013 sporz\u0105dzanie i obrona<\/li> <li>Oceny i opinie prawne<\/li> <\/ul>\n<img src=\"https:\/\/www.kontentiert-legal.de\/wp-content\/uploads\/2025\/04\/3.svg\" width=\"300\" height=\"300\" title=\"3\" alt=\"Us\u0142ugi Ochrona danych\">","_links":{"self":[{"href":"https:\/\/www.kontentiert-legal.de\/pl\/wp-json\/wp\/v2\/pages\/2160","targetHints":{"allow":["GET"]}}],"collection":[{"href":"https:\/\/www.kontentiert-legal.de\/pl\/wp-json\/wp\/v2\/pages"}],"about":[{"href":"https:\/\/www.kontentiert-legal.de\/pl\/wp-json\/wp\/v2\/types\/page"}],"author":[{"embeddable":true,"href":"https:\/\/www.kontentiert-legal.de\/pl\/wp-json\/wp\/v2\/users\/1"}],"replies":[{"embeddable":true,"href":"https:\/\/www.kontentiert-legal.de\/pl\/wp-json\/wp\/v2\/comments?post=2160"}],"version-history":[{"count":9,"href":"https:\/\/www.kontentiert-legal.de\/pl\/wp-json\/wp\/v2\/pages\/2160\/revisions"}],"predecessor-version":[{"id":2215,"href":"https:\/\/www.kontentiert-legal.de\/pl\/wp-json\/wp\/v2\/pages\/2160\/revisions\/2215"}],"wp:attachment":[{"href":"https:\/\/www.kontentiert-legal.de\/pl\/wp-json\/wp\/v2\/media?parent=2160"}],"curies":[{"name":"wp","href":"https:\/\/api.w.org\/{rel}","templated":true}]}}