{"id":2195,"date":"2025-03-21T14:07:04","date_gmt":"2025-03-21T13:07:04","guid":{"rendered":"https:\/\/www.kontentiert-legal.de\/polityka-prywatnosci\/"},"modified":"2025-12-16T12:41:30","modified_gmt":"2025-12-16T11:41:30","slug":"polityka-prywatnosci","status":"publish","type":"page","link":"https:\/\/www.kontentiert-legal.de\/pl\/polityka-prywatnosci\/","title":{"rendered":"Polityka prywatno\u015bci"},"content":{"rendered":"\n<p>Niniejsza polityka prywatno\u015bci opiera si\u0119 na przepisach prawnych dotycz\u0105cych ochrony Twoich danych, zawartych w og\u00f3lnym rozporz\u0105dzeniu o ochronie danych (RODO), federalnej ustawie o ochronie danych (BDSG) oraz ustawie o ochronie danych w zakresie us\u0142ug cyfrowych telekomunikacyjnych (TDDDG).<\/p>\n\n<h2 class=\"wp-block-heading\">Strony odpowiedzialne<\/h2>\n\n<p><strong>KONTENTIERT LEGAL<\/strong><br\/>Prawnik Alicja Wilczek<br\/><br\/>Konkordiastra\u00dfe 25<br\/>40219 D\u00fcsseldorf<br\/>Adres e-mail: <strong><a href=\"mailto:info@kon-legal.de\">info@kon-legal.de<\/a><\/strong><br\/>Numer telefonu: +49 211 97 53 78 07<\/p>\n\n<h2 class=\"wp-block-heading\">Przedmiot polityki prywatno\u015bci<\/h2>\n\n<p>Niniejsza polityka prywatno\u015bci zawiera informacje na temat tego, jakie dane osobowe s\u0105 przechowywane, przetwarzane i udost\u0119pniane podczas odwiedzania naszej witryny internetowej, a tak\u017ce w jaki spos\u00f3b i w jakim celu.<\/p>\n\n<p>Dane osobowe, zgodnie z definicj\u0105 zawart\u0105 w art. 4 pkt 1 RODO, oznaczaj\u0105 wszelkie informacje o zidentyfikowanej lub mo\u017cliwej do zidentyfikowania osobie fizycznej (zwanej dalej \u201eosob\u0105, kt\u00f3rej dane dotycz\u0105\u201d); mo\u017cliwa do zidentyfikowania osoba fizyczna to osoba, kt\u00f3r\u0105 mo\u017cna bezpo\u015brednio lub po\u015brednio zidentyfikowa\u0107, w szczeg\u00f3lno\u015bci na podstawie identyfikatora takiego jak imi\u0119 i nazwisko, numer identyfikacyjny, dane o lokalizacji, identyfikator internetowy lub jeden b\u0105d\u017a kilka szczeg\u00f3lnych czynnik\u00f3w okre\u015blaj\u0105cych fizyczn\u0105, fizjologiczn\u0105, genetyczn\u0105, psychiczn\u0105, ekonomiczn\u0105, kulturow\u0105 lub spo\u0142eczn\u0105 to\u017csamo\u015b\u0107 osoby fizycznej.<\/p>\n\n<h2 class=\"wp-block-heading\">Wykorzystanie w\u0142asnych plik\u00f3w cookie w celach funkcjonalnych<\/h2>\n\n<p>Nasza strona internetowa w niekt\u00f3rych obszarach wykorzystuje tzw. pliki \u201ecookie\u201d. Plik cookie to informacja tekstowa, kt\u00f3r\u0105 nasza strona internetowa umieszcza na Pa\u0144stwa urz\u0105dzeniu za po\u015brednictwem przegl\u0105darki internetowej. S\u0142u\u017c\u0105 one do tego, aby nasza strona by\u0142a bardziej przyjazna dla u\u017cytkownika, efektywna i bezpieczna. U\u017cywamy wy\u0142\u0105cznie tzw. plik\u00f3w \u201ecookie sesyjnych\u201d. S\u0105 one automatycznie usuwane po zako\u0144czeniu wizyty. Mo\u017cesz wy\u0142\u0105czy\u0107 obs\u0142ug\u0119 plik\u00f3w cookie w ustawieniach swojej przegl\u0105darki internetowej. Mo\u017ce to jednak negatywnie wp\u0142yn\u0105\u0107 na funkcjonalno\u015b\u0107 strony internetowej.   <\/p>\n\n<h2 class=\"wp-block-heading\">Dane, kt\u00f3re zbieramy w oparciu o uzasadnione interesy zgodnie z art. 6 ust. 1 zdanie 1 lit. f) RODO, \u00a7 25 ust. 2 TDDDG:   <\/h2>\n\n<h3 class=\"wp-block-heading\">Dane serwera<\/h3>\n\n<p>Podczas odwiedzania naszej strony internetowej automatycznie zapisywane s\u0105 r\u00f3\u017cne statystyki serwera, kt\u00f3re Pa\u0144ska przegl\u0105darka przesy\u0142a do serwera naszego dostawcy. Ka\u017cde wej\u015bcie na nasz\u0105 stron\u0119 internetow\u0105 i ka\u017cde pobranie pliku zapisanego na stronie jest rejestrowane. Dane te s\u0105 przechowywane do wewn\u0119trznych cel\u00f3w systemowych i statystycznych. Rejestrowane s\u0105 nast\u0119puj\u0105ce informacje: nazwa pobranego pliku, data i godzina pobrania, ilo\u015b\u0107 przes\u0142anych danych, powiadomienie o pomy\u015blnym pobraniu, przegl\u0105darka internetowa oraz domena wysy\u0142aj\u0105ca \u017c\u0105danie. Dodatkowo, adresy IP komputer\u00f3w wysy\u0142aj\u0105cych \u017c\u0105danie s\u0105 rejestrowane w formie anonimowej.    <\/p>\n\n<p>Dane te s\u0142u\u017c\u0105 do analizy statystycznej odwiedzin naszej strony internetowej i nie mo\u017cna ich powi\u0105za\u0107 z konkretnymi osobami. Dane te nie s\u0105 \u0142\u0105czone z innymi \u017ar\u00f3d\u0142ami danych. Wykorzystujemy je do optymalizacji naszej strony internetowej pod k\u0105tem u\u017cytkownik\u00f3w, na przyk\u0142ad poprzez blokowanie dost\u0119pu ze z\u0142o\u015bliwych witryn lub optymalizacj\u0119 dost\u0119pu za po\u015brednictwem okre\u015blonych przegl\u0105darek. Rejestrowanie adresu IP umo\u017cliwia r\u00f3wnie\u017c dostarczenie strony internetowej odwiedzaj\u0105cemu. Dane s\u0105 automatycznie usuwane po 14 dniach w wy\u017cej wymienionych celach.   <\/p>\n\n<p>Do przesy\u0142ania danych korzystamy z bezpiecznego serwera z technologi\u0105 SSL (Secure Socket Layer) i 256-bitowym szyfrowaniem. Dzi\u0119ki temu Pa\u0144stwa dane s\u0105 przesy\u0142ane do nas bezpiecznie i nieczytelne dla os\u00f3b nieupowa\u017cnionych. <\/p>\n\n<h3 class=\"wp-block-heading\">Hosting przez STRATO<\/h3>\n\n<p>Korzystamy z us\u0142ugi hostingu internetowego \u201eSTRATO\u201d. Us\u0142ug\u0119 t\u0119 obs\u0142uguje STRATO AG, Otto-Ostrowski-Stra\u00dfe 7, 10249 Berlin, Niemcy. STRATO umo\u017cliwia nam zarz\u0105dzanie domen\u0105, pod kt\u00f3r\u0105 mo\u017cemy publikowa\u0107 nasz\u0105 stron\u0119 internetow\u0105 (oraz, w stosownych przypadkach, nasz sklep internetowy). Korzystamy r\u00f3wnie\u017c z systemu poczty elektronicznej, us\u0142ug w chmurze i serwer\u00f3w STRATO. Informacje o gromadzonych danych oraz celu ich gromadzenia i przechowywania mo\u017cna znale\u017a\u0107 w sekcji powy\u017cej (\u201eDane serwera\u201d). Nasz uzasadniony interes polega na umo\u017cliwieniu dzia\u0142ania strony internetowej w internecie. Zawarli\u015bmy ze STRATO umow\u0119 o przetwarzaniu danych (DPA), w kt\u00f3rej firma zapewnia i dokumentuje przestrzeganie odpowiednich \u015brodk\u00f3w technicznych i organizacyjnych. Wi\u0119cej informacji mo\u017cna znale\u017a\u0107 w polityce prywatno\u015bci STRATO pod adresem https:\/\/www.strato.de\/datenschutz\/       <\/p>\n\n<h3 class=\"wp-block-heading\">Zapytanie e-mailowe<\/h3>\n\n<p>Je\u015bli wy\u015bl\u0105 nam Pa\u0144stwo zapytanie e-mailem, zapiszemy i przechowamy Pa\u0144ski adres e-mail oraz dane zawarte w wiadomo\u015bci, aby odpowiedzie\u0107 na zapytanie. Nasz uzasadniony interes polega na komunikacji i odpowiadaniu na Pa\u0144skie zapytania. <\/p>\n\n<p>Sollte sich aus der Anfrage im Wege der Vertragsanbahnung ein Vertragsverh\u00e4ltnis entwickeln oder bezieht sich die Anfrage auf ein bestehendes Vertrags-\/Mandatsverh\u00e4ltnis ist die Rechtsgrundlage Art. 6 Abs. 1 lit. b) DSGVO, da die Speicherung der Daten f\u00fcr die Erf\u00fcllung einer vorvertraglichen bzw. vertraglichen Verpflichtung notwendig ist. Die L\u00f6schung der Daten erfolgt, wenn der Zweck der Speicherung entfallen ist, also nach Beantwortung Ihrer E-Mail-\/Kontaktformular-Anfrage bzw. wenn die mit der Anfrage verbundene Angelegenheit abschlie\u00dfend gekl\u00e4rt ist. Bei einer bestehenden oder sich aus der Anfrage anschlie\u00dfenden Vertragsbeziehung erfolgt die L\u00f6schung nach Ablauf der gesetzlichen Aufbewahrungsfristen.    <\/p>\n\n<h3 class=\"wp-block-heading\">Zapytania o spotkanie<\/h3>\n\n<p>Gdy prze\u015bl\u0105 Pa\u0144stwo pro\u015bb\u0119 o spotkanie za po\u015brednictwem formularza rezerwacji, wymagane jest podanie co najmniej imienia i adresu e-mail. Przechowujemy te informacje w celu przetworzenia i potwierdzenia Pa\u0144stwa pro\u015bby. Podanie wszystkich pozosta\u0142ych informacji jest dobrowolne. Je\u017celi na podstawie pro\u015bby z\u0142o\u017conej w trakcie inicjowania umowy powstanie stosunek umowny\/klienta lub je\u017celi pro\u015bba dotyczy istniej\u0105cej relacji umownej\/klienta, podstaw\u0105 prawn\u0105 jest art. 6 ust. 1 lit. b) RODO, poniewa\u017c przechowywanie danych jest niezb\u0119dne do wype\u0142nienia obowi\u0105zku przedumownego lub umownego. Dane zostan\u0105 usuni\u0119te, gdy cel przechowywania przestanie obowi\u0105zywa\u0107, tj. po udzieleniu odpowiedzi na pro\u015bb\u0119 lub z\u0142o\u017ceniu odpowiedniej propozycji spotkania, lub gdy sprawa zwi\u0105zana z pro\u015bb\u0105 zostanie ostatecznie wyja\u015bniona. W przypadku istniej\u0105cego stosunku umownego lub stosunku wynikaj\u0105cego z pro\u015bby, dane zostan\u0105 usuni\u0119te po up\u0142ywie ustawowych okres\u00f3w przechowywania.       <\/p>\n\n<h2 class=\"wp-block-heading\">Dane, kt\u00f3re zbieramy na podstawie wyra\u017anej zgody zgodnie z art. 6 ust. 1 zdanie 1 lit. a) RODO, \u00a7 25 ust. 1 TDDDG:   <\/h2>\n\n<h3 class=\"wp-block-heading\">Formularz kontaktowy<\/h3>\n\n<p>Kiedy korzystasz z naszego formularza kontaktowego, zbieramy i przechowujemy Tw\u00f3j adres e-mail w celu udzielenia odpowiedzi na Twoje zapytanie. Przed wys\u0142aniem zapytania wyra\u017casz wyra\u017an\u0105 zgod\u0119, zaznaczaj\u0105c pole pod formularzem kontaktowym i akceptuj\u0105c warunki niniejszej polityki prywatno\u015bci. <\/p>\n\n<p>W przypadku, gdy na podstawie Pa\u0144stwa zapytania w trakcie inicjowania umowy powstanie stosunek umowny lub zapytanie b\u0119dzie dotyczy\u0107 istniej\u0105cego stosunku umownego, podstaw\u0105 prawn\u0105 jest art. 6 ust. 1 lit. b) RODO, poniewa\u017c przechowywanie danych jest niezb\u0119dne do wype\u0142nienia obowi\u0105zku przedumownego lub umownego. Dane zostan\u0105 usuni\u0119te, gdy cel przechowywania przestanie obowi\u0105zywa\u0107, tj. po udzieleniu odpowiedzi na zapytanie przes\u0142ane e-mailem\/za po\u015brednictwem formularza kontaktowego lub po ostatecznym rozwi\u0105zaniu sprawy zwi\u0105zanej z zapytaniem. W przypadku istniej\u0105cego stosunku umownego lub stosunku wynikaj\u0105cego z zapytania, dane zostan\u0105 usuni\u0119te po up\u0142ywie ustawowych okres\u00f3w przechowywania.    <\/p>\n\n<h2 class=\"wp-block-heading\">Dane, kt\u00f3re zbieramy w celu realizacji umowy zgodnie z art. 6 ust. 1 zdanie 1 lit. b) RODO:  <\/h2>\n\n<h3 class=\"wp-block-heading\">Przetwarzanie um\u00f3w<\/h3>\n\n<p>W celu realizacji umowy i fakturowania zbieramy i przechowujemy podane przez Pa\u0144stwa dane osobowe, takie jak imi\u0119 i nazwisko, adres i adres e-mail. Je\u015bli podali nam Pa\u0144stwo te dane podczas rejestracji, wykorzystamy je do wskazanych tam cel\u00f3w zwi\u0105zanych z realizacj\u0105 umowy. Dane s\u0105 udost\u0119pniane doradcom podatkowym i bankom w celu rozlicze\u0144. Ponadto dane rozliczeniowe s\u0105 przekazywane do urz\u0119du skarbowego zgodnie z przepisami podatkowymi oraz art. 6 ust. 1 lit. c) RODO. Dane te s\u0105 usuwane po up\u0142ywie obowi\u0105zuj\u0105cych ustawowych okres\u00f3w przechowywania. Je\u015bli nie obowi\u0105zuj\u0105 \u017cadne ustawowe okresy przechowywania, dane s\u0105 usuwane z chwil\u0105 ustania celu, dla kt\u00f3rego zosta\u0142y zebrane.       <\/p>\n\n<h3 class=\"wp-block-heading\">Stripe (P\u0142atno\u015bci)<\/h3>\n\n<p>Do przetwarzania i zarz\u0105dzania p\u0142atno\u015bciami korzystamy z us\u0142ug dostawcy us\u0142ug p\u0142atniczych Stripe. Stripe to us\u0142uga \u015bwiadczona przez Stripe, Inc., 354 Oyster Point Blvd, South San Francisco, CA 94080, USA. Stripe Payments Europe Ltd. z siedzib\u0105 w Irlandii jest podmiotem odpowiedzialnym za Uni\u0119 Europejsk\u0105. Aby przetworzy\u0107 p\u0142atno\u015b\u0107 i zaoferowa\u0107 r\u00f3\u017cne metody p\u0142atno\u015bci, Stripe \u017c\u0105da podania okre\u015blonych danych osobowych. Zakres tych danych zale\u017cy od firmy Stripe. Informacje na temat rodzaju, zakresu i celu przetwarzania danych przez Stripe mo\u017cna znale\u017a\u0107 w globalnej polityce prywatno\u015bci Stripe pod adresem https:\/\/stripe.com\/de\/privacy. Przesy\u0142anie danych odbywa si\u0119 na podstawie ram ochrony danych osobowych UE-USA. Przyst\u0119puj\u0105c do tych ram, Stripe potwierdza, \u017ce \u200b\u200bstosuje odpowiednie i w\u0142a\u015bciwe \u015brodki techniczne i organizacyjne w celu ochrony Pa\u0144stwa danych osobowych.<\/p>\n\n<h2 class=\"wp-block-heading\">Prawa osoby, kt\u00f3rej dane dotycz\u0105, z kt\u00f3rych mog\u0105 Pa\u0144stwo skorzysta\u0107 w dowolnym momencie:<\/h2>\n\n<h3 class=\"wp-block-heading\">Prawo do sprzeciwu, art. 21 RODO<\/h3>\n\n<p>Je\u015bli przetwarzamy Pa\u0144stwa dane w celu ochrony naszych prawnie uzasadnionych interes\u00f3w (art. 6 ust. 1 lit. f) RODO), mog\u0105 Pa\u0144stwo sprzeciwi\u0107 si\u0119 temu przetwarzaniu z przyczyn zwi\u0105zanych z Pa\u0144sk\u0105 szczeg\u00f3ln\u0105 sytuacj\u0105. W\u00f3wczas zaprzestaniemy przetwarzania Pa\u0144stwa danych osobowych, chyba \u017ce wyka\u017cemy istnienie wa\u017cnych prawnie uzasadnionych podstaw do przetwarzania, nadrz\u0119dnych wobec Pa\u0144skich interes\u00f3w, praw i wolno\u015bci, lub przetwarzanie b\u0119dzie s\u0142u\u017cy\u0107 ustaleniu, dochodzeniu lub obronie roszcze\u0144. W przypadku sprzeciwu wobec przetwarzania danych w celach marketingu bezpo\u015bredniego, przetwarzanie w tym celu nie b\u0119dzie ju\u017c mia\u0142o miejsca.  <\/p>\n\n<h3 class=\"wp-block-heading\">Prawo dost\u0119pu, art. 15 RODO<\/h3>\n\n<p>Maj\u0105 Pa\u0144stwo prawo za\u017c\u0105da\u0107 od nas potwierdzenia, czy przetwarzamy dane osobowe dotycz\u0105ce Pa\u0144stwa, a je\u015bli tak, to maj\u0105 Pa\u0144stwo prawo dost\u0119pu do danych osobowych i powi\u0105zanych z nimi informacji (art. 15 ust. 1 lit. a \u2013 h RODO).<\/p>\n\n<h3 class=\"wp-block-heading\">Prawo do sprostowania, art. 16 RODO<\/h3>\n\n<p>Maj\u0105 Pa\u0144stwo prawo \u017c\u0105da\u0107 od nas niezw\u0142ocznego sprostowania wszelkich nieprawid\u0142owych danych osobowych, kt\u00f3re Pa\u0144stwa dotycz\u0105. Ponadto, bior\u0105c pod uwag\u0119 cele przetwarzania, masz prawo \u017c\u0105da\u0107 uzupe\u0142nienia niekompletnych danych osobowych, w tym poprzez z\u0142o\u017cenie o\u015bwiadczenia uzupe\u0142niaj\u0105cego. <\/p>\n\n<h3 class=\"wp-block-heading\">Prawo do usuni\u0119cia, art. 17 RODO<\/h3>\n\n<p>Maj\u0105 Pa\u0144stwo prawo \u017c\u0105da\u0107 od nas niezw\u0142ocznego usuni\u0119cia Pa\u0144stwa danych osobowych, a my mamy obowi\u0105zek bez zb\u0119dnej zw\u0142oki usun\u0105\u0107 Pa\u0144stwa dane osobowe, je\u017celi zachodzi jedna z okoliczno\u015bci wymienionych w art. 17 RODO.<\/p>\n\n<h3 class=\"wp-block-heading\">Prawo do ograniczenia przetwarzania, art. 18 RODO<\/h3>\n\n<p>Maj\u0105 Pa\u0144stwo prawo za\u017c\u0105da\u0107 od nas ograniczenia przetwarzania danych osobowych Pa\u0144stwa dotycz\u0105cych, je\u017celi spe\u0142niony jest jeden z warunk\u00f3w wymienionych w art. 18 RODO.<\/p>\n\n<h3 class=\"wp-block-heading\">Prawo do przenoszenia danych, art. 20 RODO<\/h3>\n\n<p>Maj\u0105 Pa\u0144stwo prawo otrzyma\u0107 dane osobowe Pa\u0144stwa dotycz\u0105cych, kt\u00f3re nam Pa\u0144stwo dostarczyli, w ustrukturyzowanym, powszechnie u\u017cywanym formacie nadaj\u0105cym si\u0119 do odczytu maszynowego oraz maj\u0105 Pa\u0144stwo prawo przes\u0142a\u0107 te dane innemu administratorowi, je\u017celi przetwarzanie odbywa si\u0119 na podstawie zgody zgodnie z art. 6 ust. 1 lit. a) lub art. 9 ust. 2 lit. a) lub na podstawie umowy zgodnie z art. 6 ust. 1 lit. b) i przetwarzanie odbywa si\u0119 w spos\u00f3b zautomatyzowany.<\/p>\n\n<h3 class=\"wp-block-heading\">Prawo do wniesienia skargi, art. 77 RODO<\/h3>\n\n<p>Je\u017celi uwa\u017caj\u0105 Pa\u0144stwo, \u017ce przetwarzanie Pa\u0144skich danych osobowych narusza przepisy o ochronie danych, mog\u0105 Pa\u0144stwo z\u0142o\u017cy\u0107 skarg\u0119 do w\u0142a\u015bciwego organu nadzorczego.<\/p>\n\n<p>Komisarz Stanu ds. Ochrony Danych i Wolno\u015bci Informacji Nadrenia P\u00f3\u0142nocna-Westfalia<br\/>Postfach 20 04 44<br\/>40102 D\u00fcsseldorf<br\/>Tel.: 0211\/38424-0<br\/>Fax: 0211\/38424-10<br\/>E-mail: poststelle@ldi.nrw.de<\/p>\n<!-- wp:themify-builder\/canvas \/-->","protected":false},"excerpt":{"rendered":"<p>Niniejsza polityka prywatno\u015bci opiera si\u0119 na przepisach prawnych dotycz\u0105cych ochrony Twoich danych, zawartych w og\u00f3lnym rozporz\u0105dzeniu o ochronie danych (RODO), federalnej ustawie o ochronie danych (BDSG) oraz ustawie o ochronie danych w zakresie us\u0142ug cyfrowych telekomunikacyjnych (TDDDG). Strony odpowiedzialne KONTENTIERT LEGALPrawnik Alicja Wilczek Konkordiastra\u00dfe 2540219 D\u00fcsseldorfAdres e-mail: info@kon-legal.deNumer telefonu: +49 211 97 53 78 07 [&hellip;]<\/p>\n","protected":false},"author":1,"featured_media":0,"parent":0,"menu_order":0,"comment_status":"closed","ping_status":"closed","template":"","meta":{"footnotes":""},"class_list":["post-2195","page","type-page","status-publish","hentry","has-post-title","has-post-date","has-post-category","has-post-tag","has-post-comment","has-post-author",""],"yoast_head":"<!-- This site is optimized with the Yoast SEO plugin v27.0 - https:\/\/yoast.com\/product\/yoast-seo-wordpress\/ -->\n<title>Polityka prywatno\u015bci - KONTENTIERT LEGAL<\/title>\n<meta name=\"description\" content=\"Polityka prywatno\u015bci - KONTENTIERT LEGAL\" \/>\n<meta name=\"robots\" content=\"index, follow, max-snippet:-1, max-image-preview:large, max-video-preview:-1\" \/>\n<link rel=\"canonical\" href=\"https:\/\/www.kontentiert-legal.de\/pl\/polityka-prywatnosci\/\" \/>\n<meta property=\"og:locale\" content=\"pl_PL\" \/>\n<meta property=\"og:type\" content=\"article\" \/>\n<meta property=\"og:title\" content=\"Polityka prywatno\u015bci - KONTENTIERT LEGAL\" \/>\n<meta property=\"og:description\" content=\"Polityka prywatno\u015bci - KONTENTIERT LEGAL\" \/>\n<meta property=\"og:url\" content=\"https:\/\/www.kontentiert-legal.de\/pl\/polityka-prywatnosci\/\" \/>\n<meta property=\"og:site_name\" content=\"Kontentiert-legal\" \/>\n<meta property=\"article:modified_time\" content=\"2025-12-16T11:41:30+00:00\" \/>\n<meta name=\"twitter:card\" content=\"summary_large_image\" \/>\n<meta name=\"twitter:label1\" content=\"Szacowany czas czytania\" \/>\n\t<meta name=\"twitter:data1\" content=\"9 minut\" \/>\n<script type=\"application\/ld+json\" class=\"yoast-schema-graph\">{\"@context\":\"https:\/\/schema.org\",\"@graph\":[{\"@type\":\"WebPage\",\"@id\":\"https:\/\/www.kontentiert-legal.de\/pl\/polityka-prywatnosci\/\",\"url\":\"https:\/\/www.kontentiert-legal.de\/pl\/polityka-prywatnosci\/\",\"name\":\"Polityka prywatno\u015bci - KONTENTIERT LEGAL\",\"isPartOf\":{\"@id\":\"https:\/\/www.kontentiert-legal.de\/pl\/#website\"},\"datePublished\":\"2025-03-21T13:07:04+00:00\",\"dateModified\":\"2025-12-16T11:41:30+00:00\",\"description\":\"Polityka prywatno\u015bci - KONTENTIERT LEGAL\",\"breadcrumb\":{\"@id\":\"https:\/\/www.kontentiert-legal.de\/pl\/polityka-prywatnosci\/#breadcrumb\"},\"inLanguage\":\"pl-PL\",\"potentialAction\":[{\"@type\":\"ReadAction\",\"target\":[\"https:\/\/www.kontentiert-legal.de\/pl\/polityka-prywatnosci\/\"]}]},{\"@type\":\"BreadcrumbList\",\"@id\":\"https:\/\/www.kontentiert-legal.de\/pl\/polityka-prywatnosci\/#breadcrumb\",\"itemListElement\":[{\"@type\":\"ListItem\",\"position\":1,\"name\":\"Strona g\u0142\u00f3wna\",\"item\":\"https:\/\/www.kontentiert-legal.de\/pl\/\"},{\"@type\":\"ListItem\",\"position\":2,\"name\":\"Polityka prywatno\u015bci\"}]},{\"@type\":\"WebSite\",\"@id\":\"https:\/\/www.kontentiert-legal.de\/pl\/#website\",\"url\":\"https:\/\/www.kontentiert-legal.de\/pl\/\",\"name\":\"KONTENTIERT LEGAL\",\"description\":\"KON LEGAL\",\"publisher\":{\"@id\":\"https:\/\/www.kontentiert-legal.de\/pl\/#organization\"},\"alternateName\":\"KON LEGAL\",\"potentialAction\":[{\"@type\":\"SearchAction\",\"target\":{\"@type\":\"EntryPoint\",\"urlTemplate\":\"https:\/\/www.kontentiert-legal.de\/pl\/?s={search_term_string}\"},\"query-input\":{\"@type\":\"PropertyValueSpecification\",\"valueRequired\":true,\"valueName\":\"search_term_string\"}}],\"inLanguage\":\"pl-PL\"},{\"@type\":\"Organization\",\"@id\":\"https:\/\/www.kontentiert-legal.de\/pl\/#organization\",\"name\":\"KONTENTIERT LEGAL\",\"alternateName\":\"KON LEGAL\",\"url\":\"https:\/\/www.kontentiert-legal.de\/pl\/\",\"logo\":{\"@type\":\"ImageObject\",\"inLanguage\":\"pl-PL\",\"@id\":\"https:\/\/www.kontentiert-legal.de\/pl\/#\/schema\/logo\/image\/\",\"url\":\"https:\/\/www.kontentiert-legal.de\/wp-content\/uploads\/2025\/03\/logo-kontentiert-legal.svg\",\"contentUrl\":\"https:\/\/www.kontentiert-legal.de\/wp-content\/uploads\/2025\/03\/logo-kontentiert-legal.svg\",\"width\":1,\"height\":1,\"caption\":\"KONTENTIERT LEGAL\"},\"image\":{\"@id\":\"https:\/\/www.kontentiert-legal.de\/pl\/#\/schema\/logo\/image\/\"}}]}<\/script>\n<!-- \/ Yoast SEO plugin. -->","yoast_head_json":{"title":"Polityka prywatno\u015bci - KONTENTIERT LEGAL","description":"Polityka prywatno\u015bci - KONTENTIERT LEGAL","robots":{"index":"index","follow":"follow","max-snippet":"max-snippet:-1","max-image-preview":"max-image-preview:large","max-video-preview":"max-video-preview:-1"},"canonical":"https:\/\/www.kontentiert-legal.de\/pl\/polityka-prywatnosci\/","og_locale":"pl_PL","og_type":"article","og_title":"Polityka prywatno\u015bci - KONTENTIERT LEGAL","og_description":"Polityka prywatno\u015bci - KONTENTIERT LEGAL","og_url":"https:\/\/www.kontentiert-legal.de\/pl\/polityka-prywatnosci\/","og_site_name":"Kontentiert-legal","article_modified_time":"2025-12-16T11:41:30+00:00","twitter_card":"summary_large_image","twitter_misc":{"Szacowany czas czytania":"9 minut"},"schema":{"@context":"https:\/\/schema.org","@graph":[{"@type":"WebPage","@id":"https:\/\/www.kontentiert-legal.de\/pl\/polityka-prywatnosci\/","url":"https:\/\/www.kontentiert-legal.de\/pl\/polityka-prywatnosci\/","name":"Polityka prywatno\u015bci - KONTENTIERT LEGAL","isPartOf":{"@id":"https:\/\/www.kontentiert-legal.de\/pl\/#website"},"datePublished":"2025-03-21T13:07:04+00:00","dateModified":"2025-12-16T11:41:30+00:00","description":"Polityka prywatno\u015bci - KONTENTIERT LEGAL","breadcrumb":{"@id":"https:\/\/www.kontentiert-legal.de\/pl\/polityka-prywatnosci\/#breadcrumb"},"inLanguage":"pl-PL","potentialAction":[{"@type":"ReadAction","target":["https:\/\/www.kontentiert-legal.de\/pl\/polityka-prywatnosci\/"]}]},{"@type":"BreadcrumbList","@id":"https:\/\/www.kontentiert-legal.de\/pl\/polityka-prywatnosci\/#breadcrumb","itemListElement":[{"@type":"ListItem","position":1,"name":"Strona g\u0142\u00f3wna","item":"https:\/\/www.kontentiert-legal.de\/pl\/"},{"@type":"ListItem","position":2,"name":"Polityka prywatno\u015bci"}]},{"@type":"WebSite","@id":"https:\/\/www.kontentiert-legal.de\/pl\/#website","url":"https:\/\/www.kontentiert-legal.de\/pl\/","name":"KONTENTIERT LEGAL","description":"KON LEGAL","publisher":{"@id":"https:\/\/www.kontentiert-legal.de\/pl\/#organization"},"alternateName":"KON LEGAL","potentialAction":[{"@type":"SearchAction","target":{"@type":"EntryPoint","urlTemplate":"https:\/\/www.kontentiert-legal.de\/pl\/?s={search_term_string}"},"query-input":{"@type":"PropertyValueSpecification","valueRequired":true,"valueName":"search_term_string"}}],"inLanguage":"pl-PL"},{"@type":"Organization","@id":"https:\/\/www.kontentiert-legal.de\/pl\/#organization","name":"KONTENTIERT LEGAL","alternateName":"KON LEGAL","url":"https:\/\/www.kontentiert-legal.de\/pl\/","logo":{"@type":"ImageObject","inLanguage":"pl-PL","@id":"https:\/\/www.kontentiert-legal.de\/pl\/#\/schema\/logo\/image\/","url":"https:\/\/www.kontentiert-legal.de\/wp-content\/uploads\/2025\/03\/logo-kontentiert-legal.svg","contentUrl":"https:\/\/www.kontentiert-legal.de\/wp-content\/uploads\/2025\/03\/logo-kontentiert-legal.svg","width":1,"height":1,"caption":"KONTENTIERT LEGAL"},"image":{"@id":"https:\/\/www.kontentiert-legal.de\/pl\/#\/schema\/logo\/image\/"}}]}},"builder_content":"","_links":{"self":[{"href":"https:\/\/www.kontentiert-legal.de\/pl\/wp-json\/wp\/v2\/pages\/2195","targetHints":{"allow":["GET"]}}],"collection":[{"href":"https:\/\/www.kontentiert-legal.de\/pl\/wp-json\/wp\/v2\/pages"}],"about":[{"href":"https:\/\/www.kontentiert-legal.de\/pl\/wp-json\/wp\/v2\/types\/page"}],"author":[{"embeddable":true,"href":"https:\/\/www.kontentiert-legal.de\/pl\/wp-json\/wp\/v2\/users\/1"}],"replies":[{"embeddable":true,"href":"https:\/\/www.kontentiert-legal.de\/pl\/wp-json\/wp\/v2\/comments?post=2195"}],"version-history":[{"count":3,"href":"https:\/\/www.kontentiert-legal.de\/pl\/wp-json\/wp\/v2\/pages\/2195\/revisions"}],"predecessor-version":[{"id":2200,"href":"https:\/\/www.kontentiert-legal.de\/pl\/wp-json\/wp\/v2\/pages\/2195\/revisions\/2200"}],"wp:attachment":[{"href":"https:\/\/www.kontentiert-legal.de\/pl\/wp-json\/wp\/v2\/media?parent=2195"}],"curies":[{"name":"wp","href":"https:\/\/api.w.org\/{rel}","templated":true}]}}